{"id":15651,"date":"2022-08-22T10:17:40","date_gmt":"2022-08-22T10:17:40","guid":{"rendered":"https:\/\/www.saiebologna.it\/?page_id=15651"},"modified":"2024-10-15T07:19:09","modified_gmt":"2024-10-15T07:19:09","slug":"piazza-ceramica-laterizio-confindustria-ceramica","status":"publish","type":"page","link":"https:\/\/www.saiebologna.it\/it\/piazza-ceramica-laterizio-confindustria-ceramica\/","title":{"rendered":"Piazza Ceramica e Laterizio &#8211; Confindustria Ceramica"},"content":{"rendered":"[vc_row equal_height=&#8221;yes&#8221; el_class=&#8221;my-1&#8243;][vc_column][vc_row_inner equal_height=&#8221;yes&#8221; content_placement=&#8221;top&#8221;][vc_column_inner el_class=&#8221;px-lg-5&#8243; width=&#8221;2\/3&#8243;][vc_empty_space][vc_column_text]\n<h2>Innovazione e Tradizione nell&#8217;Edilizia Ceramica<\/h2>\n[\/vc_column_text][vc_column_text]<strong>\u201c\u00c8 PER TUTTI. E DURA PER SEMPRE!\u201d<\/strong> \u00e8 il titolo della collettiva 2024, promossa da Confindustria Ceramica, che ha riunito aziende rappresentative dei comparti italiani di laterizi e piastrelle.<\/p>\n<p>Di generazione, in generazione per tutte le realt\u00e0 residenziali (ma non solo \u2026), i prodotti ceramici, anche nella loro significativa evoluzione tecnologia, rimangono intramontabili nelle applicazioni edilizie per l\u2019inconfondibile qualit\u00e0 e affidabilit\u00e0 di sempre. Gli spazi espositivi presenteranno <strong>soluzioni costruttive<\/strong> per l\u2019intero organismo edilizio, dalle maggiormente consolidate alle pi\u00f9 innovative al fine di rispondere alle numerose sfide delle grandi transizioni \u201cecologica e digitale\u201d dei nostri tempi.<\/p>\n<p>Oltre agli stand aziendali, la collettiva ha previsto: una <strong>sala convegni<\/strong> con <strong>3 eventi tematici<\/strong>, <strong>un\u2019area istituzionale<\/strong> con <strong>approfondimenti tecnico-culturali<\/strong> e un <strong>corner per esperienze dimostrative<\/strong> della posa di piastrelle di grandi dimensioni a cura dei Maestri Piastrellisti di Assoposa. Come di consueto, sono stati confermati patrocinio e supporto per la finale della competizione di arte muraria Ediltrophy, che quest\u2019anno ha introdotto per la prima volta nei manufatti oggetto di gara, insieme ai mattoni in laterizio, anche l\u2019istallazione di piastrelle di ceramica.[\/vc_column_text][vc_column_text]<a class=\"btn btn-lg btn-primary my-0\" href=\"#programma\">Programma<\/a>[\/vc_column_text][\/vc_column_inner][vc_column_inner el_class=&#8221;p-1 p-sm-3 p-lg-4 bg-darker&#8221; width=&#8221;1\/3&#8243; offset=&#8221;vc_hidden-xs&#8221;][vc_wp_custommenu nav_menu=&#8221;13&#8243;][\/vc_column_inner][\/vc_row_inner][\/vc_column][\/vc_row][vc_row equal_height=&#8221;yes&#8221; content_placement=&#8221;middle&#8221; el_class=&#8221;my-1 bg-gray&#8221;][vc_column][vc_row_inner equal_height=&#8221;yes&#8221; content_placement=&#8221;top&#8221;][vc_column_inner el_class=&#8221;col-img&#8221; width=&#8221;1\/3&#8243; css=&#8221;.vc_custom_1661164311181{background-image: url(\/public\/uploads\/sites\/9\/brick-258938_1280.jpg?id=6500) !important;background-position: center !important;background-repeat: no-repeat !important;background-size: cover !important;}&#8221;][\/vc_column_inner][vc_column_inner el_class=&#8221;py-lg-2 px-lg-5&#8243; width=&#8221;2\/3&#8243;][vc_column_text css_animation=&#8221;fadeIn&#8221;]\n<h3>La iniziative della Piazza Ceramica e Laterizio<\/h3>\n[\/vc_column_text][vc_column_text css_animation=&#8221;fadeIn&#8221;]<span style=\"color: #eb5b37\"><strong>ARENA CONVEGNI<br \/>\n<\/strong><\/span>Tre eventi sui temi delle <strong>residenze sociali<\/strong> per famiglie e studenti, delle <strong>forme e funzionalit\u00e0 dell\u2019involucro edilizio<\/strong> e dello <strong>sviluppo sostenibile del patrimonio costruito<\/strong>.[\/vc_column_text][vc_separator css_animation=&#8221;fadeIn&#8221;][vc_column_text css_animation=&#8221;fadeIn&#8221;]<span style=\"color: #eb5b37\"><strong>SPAZIO ISTITUZIONALE<br \/>\n<\/strong><\/span>Istallazioni di mockup di <strong>soluzioni tecniche reali<\/strong> e <strong>approfondimenti specialistici<\/strong> relativi ad architetture e argomenti di grande attualit\u00e0, pubblicati sulla rivista Costruire in Laterizio nel 2024 (i numeri 194 Accessibilit\u00e0 e fruibilit\u00e0, 195 Housing universitario, 196 Abitare sociale).[\/vc_column_text][vc_separator css_animation=&#8221;fadeIn&#8221;][vc_column_text css_animation=&#8221;fadeIn&#8221;]<span style=\"color: #eb5b37\"><strong>AREA DIMOSTRATIVA<br \/>\n<\/strong><\/span>Un corner per <strong>esperienze dimostrative<\/strong> di posa di piastrelle di grandi dimensioni a cura dei Maestri Piastrellisti di <strong>Assoposa<\/strong>.[\/vc_column_text][\/vc_column_inner][\/vc_row_inner][\/vc_column][\/vc_row][vc_row equal_height=&#8221;yes&#8221; content_placement=&#8221;middle&#8221; el_class=&#8221;py-lg-2 px-lg-5&#8243; el_id=&#8221;programma&#8221;][vc_column css=&#8221;.vc_custom_1564664077693{padding-top: 0px !important;}&#8221;][vc_row_inner equal_height=&#8221;yes&#8221; content_placement=&#8221;top&#8221;][vc_column_inner el_class=&#8221;py-lg-2 px-lg-5&#8243;][vc_column_text]\n<h3 style=\"text-align: center\"><strong>Programma Generale SAIE 2024<\/strong><\/h3>\n<p style=\"text-align: center\"><a class=\"btn btn-lg btn-primary my-0\" href=\"\/public\/uploads\/sites\/9\/Programma_Piazza_Ceramica_Laterizio_Confindustria_Ceramica_0409.pdf\" target=\"_blank\" rel=\"noopener\">Scarica il programma completo \u00bb<\/a><\/p>\n[\/vc_column_text][\/vc_column_inner][\/vc_row_inner][vc_message message_box_color=&#8221;orange&#8221; icon_fontawesome=&#8221;fas fa-bell&#8221;]Nella Piazza Ceramica e Laterizio, <strong>dal 9 al 11 ottobre<\/strong>, <strong>ore15:00<\/strong>, \u00e8 stato proiettato il docufilm <a href=\"https:\/\/www.ceramica.info\/articoli\/ceramics-of-italy-un-viaggio-nella-sostenibilita\/\"><strong><em>\u201cCeramics of Italy. Un viaggio nella sostenibilit\u00e0\u201d<\/em><\/strong><\/a> vincitore del premio Film Impresa Area Documentaria e del premio Rivista del Cinematografo.[\/vc_message][vc_empty_space][vc_row_inner equal_height=&#8221;yes&#8221;][vc_column_inner width=&#8221;1\/3&#8243;][vc_text_separator title=&#8221;Mercoled\u00ec 9 ottobre | 10:45 \u2212 13:30&#8243; title_align=&#8221;separator_align_left&#8221; align=&#8221;align_left&#8221; color=&#8221;custom&#8221; accent_color=&#8221;#f8b43f&#8221;][vc_column_text]\n<h5><strong>Edilizia residenziale pubblica e sociale<\/strong><\/h5>\n<h6>L\u2019esigenza abitativa di famiglie e studenti in Italia<\/h6>\n<p>Modera: <strong>Livia Randaccio<\/strong>, Direttore editoriale YouBuild VGE<\/p>\n<p><em><strong>Le stime del fabbisogno abitativo e Piani nazionali su ERP e ERS<\/strong><\/em><br \/>\n<strong>Marco Corradi<\/strong>, ACER Azienda Casa Emilia-Romagna<\/p>\n<p><em><strong>Partenariato pubblico-privato per lo sviluppo edilizio e urbano<\/strong><\/em><br \/>\nAlessandro Maggioni, Confcooperative Habitat<\/p>\n<p><em><strong>I piani PINQuA e PNRR per l\u2019edilizia residenziale pubblica e sociale<\/strong><\/em><br \/>\nProf. Adolfo F.L. Baratta, Universit\u00e0 Roma Tre e membro del comitato scientifico di CiL<\/p>\n<p><strong><em>Politiche nazionali e PNRR a sostegno della residenzialit\u00e0 studentesca. Stato di attuazione degli interventi<\/em><\/strong><br \/>\n<strong>Prof. Claudio Piferi<\/strong>, Universit\u00e0 di Firenze<\/p>\n<p><em><strong>Le Architetture dell\u2019housing universitario, sociale e popolare<\/strong><\/em><br \/>\n<strong>Arch. Alberto Ferraresi<\/strong>, Libero professionista e membro del comitato editoriale di CiL<\/p>\n<p><em><strong>Misure di qualit\u00e0 ambientale interna e prestazione energetica in edifici residenziali pubblici: il progetto LIFE SUPERHERO<\/strong><\/em><br \/>\n<strong>Ing. PhD Arianna Latini<\/strong>, Universit\u00e0 Politecnica delle Marche<\/p>\n<p><strong><em>Focus tecnico su soluzioni e innovazioni<\/em><\/strong><\/p>\n<p><strong><em>Conclusioni<\/em><\/strong>[\/vc_column_text][\/vc_column_inner][vc_column_inner width=&#8221;1\/3&#8243;][vc_text_separator title=&#8221;Gioved\u00ec 10 ottobre | 11:00 \u2212 13:30&#8243; title_align=&#8221;separator_align_left&#8221; align=&#8221;align_left&#8221; color=&#8221;custom&#8221; accent_color=&#8221;#f8b43f&#8221;][vc_column_text]\n<h5><strong>L\u2019involucro edilizio efficiente e durevole<\/strong><\/h5>\n<h6>Dalle soluzioni tecniche massive ai sistemi costruttivi ventilati<\/h6>\n<p>Modera: <strong>Livia Randaccio<\/strong>, Direttore editoriale YouBuild VGE<\/p>\n<p><em><strong>Sostenibilit\u00e0, Tassonomia UE e Rating ESG nel mondo dell&#8217;Edilizia &#8211; I crediti pilota dei materiali dell\u2019involucro edilizio nei protocolli energetico-ambientali<\/strong><\/em><br \/>\n<strong>Arch. Andrea Valentini<\/strong>, LEED AP -WELL AP GBC HB AP Consigliere Indirizzo GBC Italia<\/p>\n<p><strong><em>La muratura massiva e prescrizioni normative &#8211; EPBD, Decr. Requisisti minimi e CAM<\/em><\/strong><br \/>\n<strong>Prof. Costanzo Di Perna<\/strong>, Universit\u00e0 Politecnica delle Marche<\/p>\n<p><strong><em>Le sfide climatiche delle coperture ventilate: evoluzioni normative, innovazioni di prodotto e nuove funzioni d\u2019integrazione<\/em><\/strong><br \/>\n<strong>Prof. Marco D\u2019Orazio<\/strong>, Universit\u00e0 Politecnica delle Marche<\/p>\n<p><strong><em>Caratteristiche tecnologie costruttive e prestazioni dei sistemi di parete ventilate<\/em><\/strong><br \/>\n<strong>Ing. Alberto Stefanazzi<\/strong>, Politecnico di Milano<\/p>\n<p><em><strong>Involucro in laterizio: rassegna delle migliori pratiche applicative<\/strong><\/em><\/p>\n<p><strong><em>Conclusioni<\/em><\/strong>[\/vc_column_text][\/vc_column_inner][vc_column_inner width=&#8221;1\/3&#8243;][vc_text_separator title=&#8221;Venerd\u00ec 11 ottobre | 10:30 \u2212 13:00&#8243; title_align=&#8221;separator_align_left&#8221; align=&#8221;align_left&#8221; color=&#8221;custom&#8221; accent_color=&#8221;#f8b43f&#8221;][vc_column_text]\n<h5><strong>Oltre la Direttiva \u201cCase green\u201d<\/strong><\/h5>\n<h6>Strategie progettuali e scelta dei materiali per raggiungere lo sviluppo sostenibile del patrimonio edilizio<\/h6>\n<p>Conduce: <strong>Carla De Meo<\/strong>,Giornalista<\/p>\n<p><strong>Saluti istituzionali<\/strong><br \/>\na cura degli <strong>Ordini professionali territoriali<\/strong><\/p>\n<p><em><strong>Transizione energetica ed economia circolare: quanto ne sappiamo?<\/strong><\/em><br \/>\n<strong>Silvia Ricci<\/strong>, Vicepresidente ANCE con delega alla transizione ecologica<\/p>\n<p><em><strong>Le principali norme europee e nazionali in tema di circolarit\u00e0 e decarbonizzazione delle costruzioni<\/strong><\/em><br \/>\n<em><strong>Il Life Cycle Assessment per la sostenibilit\u00e0 dell\u2019edificio nel ciclo di vita: standard e metodologie di riferimento<\/strong><\/em><br \/>\n<strong>Caterina Gargari<\/strong>, Architetto | Coordinatore GLUNI \u201cSostenibilit\u00e0 in edilizia\u201d | membro CENTC350 \u201cSustainability of construction work\u201d<\/p>\n<p><em><strong>Transizione ecologica in edilizia: un tema complesso<\/strong><\/em><br \/>\n<strong>Alfonsina Di Fusco<\/strong>, Ingegnere | Funzionario tecnico Confindustria Ceramica | Direttore e ditoriale della rivista \u201cCostruire in Laterizio\u201d<br \/>\n<strong>Margherita Galli<\/strong>, Ingegnere | Responsabile ambiente e sviluppo sostenibile Federbeton<\/p>\n<p><em><strong>\u00c8 anche questione di materiali<\/strong><\/em><br \/>\n<strong>Riccardo Hopps<\/strong>, Architetto OGB Studio[\/vc_column_text][\/vc_column_inner][\/vc_row_inner][\/vc_column][\/vc_row][vc_row][vc_column el_class=&#8221;px-lg-5&#8243;][vc_separator][vc_empty_space height=&#8221;50px&#8221;][vc_column_text]\n<h3 style=\"text-align: center\">Le aziende che hanno partecipato alla Piazza Ceramica e Laterizio<\/h3>\n[\/vc_column_text][vc_row_inner content_placement=&#8221;middle&#8221;][vc_column_inner width=&#8221;1\/4&#8243;][vc_hoverbox image=&#8221;24555&#8243; primary_title=&#8221;&#8221; hover_title=&#8221;&#8221;]\n<p style=\"text-align: center;font-size: 14px\"><a class=\"btn btn-lg btn-primary\" href=\"https:\/\/www.saiebologna.it\/it\/interviste-espositori\/wienerberger\/\">Leggi l&#8217;intervista &gt;<\/a><\/p>\n[\/vc_hoverbox][\/vc_column_inner][vc_column_inner width=&#8221;1\/4&#8243;][vc_empty_space height=&#8221;35px&#8221;][vc_single_image image=&#8221;25679&#8243; img_size=&#8221;&#8221; alignment=&#8221;center&#8221;][\/vc_column_inner][vc_column_inner width=&#8221;1\/4&#8243;][vc_empty_space height=&#8221;35px&#8221;][vc_single_image image=&#8221;25688&#8243; img_size=&#8221;&#8221; alignment=&#8221;center&#8221;][\/vc_column_inner][vc_column_inner width=&#8221;1\/4&#8243;][vc_empty_space height=&#8221;35px&#8221;][vc_single_image image=&#8221;16183&#8243; img_size=&#8221;&#8221; alignment=&#8221;center&#8221;][\/vc_column_inner][\/vc_row_inner][vc_row_inner][vc_column_inner width=&#8221;1\/3&#8243;][vc_single_image image=&#8221;25683&#8243; img_size=&#8221;&#8221; alignment=&#8221;center&#8221;][\/vc_column_inner][vc_column_inner width=&#8221;1\/3&#8243;][vc_single_image image=&#8221;25681&#8243; img_size=&#8221;&#8221; alignment=&#8221;center&#8221;][\/vc_column_inner][vc_column_inner width=&#8221;1\/3&#8243;][vc_single_image image=&#8221;25685&#8243; img_size=&#8221;&#8221; alignment=&#8221;center&#8221;][\/vc_column_inner][\/vc_row_inner][\/vc_column][\/vc_row][vc_row][vc_column][vc_empty_space][vc_row_inner][vc_column_inner width=&#8221;1\/6&#8243;][\/vc_column_inner][vc_column_inner width=&#8221;2\/3&#8243;][vc_column_text]\n<p style=\"text-align: center\"><em>In collaborazione con<\/em><\/p>\n[\/vc_column_text][vc_separator][\/vc_column_inner][vc_column_inner width=&#8221;1\/6&#8243;][\/vc_column_inner][\/vc_row_inner][vc_row_inner][vc_column_inner width=&#8221;1\/6&#8243;][\/vc_column_inner][vc_column_inner width=&#8221;1\/6&#8243;][vc_single_image image=&#8221;25257&#8243; img_size=&#8221;&#8221; alignment=&#8221;center&#8221; onclick=&#8221;custom_link&#8221; img_link_target=&#8221;_blank&#8221; link=&#8221;http:\/\/www.confindustriaceramica.it\/site\/home\/associazione\/confindustria-ceramica-network\/edi.cer.-s.p.a.html&#8221;][\/vc_column_inner][vc_column_inner width=&#8221;1\/6&#8243;][vc_single_image image=&#8221;16923&#8243; img_size=&#8221;&#8221; alignment=&#8221;center&#8221; onclick=&#8221;custom_link&#8221; img_link_target=&#8221;_blank&#8221; link=&#8221;http:\/\/www.confindustriaceramica.it\/site\/home\/associazione\/confindustria-ceramica-network\/edi.cer.-s.p.a.html&#8221;][\/vc_column_inner][vc_column_inner width=&#8221;1\/6&#8243;][vc_single_image image=&#8221;14183&#8243; img_size=&#8221;&#8221; alignment=&#8221;center&#8221; onclick=&#8221;custom_link&#8221; link=&#8221;http:\/\/www.confindustriaceramica.it\/site\/home.html&#8221;][\/vc_column_inner][vc_column_inner width=&#8221;1\/6&#8243;][vc_single_image image=&#8221;16111&#8243; img_size=&#8221;&#8221; alignment=&#8221;center&#8221; onclick=&#8221;custom_link&#8221; link=&#8221;https:\/\/www.laterizio.it\/&#8221;][\/vc_column_inner][vc_column_inner width=&#8221;1\/6&#8243;][\/vc_column_inner][\/vc_row_inner][\/vc_column][\/vc_row][vc_row][vc_column][vc_column_text]\n[\/vc_column_text][\/vc_column][\/vc_row]\n","protected":false},"excerpt":{"rendered":"<p>[vc_row equal_height=&#8221;yes&#8221; el_class=&#8221;my-1&#8243;][vc_column][vc_row_inner equal_height=&#8221;yes&#8221; content_placement=&#8221;top&#8221;][vc_column_inner el_class=&#8221;px-lg-5&#8243; width=&#8221;2\/3&#8243;][vc_empty_space][vc_column_text] Innovazione e Tradizione nell&#8217;Edilizia Ceramica [\/vc_column_text][vc_column_text]\u201c\u00c8 PER TUTTI. E DURA PER SEMPRE!\u201d \u00e8 il titolo della collettiva 2024, promossa da Confindustria Ceramica, che ha riunito aziende rappresentative dei comparti italiani di laterizi e piastrelle. Di generazione, in generazione per tutte le realt\u00e0 residenziali (ma non solo \u2026), i [&hellip;]<\/p>\n","protected":false},"author":12,"featured_media":18762,"parent":0,"menu_order":0,"comment_status":"closed","ping_status":"closed","template":"","meta":[],"acf":[],"aioseo_notices":[],"_links":{"self":[{"href":"https:\/\/www.saiebologna.it\/it\/wp-json\/wp\/v2\/pages\/15651"}],"collection":[{"href":"https:\/\/www.saiebologna.it\/it\/wp-json\/wp\/v2\/pages"}],"about":[{"href":"https:\/\/www.saiebologna.it\/it\/wp-json\/wp\/v2\/types\/page"}],"author":[{"embeddable":true,"href":"https:\/\/www.saiebologna.it\/it\/wp-json\/wp\/v2\/users\/12"}],"replies":[{"embeddable":true,"href":"https:\/\/www.saiebologna.it\/it\/wp-json\/wp\/v2\/comments?post=15651"}],"version-history":[{"count":2,"href":"https:\/\/www.saiebologna.it\/it\/wp-json\/wp\/v2\/pages\/15651\/revisions"}],"predecessor-version":[{"id":27401,"href":"https:\/\/www.saiebologna.it\/it\/wp-json\/wp\/v2\/pages\/15651\/revisions\/27401"}],"wp:featuredmedia":[{"embeddable":true,"href":"https:\/\/www.saiebologna.it\/it\/wp-json\/wp\/v2\/media\/18762"}],"wp:attachment":[{"href":"https:\/\/www.saiebologna.it\/it\/wp-json\/wp\/v2\/media?parent=15651"}],"curies":[{"name":"wp","href":"https:\/\/api.w.org\/{rel}","templated":true}]}}