{"id":20502,"date":"2024-02-15T16:04:06","date_gmt":"2024-02-15T16:04:06","guid":{"rendered":"https:\/\/www.saiebologna.it\/?page_id=20502"},"modified":"2024-05-13T08:46:40","modified_gmt":"2024-05-13T08:46:40","slug":"modelli-calcolo-tecnologie-costruzioni-ancona","status":"publish","type":"page","link":"https:\/\/www.saiebologna.it\/it\/lab\/modelli-calcolo-tecnologie-costruzioni-ancona\/","title":{"rendered":"SAIE LAB &#8211; Ancona"},"content":{"rendered":"[vc_row equal_height=&#8221;yes&#8221;][vc_column css=&#8221;.vc_custom_1708013015246{background-image: url(\/public\/uploads\/sites\/9\/IMG_Header_ANCONA-1.jpg?id=20507) !important;background-position: center !important;background-repeat: no-repeat !important;background-size: cover !important;}&#8221;][vc_empty_space][vc_row_inner][vc_column_inner][vc_column_text el_class=&#8221;py-lg-2 px-lg-2&#8243;]\n<h1 style=\"text-align: center\"><span style=\"color: #ffffff\">SAIE LAB &#8211; Evoluzione dei modelli di calcolo e tecnologie per le nuove costruzioni in ambito civile e residenziale<\/span><\/h1>\n<p class=\"subtitle text-black\" style=\"text-align: center;color: #000\"><span style=\"color: #ffffff\"><img decoding=\"async\" loading=\"lazy\" class=\"alignnone wp-image-9203\" src=\"\/public\/uploads\/sites\/13\/Location_black-1.png\" alt=\"\" width=\"40\" height=\"40\" \/>Teatro delle Muse, ANCONA<\/span><br \/>\n<span style=\"color: #ffffff\"><img decoding=\"async\" loading=\"lazy\" class=\"alignnone size-full wp-image-9213\" src=\"\/public\/uploads\/sites\/13\/Calendar_1.png\" alt=\"\" width=\"40\" height=\"40\" \/>9 Aprile 2024<br \/>\n<\/span>[\/vc_column_text][\/vc_column_inner][\/vc_row_inner][vc_empty_space][\/vc_column][\/vc_row][vc_row equal_height=&#8221;yes&#8221;][vc_column][vc_empty_space][vc_row_inner equal_height=&#8221;yes&#8221; content_placement=&#8221;middle&#8221;][vc_column_inner el_class=&#8221;py-lg-2 px-lg-5 text-left&#8221; width=&#8221;2\/3&#8243;][vc_column_text el_class=&#8221;my-1&#8243;]\n<h3 style=\"text-align: left\">INNOVAZIONE PROGETTUALE E TECNOLOGICA PER NUOVI EDIFICI EFFICIENTI, SICURI E SOSTENIBILI<\/h3>\n<p>Al via i nuovi appuntamenti dei <strong>SAIE LAB \u2013 Laboratori itineranti del saper fare<\/strong>, un ciclo di incontri tecnici che attraversano il territorio italiano fino alla prossima edizione di <strong>SAIE Bologna<\/strong> \u2013 9\/12 ottobre 2024.<\/p>\n<p>Ha ospitato la <strong>prima tappa<\/strong> dei SAIE LAB la citt\u00e0 di <strong>Ancona<\/strong>, con un focus dedicato alle <strong>tecnologie per il \u201cnuovo\u201d costruito<\/strong> in ambito <strong>strutturale<\/strong>, <strong>architettonico<\/strong>, <strong>urbanistico<\/strong> ed <strong>energetico<\/strong>.<\/p>\n<p>Gli interventi tecnici hanno approfondito i temi relativi a <strong>progetto<\/strong>, <strong>messa in opera<\/strong>, <strong>efficientamento energetico, sicurezza e<\/strong>\u00a0<strong>durabilit\u00e0 delle strutture nelle nuove costruzioni <\/strong>dando evidenza a sistemi tecnologici, indicazioni progettuali, normativa e casi applicativi. Tra gli argomenti approfonditi:<\/p>\n<ul>\n<li>Tecnologie per la progettazione sismica<\/li>\n<li>Strumenti per il comfort energetico negli edifici<\/li>\n<li>Involucro edilizio e raffrescamento passivo<\/li>\n<li>Calcestruzzi sostenibili<\/li>\n<\/ul>\n<p>Un\u2019occasione in cui sono state presentati a <strong>imprese<\/strong>, <strong>progettisti<\/strong>, <strong>geometri<\/strong>, <strong>ingegneri<\/strong> e <strong>architetti<\/strong> i <strong>vantaggi di progettare e costruire<\/strong> utilizzando tecnologie, materiali e soluzioni\u00a0 concrete e realmente applicabili per rendere le nuove costruzioni civili e residenziali pi\u00f9 sicure e sostenibili.<\/p>\n<p><strong>I vantaggi di partecipare ai SAIE Lab:<\/strong><\/p>\n<ul>\n<li><strong>Conoscere le nuove tecnologie<\/strong> e il ruolo specifico all\u2019interno del processo di progettazione e costruzione<\/li>\n<li><strong>Aggiornarsi su tecnologie, materiali e sistemi innovativi<\/strong> per favorire la sostenibilit\u00e0 e il contenimento dei consumi energetici<\/li>\n<li><strong>Approfondire le nuove soluzioni<\/strong> dall\u2019approccio prestazionale alla progettazione integrata<\/li>\n<li><strong>Confrontarsi<\/strong> sui sistemi di controllo e di messa in rete delle apparecchiature<\/li>\n<li><strong>Informarsi su soluzioni concrete<\/strong> per realizzare nuove costruzioni innovative e altamente efficienti e dar vita a un\u2019edilizia civile e residenziale sostenibile evitando la dispersione delle risorse.<\/li>\n<\/ul>\n<p><strong>Al dibattito \u00e8 stata affiancata la presentazione di dati territoriali dell\u2019Osservatorio SAIE<\/strong>, con le analisi congiunturali e previsionali delle aziende locali appartenenti al mondo dell\u2019industria e delle costruzioni.[\/vc_column_text][vc_empty_space][vc_column_text]<a class=\"btn btn-lg\" href=\"#programma\">Il programma \u00bb<\/a> <a class=\"btn btn-lg btn-primary\" href=\"https:\/\/www.saiebologna.it\/it\/comunicati\/osservatorio-saie-marche\/\" target=\"_blank\" rel=\"noopener\">Leggi il comunicato stampa<\/a>[\/vc_column_text][vc_separator][vc_column_text el_class=&#8221;my-1&#8243;]\n<h4 style=\"text-align: left\">Leggi la rassegna stampa<\/h4>\n<p><a class=\"btn btn-lg\" href=\"\/public\/uploads\/sites\/9\/Rassegna-stampa-SAIE-LAB_Ancona_9_04_2024_compressed_PARTE_1.pdf\">Parte 1<\/a> <a class=\"btn btn-lg\" href=\"\/public\/uploads\/sites\/9\/Rassegna-stampa-SAIE-LAB_Ancona_9_04_2024_compressed_PARTE_2.pdf\">Parte 2<\/a>[\/vc_column_text][\/vc_column_inner][vc_column_inner el_class=&#8221;py-lg-2 px-lg-5 bg-darker&#8221; width=&#8221;1\/3&#8243;][vc_column_text]\n<h5 style=\"text-align: left\">Al via gli appuntamenti di SAIE LAB \u2013 Laboratori itineranti del saper fare, un ciclo di incontri tecnici che attraverseranno il territorio italiano fino alla prossima edizione di <strong>SAIE Bologna \u2013 9\/12 ottobre 2024.<\/strong><\/h5>\n[\/vc_column_text][vc_separator color=&#8221;white&#8221;][vc_wp_custommenu nav_menu=&#8221;362&#8243;][vc_empty_space height=&#8221;60px&#8221;][\/vc_column_inner][\/vc_row_inner][\/vc_column][\/vc_row][vc_row equal_height=&#8221;yes&#8221; el_id=&#8221;programma&#8221;][vc_column][vc_empty_space][vc_row_inner equal_height=&#8221;yes&#8221; content_placement=&#8221;top&#8221;][vc_column_inner el_class=&#8221;col-img&#8221; width=&#8221;1\/3&#8243; css=&#8221;.vc_custom_1708077820203{background-image: url(\/public\/uploads\/sites\/9\/IMG_Ancona_WEB.jpg?id=20521) !important;background-position: center !important;background-repeat: no-repeat !important;background-size: cover !important;}&#8221;][\/vc_column_inner][vc_column_inner el_class=&#8221;py-lg-2 px-lg-5 bg-gray&#8221; width=&#8221;2\/3&#8243;][vc_column_text]\n<h3 style=\"text-align: left\">Programma dell&#8217;evento<\/h3>\n<p>Modera: <em>Andrea Dari<\/em>, Direttore Ingenio<\/p>\n<p>8:30 <strong>Registrazione partecipanti<\/strong>[\/vc_column_text][vc_separator color=&#8221;orange&#8221;][vc_column_text]9:00 <strong>Saluti istituzionali<\/strong><\/p>\n<ul>\n<li>Marco D\u2019Orazio, Prorettore Universit\u00e0 Politecnica delle Marche<\/li>\n<li>Emanuele Ferraloro, Vicepresidente Federcostruzioni<\/li>\n<li>Andrea Barocci, Presidente ISI Ingegneria Sismica Italiana<\/li>\n<li>Alberto Romagnoli, Consigliere CNI<\/li>\n<li>Stefano Capannelli, Presidente Ordine Ingegneri Ancona<\/li>\n<li>Paola Amabili, Segretario Federazione Architetti Marche<\/li>\n<li>Francesco Iorio Gnisci, Giovani Imprenditori Edili ANCE Marche<\/li>\n<li>Tommaso Sironi, Project Manager SAIE<\/li>\n<\/ul>\n<p>9:30 <strong>Presentazione Dati Osservatorio SAIE relativi al territorio<br \/>\n<\/strong>A cura di <em>GRS Research &amp; Strategy<\/em><\/p>\n<p><strong>Introduzione al tema: interventi tecnici<\/strong><\/p>\n<p>9:45<strong> Le esigenze dell\u2019edilizia pubblica residenziale<br \/>\n<\/strong>Ing. Luca Talluri, FEDERCASA<\/p>\n<p>10.10 <strong>Principi per una progettazione sicura, efficiente e sostenibile degli edifici<\/strong><strong><br \/>\n<\/strong>Ing. <span class=\"ui-provider a b c d e f g h i j k l m n o p q r s t u v w x y z ab ac ae af ag ah ai aj ak\" dir=\"ltr\">Emanuele Gozzi, OICE<\/span><\/p>\n<p>10.35 <strong>Progettazione sismica di edifici con tecnologie innovative<br \/>\n<\/strong>Prof. Francesco Clementi, Universit\u00e0 Politecnica delle Marche e membro Comitato Scientifico ISI<\/p>\n<p>11.00 <strong>Intelligenza artificiale, sensoristica e nuovi servizi per il comfort energetico degli edifici<br \/>\n<\/strong>Prof. Gian Marco Revel, Universit\u00e0 Politecnica delle Marche e Chair della Materials &amp; Sustainability (M&amp;S) Committee\u00a0\u2013 ECTP<\/p>\n<p>11.25 <b>Raffrescamento passivo dell\u2019involucro edilizio in risposta al clima che cambia: il potenziale di tetti ventilati e traspiranti<br \/>\n<\/b>Prof.sa Elisa Di Giuseppe, Universit\u00e0 Politecnica delle Marche<b><br \/>\n<\/b><\/p>\n<p>11.50 <strong>La valutazione della sostenibilit\u00e0 degli edifici nel ciclo di vita<br \/>\n<\/strong>Arch. Caterina Gargari, Coordinatore GL Sostenibilit\u00e0 UNI e Universit\u00e0 di Pisa<\/p>\n<p>12:15 <strong>Tavola rotonda<\/strong><br \/>\n<em>Intervengono nel talk:<\/em><\/p>\n<p>Daniele Ruzzante, CSPFea<br \/>\nRoberto Di Nizio, MPM<br \/>\nMarco Bressan, G&amp;P Intech<\/p>\n<p>13:15 <strong>Fine lavori e aperitivo di networking<\/strong><\/p>\n<p>&nbsp;<\/p>\n<p><strong>\u00c8 prevista l\u2019attribuzione di 3 CFP per gli Ingegneri che parteciperanno all\u2019evento.<\/strong>[\/vc_column_text][\/vc_column_inner][\/vc_row_inner][\/vc_column][\/vc_row][vc_row el_class=&#8221;py-lg-2 px-lg-5&#8243;][vc_column width=&#8221;2\/3&#8243;][vc_empty_space][vc_column_text]\n<p style=\"text-align: center\"><em>Premium Sponsor<\/em><\/p>\n[\/vc_column_text][vc_separator][vc_row_inner][vc_column_inner width=&#8221;1\/3&#8243;][vc_single_image image=&#8221;21189&#8243; img_size=&#8221;full&#8221; alignment=&#8221;center&#8221;][\/vc_column_inner][vc_column_inner width=&#8221;1\/3&#8243;][vc_single_image image=&#8221;21273&#8243; img_size=&#8221;full&#8221; alignment=&#8221;center&#8221;][\/vc_column_inner][vc_column_inner width=&#8221;1\/3&#8243;][vc_single_image image=&#8221;21145&#8243; img_size=&#8221;full&#8221; alignment=&#8221;center&#8221;][\/vc_column_inner][\/vc_row_inner][\/vc_column][vc_column width=&#8221;1\/3&#8243;][vc_empty_space][vc_column_text]\n<p style=\"text-align: center\"><em>Event Sponsor<\/em><\/p>\n[\/vc_column_text][vc_separator][vc_row_inner][vc_column_inner][vc_single_image image=&#8221;21302&#8243; img_size=&#8221;full&#8221; alignment=&#8221;center&#8221;][\/vc_column_inner][\/vc_row_inner][\/vc_column][\/vc_row][vc_row el_class=&#8221;py-lg-2 px-lg-5&#8243;][vc_column][vc_column_text]\n<p style=\"text-align: center\"><em>Organizzato in collaborazione con<\/em><\/p>\n[\/vc_column_text][vc_separator][vc_row_inner][vc_column_inner width=&#8221;1\/5&#8243;][\/vc_column_inner][vc_column_inner width=&#8221;1\/5&#8243;][\/vc_column_inner][vc_column_inner width=&#8221;1\/5&#8243;][vc_single_image image=&#8221;21421&#8243; img_size=&#8221;full&#8221; alignment=&#8221;center&#8221;][\/vc_column_inner][vc_column_inner width=&#8221;1\/5&#8243;][\/vc_column_inner][vc_column_inner width=&#8221;1\/5&#8243;][\/vc_column_inner][\/vc_row_inner][\/vc_column][\/vc_row][vc_row el_class=&#8221;py-lg-2 px-lg-5&#8243;][vc_column][vc_column_text]\n<p style=\"text-align: center\"><em>Con il patrocinio di<\/em><\/p>\n[\/vc_column_text][vc_separator][vc_row_inner][vc_column_inner width=&#8221;1\/6&#8243;][vc_single_image image=&#8221;21131&#8243; img_size=&#8221;full&#8221; alignment=&#8221;center&#8221;][\/vc_column_inner][vc_column_inner width=&#8221;1\/6&#8243;][vc_single_image image=&#8221;21225&#8243; img_size=&#8221;full&#8221; alignment=&#8221;center&#8221;][\/vc_column_inner][vc_column_inner width=&#8221;1\/6&#8243;][vc_single_image image=&#8221;14183&#8243; img_size=&#8221;full&#8221; alignment=&#8221;center&#8221;][\/vc_column_inner][vc_column_inner width=&#8221;1\/6&#8243;][vc_single_image image=&#8221;21070&#8243; img_size=&#8221;full&#8221; alignment=&#8221;center&#8221;][\/vc_column_inner][vc_column_inner width=&#8221;1\/6&#8243;][vc_single_image image=&#8221;20683&#8243; img_size=&#8221;full&#8221; alignment=&#8221;center&#8221;][\/vc_column_inner][vc_column_inner width=&#8221;1\/6&#8243;][vc_single_image image=&#8221;21118&#8243; img_size=&#8221;full&#8221; alignment=&#8221;center&#8221;][\/vc_column_inner][\/vc_row_inner][vc_row_inner][vc_column_inner width=&#8221;1\/6&#8243;][vc_single_image image=&#8221;6792&#8243; img_size=&#8221;full&#8221; alignment=&#8221;center&#8221;][\/vc_column_inner][vc_column_inner width=&#8221;1\/6&#8243;][vc_single_image image=&#8221;21124&#8243; img_size=&#8221;full&#8221; alignment=&#8221;center&#8221;][\/vc_column_inner][vc_column_inner width=&#8221;1\/6&#8243;][vc_single_image image=&#8221;21121&#8243; img_size=&#8221;full&#8221; alignment=&#8221;center&#8221;][\/vc_column_inner][vc_column_inner width=&#8221;1\/6&#8243;][vc_single_image image=&#8221;21174&#8243; img_size=&#8221;full&#8221; alignment=&#8221;center&#8221;][\/vc_column_inner][vc_column_inner width=&#8221;1\/6&#8243;][vc_single_image image=&#8221;20752&#8243; img_size=&#8221;full&#8221; alignment=&#8221;center&#8221;][\/vc_column_inner][vc_column_inner width=&#8221;1\/6&#8243;][vc_single_image image=&#8221;20749&#8243; img_size=&#8221;full&#8221; alignment=&#8221;center&#8221;][\/vc_column_inner][\/vc_row_inner][vc_row_inner][vc_column_inner width=&#8221;1\/6&#8243;][\/vc_column_inner][vc_column_inner width=&#8221;1\/6&#8243;][vc_single_image image=&#8221;21022&#8243; img_size=&#8221;full&#8221; alignment=&#8221;center&#8221;][\/vc_column_inner][vc_column_inner width=&#8221;1\/6&#8243;][vc_single_image image=&#8221;21074&#8243; img_size=&#8221;full&#8221; alignment=&#8221;center&#8221;][\/vc_column_inner][vc_column_inner width=&#8221;1\/6&#8243;][vc_single_image image=&#8221;20879&#8243; img_size=&#8221;full&#8221; alignment=&#8221;center&#8221;][\/vc_column_inner][vc_column_inner width=&#8221;1\/6&#8243;][vc_single_image image=&#8221;21024&#8243; img_size=&#8221;full&#8221; alignment=&#8221;center&#8221;][\/vc_column_inner][vc_column_inner width=&#8221;1\/6&#8243;][\/vc_column_inner][\/vc_row_inner][\/vc_column][\/vc_row][vc_row css=&#8221;.vc_custom_1712320183140{background-color: #fcf1de !important;}&#8221; el_class=&#8221;py-lg-2 px-lg-5&#8243;][vc_column][vc_empty_space][vc_text_separator title=&#8221;&#8221; i_icon_fontawesome=&#8221;fas fa-quote-left&#8221; i_color=&#8221;custom&#8221; color=&#8221;custom&#8221; add_icon=&#8221;true&#8221; i_custom_color=&#8221;#eb5b37&#8243; accent_color=&#8221;#a8a8a8&#8243;][vc_column_text]\n<h3 style=\"text-align: center\"><b>La parola degli Sponsor<\/b><\/h3>\n[\/vc_column_text][vc_row_inner][vc_column_inner width=&#8221;1\/3&#8243;][vc_column_text]\n<p style=\"text-align: center\"><em>\u201cIl focus della ricerca di MPM degli ultimi anni \u00e8 lo sviluppo di soluzioni innovative per un&#8217;edilizia pi\u00f9 sostenibile.<br \/>\nLe certificazioni ambientali LEED e CAM, con cui i nostri recenti sistemi sono certificati, costituiscono strumenti efficaci per raggiungere standard di progettazione, costruzione e gestione degli edifici sempre pi\u00f9 attenti all&#8217;ambiente, al comfort e al benessere delle persone\u201d.<\/em><\/p>\n<p>&nbsp;<\/p>\n<p style=\"text-align: center\"><span style=\"color: #eb5b37\"><strong>Roberto Di Nizio<\/strong>, MPM<\/span><\/p>\n[\/vc_column_text][\/vc_column_inner][vc_column_inner width=&#8221;1\/3&#8243;][vc_column_text]\n<p style=\"text-align: center\"><em>\u201c<\/em><em>La tematica dell\u2019evoluzione dei modelli di calcolo e, pi\u00f9 in generale dell\u2019innovazione tecnologica, \u00e8 da sempre un\u2019attivit\u00e0 cruciale in CSPFea. Le nostre soluzioni software pi\u00f9 innovative vanno dalla simulazione numerica strutturale e fluidodinamica fino alla gestione di progetto, offrendo ai nostri clienti soluzioni sempre all\u2019avanguardia.<\/em><em> Il rapporto con il territorio costituisce una fonte principale nel guidare l\u2019innovazione verso soluzioni utili al professionista, considerando le diverse necessit\u00e0 dei territori (sismica, dissesto idrogeologico, storicit\u00e0 del patrimonio esistente, complessit\u00e0 di opere infrastrutturali, etc.) <\/em><em>\u201d.<\/em><\/p>\n<p style=\"text-align: center\"><span style=\"color: #eb5b37\"><strong>Daniele Ruzzante<\/strong>, CSPFea<\/span><\/p>\n[\/vc_column_text][\/vc_column_inner][vc_column_inner width=&#8221;1\/3&#8243;][vc_column_text]\n<p style=\"text-align: center\"><em>\u201cQuando si parla di nuove costruzioni non possiamo non considerare, gi\u00e0 in fase progettuale, la tutela e la protezione delle opere edili sia pubbliche che private.<br \/>\nG&amp;Pintech ha sviluppato sistemi e tecnologie di rinforzo strutturale atte a salvaguardare e consolidare edilizia ed infrastrutture preservandone l\u2019integrit\u00e0 e riducendone il rischio sismico. Diverse le diverse case-history sul territorio delle Marche, di cui parleremo in occasione dell\u2019evento di Ancona\u201d.<\/em><\/p>\n<p style=\"text-align: center\"><span style=\"color: #eb5b37\"><strong>Marco Bressan<\/strong>, G&amp;P Intech<\/span><\/p>\n[\/vc_column_text][\/vc_column_inner][\/vc_row_inner][vc_text_separator title=&#8221;&#8221; i_icon_fontawesome=&#8221;fas fa-quote-right&#8221; i_color=&#8221;custom&#8221; color=&#8221;custom&#8221; add_icon=&#8221;true&#8221; i_custom_color=&#8221;#eb5b37&#8243; accent_color=&#8221;#a8a8a8&#8243;][\/vc_column][\/vc_row][vc_row css=&#8221;.vc_custom_1712130230875{background-color: #f9f9f9 !important;}&#8221; el_class=&#8221;py-lg-2 px-lg-5&#8243;][vc_column][vc_empty_space][vc_text_separator title=&#8221;&#8221; i_icon_fontawesome=&#8221;fas fa-quote-left&#8221; i_color=&#8221;custom&#8221; color=&#8221;custom&#8221; add_icon=&#8221;true&#8221; i_custom_color=&#8221;#eb5b37&#8243; accent_color=&#8221;#a8a8a8&#8243;][vc_column_text]\n<h3 style=\"text-align: center\"><b>La parola dei Partner<\/b><\/h3>\n[\/vc_column_text][vc_row_inner][vc_column_inner width=&#8221;1\/3&#8243;][vc_column_text]<em>\u201cL&#8217;architettura residenziale moderna abbraccia principi innovativi focalizzati sul benessere umano e sull&#8217;integrazione con la natura. Gli spazi adattivi, arricchiti da tecnologie intelligenti, rispondono alle esigenze degli occupanti, offrendo ambienti personalizzati. Questi principi guidano verso un futuro in cui l&#8217;abitare eleva la qualit\u00e0 della vita. La progettazione moderna degli edifici residenziali richiede quindi un passaggio epocale, in cui alle prestazioni strutturali ed energetiche devono esserne abbinate di nuove, spesso difficilmente misurabili.<br \/>\nNe segue un\u2019evoluzione dei modelli di progettazione che coinvolge tutto il mondo professionale, in una contaminazione che riguarda non solo l\u2019architettura e l\u2019ingegneria\u201d.<\/em><\/p>\n<p style=\"text-align: left\"><span style=\"color: #eb5b37\"><strong>Ing. Andrea Dari<br \/>\n<\/strong><em>moderatore<\/em><\/span>[\/vc_column_text][\/vc_column_inner][vc_column_inner width=&#8221;1\/3&#8243;][vc_column_text]\n<p style=\"text-align: center\"><em>\u201cLe costruzioni sono protagoniste di numerose sfide, dal contrasto ai cambiamenti climatici alla prevenzione del rischio sismico, particolarmente significativo per il territorio italiano. L\u2019avanzamento delle metodologie progettuali e di modellazione di sistemi dinamici sempre pi\u00f9 complessi e per questo in grado di simulare al meglio il reale comportamento termo-igrometrico degli edifici, oltre che strutturale, \u00e8 fondamentale per migliorare le condizioni di confort e sicurezza abitativa e per mitigare gli impatti ambientali.<\/em><br \/>\n<em>Puntare all\u2019innovazione di prodotto e di tecnologie per i nuovi edifici risulta, il pi\u00f9 delle volte, decisivo. I prodotti ceramici possono fornire un contributo significativo per la molteplicit\u00e0 dei requisiti tecnici e la continua evoluzione produttiva che li caratterizzano\u201d.<\/em><\/p>\n<p style=\"text-align: center\"><span style=\"color: #eb5b37\"><strong>Confindustria Ceramica<\/strong><\/span><\/p>\n[\/vc_column_text][\/vc_column_inner][vc_column_inner width=&#8221;1\/3&#8243;][vc_column_text]\n<p style=\"text-align: right\"><em>\u201cLa percezione della casa nella cultura italiana sta cambiando: da bene rifugio, catalizzatore di risparmi, a casa-servizio, per una utenza sempre pi\u00f9 mobile dal punto di vista lavorativo e variabile dal punto di vista del nucleo familiare. La casa-servizio, anche se provvisoria, deve rispondere pienamente alle esigenze complesse di una utenza sempre pi\u00f9 esigente. I criteri di sicurezza (sismica, d\u2019uso e sociale) e flessibilit\u00e0 (degli spazi interni ma anche degli spazi filtro tra esterno ed interno) si devono sposare con una sensibilit\u00e0 sempre pi\u00f9 orientata alla tutela dell\u2019ambiente e alla sostenibilit\u00e0. Tutto ci\u00f2 porta ad un nuovo approccio progettuale, basato su strumenti evoluti (BIM e Intelligenza Artificiale) che coinvolge non solo l\u2019edificio ma anche il contesto nel quale esso viene collocato\u201d.<\/em><\/p>\n<p style=\"text-align: right\"><span style=\"color: #eb5b37\"><em><strong>Ing. Emanuele Gozzi<\/strong><br \/>\n<\/em><\/span><span style=\"color: #eb5b37\"><em>OICE<\/em><\/span>[\/vc_column_text][\/vc_column_inner][\/vc_row_inner][vc_text_separator title=&#8221;&#8221; i_type=&#8221;typicons&#8221; i_icon_typicons=&#8221;typcn typcn-media-record&#8221; i_color=&#8221;custom&#8221; color=&#8221;custom&#8221; add_icon=&#8221;true&#8221; i_custom_color=&#8221;#eb5b37&#8243; accent_color=&#8221;#f9f9f9&#8243;][vc_row_inner][vc_column_inner width=&#8221;1\/3&#8243;][vc_column_text]<em>\u201cL\u2019uso di tetti ventilati, anche basati su innovative tegole in laterizio \u201ctraspiranti\u201d, permette efficacemente di mitigare gli effetti del surriscaldamento climatico, grazie al risparmio di energia per la climatizzazione e al miglioramento del comfort termico in edifici e citt\u00e0\u201d.<\/em><\/p>\n<p style=\"text-align: left\"><span style=\"color: #eb5b37\"><strong>Prof.sa Elisa Di Giuseppe<br \/>\n<\/strong><em>Universit\u00e0 Politecnica delle Marche<\/em><\/span>[\/vc_column_text][\/vc_column_inner][vc_column_inner width=&#8221;1\/3&#8243;][vc_column_text]\n<p style=\"text-align: center\"><em>\u201cLe pi\u00f9 recenti comunicazioni della EU delineano uno scenario futuro delle costruzioni in Europa fortemente orientato alla sostenibilit\u00e0. Comprendere cosa significhi sostenibilit\u00e0, di edifici e materiali da costruzione, e come questa sostenibilit\u00e0 possa essere misurata e valutata, \u00e8 la sfida odierna per tutti gli attori della filiera, dai progettisti, alle imprese, agli utenti finali.<br \/>\nLe norme CEN di riferimento forniscono la risposta armonizzata e lo strumento di calcolo e di comunicazione valido a livello europeo per la valutazione degli impatti ambientali di prodotti ed edifici nel loro ciclo di vita, rispondendo appunto con uno strumento consolidato alla sfida di progettare e costruire edifici sostenibili.\u201d.<\/em><\/p>\n<p style=\"text-align: center\"><span style=\"color: #eb5b37\"><strong>Arch. Caterina Gargari<\/strong><em><br \/>\n<\/em><\/span><span style=\"color: #eb5b37\"><em>Coordinatore GL Sostenibilit\u00e0 UNI<\/em><\/span>[\/vc_column_text][\/vc_column_inner][vc_column_inner width=&#8221;1\/3&#8243;][vc_column_text]\n<p style=\"text-align: right\"><em>\u201cDurante il convegno verranno affrontate tutte le possibili soluzioni progettuali a disposizione del progettista nel caso di strutture intelaiate, anche prefabbricate, valutando gli oneri che derivano da un\u2019interazione terreno-struttura particolarmente svantaggiosa sintetizzata, tipicamente, con una Risposta Sismica Locale\u201d.<\/em><\/p>\n<p style=\"text-align: right\"><span style=\"color: #eb5b37\"><strong>Prof. Francesco Clementi<br \/>\n<\/strong><em>Universit\u00e0 Politecnica delle Marche e Comitato scientifico ISI<\/em><\/span>[\/vc_column_text][\/vc_column_inner][\/vc_row_inner][vc_text_separator title=&#8221;&#8221; i_type=&#8221;typicons&#8221; i_icon_typicons=&#8221;typcn typcn-media-record&#8221; i_color=&#8221;custom&#8221; color=&#8221;custom&#8221; add_icon=&#8221;true&#8221; i_custom_color=&#8221;#eb5b37&#8243; accent_color=&#8221;#f9f9f9&#8243;][vc_row_inner][vc_column_inner width=&#8221;1\/2&#8243;][vc_column_text]\n<p style=\"text-align: left\"><em>\u201cIl tema dell\u2019innovazione rappresenta una questione di particolare rilevanza per il futuro dell\u2019edilizia. Negli ultimi decenni l\u2019adozione di tecnologie innovative ha consentito un cambio di paradigma nella cultura del costruire e ha portato una serie di vantaggi significativi. L\u2019edilizia del futuro sar\u00e0 caratterizzata da processi di costruzione sempre pi\u00f9 standardizzati e rapidi, da materiali sostenibili e da una gestione energetica intelligente. In Italia c\u2019\u00e8 molta strada da percorrere anche in tema di comfort e sostenibilit\u00e0, ma le potenzialit\u00e0 delle tecnologie innovative nel settore sono immense e consentiranno di immaginare un nuovo modello di sviluppo a cui seguir\u00e0 un approccio diverso di costruire e vivere il territorio\u201d.<\/em><\/p>\n<p style=\"text-align: left\"><span style=\"color: #eb5b37\"><strong>Francesco Iorio Gnisci<br \/>\n<\/strong><em>Consigliere Giovani Imprenditori edili ANCE Marche<\/em><\/span><\/p>\n[\/vc_column_text][\/vc_column_inner][vc_column_inner width=&#8221;1\/2&#8243;][vc_column_text]\n<p style=\"text-align: right\"><em>\u201cLa crisi climatica ci impone una riflessione profonda e immediata sul nostro modo di costruire il futuro. Nel settore edile, non possiamo pi\u00f9 permetterci di ignorare l&#8217;urgenza di adottare pratiche sostenibili che vadano oltre il convenzionale. Partecipare al SAIE LAB mi offre l&#8217;opportunit\u00e0 di sottolineare come l&#8217;innovazione in materia di tecnologie e modelli di calcolo possa essere la chiave per rivoluzionare l&#8217;industria delle costruzioni, trasformandola in un esempio virtuoso di rispetto e tutela dell&#8217;ambiente. \u00c8 il momento di agire con decisione, puntando su soluzioni che garantiscano la sostenibilit\u00e0 ambientale come principio fondamentale e non negoziabile del nostro lavoro\u201d.<\/em><\/p>\n<p style=\"text-align: right\"><span style=\"color: #eb5b37\"><strong>Alberto Romagnoli<br \/>\n<\/strong><em>Consigliere CNI<\/em><\/span><\/p>\n[\/vc_column_text][\/vc_column_inner][\/vc_row_inner][vc_text_separator title=&#8221;&#8221; i_icon_fontawesome=&#8221;fas fa-quote-right&#8221; i_color=&#8221;custom&#8221; color=&#8221;custom&#8221; add_icon=&#8221;true&#8221; i_custom_color=&#8221;#eb5b37&#8243; accent_color=&#8221;#a8a8a8&#8243;][vc_empty_space][\/vc_column][\/vc_row][vc_row el_class=&#8221;py-lg-2 px-lg-5&#8243;][vc_column][vc_empty_space][vc_row_inner][vc_column_inner][vc_media_grid grid_id=&#8221;vc_gid:1715589991512-67ab02e3-9809-9&#8243; include=&#8221;21735,21737,21739,21741,21743,21745&#8243;][\/vc_column_inner][\/vc_row_inner][\/vc_column][\/vc_row][vc_row el_class=&#8221;py-lg-2 px-lg-5&#8243;][vc_column][vc_row_inner][vc_column_inner][vc_separator][vc_column_text]\n<h6 style=\"text-align: center\"><a href=\"https:\/\/www.saiebologna.it\/it\/lab\/#4tappe\"><strong>Scopri le altre tappe dei SAIE LAB, clicca qui \u00bb<\/strong><\/a><\/h6>\n[\/vc_column_text][vc_separator][\/vc_column_inner][\/vc_row_inner][\/vc_column][\/vc_row]\n","protected":false},"excerpt":{"rendered":"<p>[vc_row equal_height=&#8221;yes&#8221;][vc_column css=&#8221;.vc_custom_1708013015246{background-image: url(\/public\/uploads\/sites\/9\/IMG_Header_ANCONA-1.jpg?id=20507) !important;background-position: center !important;background-repeat: no-repeat !important;background-size: cover !important;}&#8221;][vc_empty_space][vc_row_inner][vc_column_inner][vc_column_text el_class=&#8221;py-lg-2 px-lg-2&#8243;] SAIE LAB &#8211; Evoluzione dei modelli di calcolo e tecnologie per le nuove costruzioni in ambito civile e residenziale Teatro delle Muse, ANCONA 9 Aprile 2024 [\/vc_column_text][\/vc_column_inner][\/vc_row_inner][vc_empty_space][\/vc_column][\/vc_row][vc_row equal_height=&#8221;yes&#8221;][vc_column][vc_empty_space][vc_row_inner equal_height=&#8221;yes&#8221; content_placement=&#8221;middle&#8221;][vc_column_inner el_class=&#8221;py-lg-2 px-lg-5 text-left&#8221; width=&#8221;2\/3&#8243;][vc_column_text el_class=&#8221;my-1&#8243;] INNOVAZIONE PROGETTUALE E TECNOLOGICA PER NUOVI EDIFICI [&hellip;]<\/p>\n","protected":false},"author":33,"featured_media":0,"parent":20150,"menu_order":0,"comment_status":"closed","ping_status":"closed","template":"page-landing-noheader.php","meta":[],"acf":[],"aioseo_notices":[],"_links":{"self":[{"href":"https:\/\/www.saiebologna.it\/it\/wp-json\/wp\/v2\/pages\/20502"}],"collection":[{"href":"https:\/\/www.saiebologna.it\/it\/wp-json\/wp\/v2\/pages"}],"about":[{"href":"https:\/\/www.saiebologna.it\/it\/wp-json\/wp\/v2\/types\/page"}],"author":[{"embeddable":true,"href":"https:\/\/www.saiebologna.it\/it\/wp-json\/wp\/v2\/users\/33"}],"replies":[{"embeddable":true,"href":"https:\/\/www.saiebologna.it\/it\/wp-json\/wp\/v2\/comments?post=20502"}],"version-history":[{"count":4,"href":"https:\/\/www.saiebologna.it\/it\/wp-json\/wp\/v2\/pages\/20502\/revisions"}],"predecessor-version":[{"id":22366,"href":"https:\/\/www.saiebologna.it\/it\/wp-json\/wp\/v2\/pages\/20502\/revisions\/22366"}],"up":[{"embeddable":true,"href":"https:\/\/www.saiebologna.it\/it\/wp-json\/wp\/v2\/pages\/20150"}],"wp:attachment":[{"href":"https:\/\/www.saiebologna.it\/it\/wp-json\/wp\/v2\/media?parent=20502"}],"curies":[{"name":"wp","href":"https:\/\/api.w.org\/{rel}","templated":true}]}}