{"id":20798,"date":"2024-03-04T16:44:52","date_gmt":"2024-03-04T16:44:52","guid":{"rendered":"https:\/\/www.saiebologna.it\/?page_id=20798"},"modified":"2024-05-24T10:18:38","modified_gmt":"2024-05-24T10:18:38","slug":"riqualificazione-risanamento-restauro-edifici-storici","status":"publish","type":"page","link":"https:\/\/www.saiebologna.it\/it\/riqualificazione-risanamento-restauro-edifici-storici\/","title":{"rendered":"SAIE LAB &#8211; Firenze"},"content":{"rendered":"[vc_row equal_height=&#8221;yes&#8221;][vc_column css=&#8221;.vc_custom_1709570463812{background-image: url(\/public\/uploads\/sites\/9\/IMG_Header_FIRENZE.jpg?id=20799) !important;background-position: center !important;background-repeat: no-repeat !important;background-size: cover !important;}&#8221;][vc_empty_space][vc_row_inner][vc_column_inner][vc_column_text el_class=&#8221;py-lg-2 px-lg-2&#8243;]\n<h1 style=\"text-align: center\"><span style=\"color: #ffffff\">SAIE LAB &#8211; Riqualificazione, risanamento e restauro degli edifici storici<\/span><\/h1>\n<p class=\"subtitle text-black\" style=\"text-align: center;color: #000\"><span style=\"color: #ffffff\"><img decoding=\"async\" loading=\"lazy\" class=\"alignnone wp-image-9203\" src=\"\/public\/uploads\/sites\/13\/Location_black-1.png\" alt=\"\" width=\"40\" height=\"40\" \/>Istituto degli Innocenti, FIRENZE<\/span><br \/>\n<span style=\"color: #ffffff\"><img decoding=\"async\" loading=\"lazy\" class=\"alignnone size-full wp-image-9213\" src=\"\/public\/uploads\/sites\/13\/Calendar_1.png\" alt=\"\" width=\"40\" height=\"40\" \/>8 Maggio 2024<br \/>\n<\/span>[\/vc_column_text][\/vc_column_inner][\/vc_row_inner][vc_empty_space][\/vc_column][\/vc_row][vc_row equal_height=&#8221;yes&#8221;][vc_column][vc_empty_space][vc_row_inner equal_height=&#8221;yes&#8221; content_placement=&#8221;middle&#8221;][vc_column_inner el_class=&#8221;py-lg-2 px-lg-5 text-left&#8221; width=&#8221;2\/3&#8243;][vc_column_text el_class=&#8221;my-1&#8243;]\n<h3 style=\"text-align: left\">Riqualificazione, risanamento e restauro degli edifici storici<\/h3>\n<p>Proseguono gli appuntamenti dei<strong> SAIE LAB \u2013 Laboratori itineranti del saper fare<\/strong>, un ciclo di incontri tecnici che attraversano il territorio italiano fino alla prossima edizione di <strong>SAIE Bologna<\/strong> \u2013 9\/12 ottobre 2024.<\/p>\n<p>Ad ospitare la <strong>seconda tappa<\/strong> dei SAIE LAB \u00e8 stata la citt\u00e0 di <strong>Firenze<\/strong>, con un focus dedicato al <strong>risanamento<\/strong>, alla <strong>riqualificazione<\/strong> e al <strong>restauro<\/strong> degli <strong>edifici storici<\/strong> in<strong> ambito strutturale, architettonico, urbanistico ed energetico<\/strong>.<\/p>\n<p>Gli interventi tecnici hanno approfondito i temi relativi alla <strong>salvaguardia<\/strong>, al <strong>miglioramento sismico <\/strong>e alle <strong>nuove tecnologie<\/strong> e <strong>innovazioni<\/strong> per l\u2019<strong>efficientamento energetico<\/strong> ed il <strong>comfort<\/strong> degli <strong>edifici storici<\/strong>.<\/p>\n<p><span class=\"ui-provider a b c d e f g h i j k l m n o p q r s t u v w x y z ab ac ae af ag ah ai aj ak\" dir=\"ltr\">Un evento in cui <strong>imprese, progettisti, geometri, ingegneri, geologi ed architetti<\/strong> hanno potuto confrontarsi su tecnologie, materiali e soluzioni concrete e realmente applicabili per la riqualificazione, il risanamento ed il restauro degli edifici storici.<\/span><\/p>\n<p><strong>Al dibattito \u00e8 stata affiancata la presentazione di dati territoriali dell\u2019Osservatorio SAIE<\/strong>, con le analisi congiunturali e previsionali delle aziende locali appartenenti al mondo dell\u2019industria e delle costruzioni.<\/p>\n<hr \/>\n<p><strong>I vantaggi di partecipare ai SAIE LAB:<\/strong><\/p>\n<ul>\n<li>aggiornarsi su<strong> metodologie e strumenti pratici<\/strong> per raggiungere il massimo grado di efficientamento energetico nel rispetto del valore storico-artistico degli edifici<\/li>\n<li>approfondire le <strong>tecniche per la progettazione<\/strong> degli interventi di restauro e recupero strutturale<\/li>\n<li><strong>migliorare la qualit\u00e0 del patrimonio storico<\/strong> attraverso l\u2019innovazione tecnologica<\/li>\n<li>comprendere quali sono i migliori interventi per <strong>ridurre la vulnerabilit\u00e0 sismica<\/strong> e per la <strong>messa in sicurezza<\/strong> degli edifici storici<\/li>\n<li>confrontarsi sull\u2019utilizzo di <strong>materiali innovativi e sostenibili<\/strong> a servizio della riqualificazione e del restauro<\/li>\n<li>prendere spunto da <strong>case history e cantieri realizzati nel territorio<\/strong> attraverso le testimonianze e il <strong>\u201csaper fare\u201d <\/strong>dei tecnici che hanno realizzato progetti e interventi.<\/li>\n<\/ul>\n[\/vc_column_text][vc_empty_space][vc_column_text]<a class=\"btn btn-lg\" href=\"https:\/\/www.saiebologna.it\/it\/lab\/#form\" target=\"_blank\" rel=\"noopener\">Il programma \u00bb<\/a> <a class=\"btn btn-lg btn-primary\" href=\"https:\/\/www.saiebologna.it\/it\/comunicati\/firenze-saie-lab-riqualificazione-edifici-storici\/\">Leggi il comunicato stampa<\/a>[\/vc_column_text][vc_separator][vc_column_text]\n<h4 style=\"text-align: left\">Leggi la rassegna stampa<\/h4>\n<p><a class=\"btn btn-lg\" href=\"\/public\/uploads\/sites\/9\/Rassegna-stampa_SAIE-LAB-FIRENZE_8_05_2024_compressed_PARTE_1.pdf\">Parte 1<\/a> <a class=\"btn btn-lg\" href=\"\/public\/uploads\/sites\/9\/Rassegna-stampa_SAIE-LAB-FIRENZE_8_05_2024_compressed_PARTE_2.pdf\">Parte 2<\/a>[\/vc_column_text][\/vc_column_inner][vc_column_inner el_class=&#8221;py-lg-2 px-lg-5 bg-darker&#8221; width=&#8221;1\/3&#8243;][vc_column_text]\n<h5 style=\"text-align: left\">Al via gli appuntamenti di SAIE LAB \u2013 Laboratori itineranti del saper fare, un ciclo di incontri tecnici che attraverseranno il territorio italiano fino alla prossima edizione di <strong>SAIE Bologna \u2013 9\/12 ottobre 2024.<\/strong><\/h5>\n[\/vc_column_text][vc_separator color=&#8221;white&#8221;][vc_wp_custommenu nav_menu=&#8221;362&#8243;][vc_empty_space height=&#8221;60px&#8221;][\/vc_column_inner][\/vc_row_inner][\/vc_column][\/vc_row][vc_row equal_height=&#8221;yes&#8221; el_id=&#8221;programma&#8221;][vc_column][vc_empty_space][vc_row_inner equal_height=&#8221;yes&#8221; content_placement=&#8221;top&#8221;][vc_column_inner el_class=&#8221;col-img&#8221; width=&#8221;1\/3&#8243; css=&#8221;.vc_custom_1709636170320{background-image: url(\/public\/uploads\/sites\/9\/IMG_Firenze_WEB-1.jpg?id=20836) !important;background-position: center !important;background-repeat: no-repeat !important;background-size: cover !important;}&#8221;][\/vc_column_inner][vc_column_inner el_class=&#8221;py-lg-2 px-lg-5 bg-gray&#8221; width=&#8221;2\/3&#8243;][vc_column_text]\n<h3 style=\"text-align: left\">Programma dell&#8217;evento<\/h3>\n<p>Modera: <em>Ing. Andrea Dari, Direttore INGENIO<\/em><\/p>\n<p>8:30 <strong>Registrazione Partecipanti<\/strong>[\/vc_column_text][vc_separator color=&#8221;orange&#8221;][vc_column_text]9:00 <strong>Saluti Istituzionali<\/strong><\/p>\n<p>Modera: Ing. Andrea Dari, Direttore INGENIO<\/p>\n<p>Braccio Oddi Baglioni, Vice Presidente Federcostruzioni<br \/>\nMarco Bressan, Consigliere ISI &#8211; Ingegneria Sismica Italiana<br \/>\nAlfredo Alunni Macerini, Coordinatore OICE Toscana<br \/>\nChiara Frangerini, Presidente ANCE Toscana Giovani<br \/>\nTommaso Sironi, Project Manager SAIE \u2013 Senaf<\/p>\n<p>9:30\u00a0 <strong>Presentazione Dati Osservatorio SAIE relativi al territorio <\/strong><br \/>\nA cura di GRS Research &amp; Strategy<\/p>\n<p>9:45 <strong>Assorestauro, un network di eccellenze tra innovazione e tradizione nel restauro del Duomo di Firenze<\/strong><br \/>\nArch. Andrea Griletto, Direttore Assorestauro<\/p>\n<p>10:00 <strong>Restauro \u00e8 progetto: dialoghi inediti tra conservazione e trasformazione<br \/>\n<\/strong>Prof. Maurizio De Vita &#8211; Professore ordinario di Restauro presso il Dipartimento di Architettura dell&#8217;Universit\u00e0 degli Studi di Firenze<\/p>\n<p>10:25 <strong>Studi e interpretazione del sisma. Il comportamento delle strutture in muratura durante il fenomeno<br \/>\n<\/strong>Ing. Arch. Massimo Mariani, Consiglio Superiore LL. PP. &#8211; Presidente Centro Studi Sisto Mastrodicasa<\/p>\n<p>10:50\u00a0 <strong>Intervenire per migliorare l\u2019efficienza energetica di edifici storici<br \/>\n<\/strong>Ing. Luca Rollino, CEO Xori Group<\/p>\n<p>11:15\u00a0 <strong>Soluzioni tecnologiche per l\u2019efficienza energetica e comfort negli edifici storici<br \/>\n<\/strong>Ing. Massimo Perotto, ANIE<\/p>\n<p>11:40 \u2013 12:40<strong> Presentazioni Case History e cantieri del territorio<\/strong><\/p>\n<p><em>con il coinvolgimento delle aziende sponsor<\/em><\/p>\n<ul>\n<li><strong>Salvaguardare la storia: il restauro della statua di Luigi XIV a Lione<\/strong> &#8211; Laura Casparrini, BauWatch<\/li>\n<li><strong>Da luogo dimenticato a oasi di cura e sostenibilit\u00e0: la rinascita del borgo di Mezzana<\/strong> &#8211; Giuseppe Lombardi, Bono Ingegneria<\/li>\n<li><strong>Messa in sicurezza del paramento murario della Torre dell\u2019Orologio del Palazzo delle Poste a Massa Carrara<\/strong> \u2013 Luciano Di Paolo, G&amp;P Intech<\/li>\n<li><strong>Restauro Conservativo tra passato e futuro: il restauro delle Terme del Corallo e l&#8217;efficientamento energetico dell&#8217;Accademia Navale a Livorno<\/strong> \u2013 Saverio De Francesco, Frangerini Impresa<\/li>\n<li><strong>Montemurlo: Le soluzioni di Isolcore per tetto, soffitti e pavimentazioni<\/strong> \u2013 Niccol\u00f2 Zelandi, Isolcore<\/li>\n<li><strong>Intervento di riqualificazione in Piazza San Marco a Firenze\u00a0\u2013<\/strong>\u00a0Davide Fatigati, Pantecnica<\/li>\n<\/ul>\n<p>12:40<strong> Domande e Risposte<\/strong><\/p>\n<p>Modera: Ing. Andrea Dari, Direttore INGENIO<\/p>\n<p>13:00<strong>\u00a0Fine dei lavori e aperitivo di networking<\/strong>[\/vc_column_text][\/vc_column_inner][\/vc_row_inner][\/vc_column][\/vc_row][vc_row el_class=&#8221;py-lg-2 px-lg-5&#8243;][vc_column][vc_empty_space][vc_column_text]\n<p style=\"text-align: center\"><em>Premium Sponsor<\/em><\/p>\n[\/vc_column_text][vc_separator][vc_row_inner][vc_column_inner width=&#8221;1\/6&#8243;][vc_single_image image=&#8221;21851&#8243; img_size=&#8221;full&#8221; alignment=&#8221;center&#8221;][\/vc_column_inner][vc_column_inner width=&#8221;1\/6&#8243;][vc_single_image image=&#8221;21854&#8243; img_size=&#8221;full&#8221; alignment=&#8221;center&#8221;][\/vc_column_inner][vc_column_inner width=&#8221;1\/6&#8243;][vc_single_image image=&#8221;21843&#8243; img_size=&#8221;full&#8221; alignment=&#8221;center&#8221;][\/vc_column_inner][vc_column_inner width=&#8221;1\/6&#8243;][vc_single_image image=&#8221;21273&#8243; img_size=&#8221;full&#8221; alignment=&#8221;center&#8221;][\/vc_column_inner][vc_column_inner width=&#8221;1\/6&#8243;][vc_single_image image=&#8221;20821&#8243; img_size=&#8221;full&#8221; alignment=&#8221;center&#8221;][\/vc_column_inner][vc_column_inner width=&#8221;1\/6&#8243;][vc_single_image image=&#8221;21247&#8243; img_size=&#8221;full&#8221; alignment=&#8221;center&#8221;][\/vc_column_inner][\/vc_row_inner][\/vc_column][\/vc_row][vc_row el_class=&#8221;py-lg-2 px-lg-5&#8243;][vc_column width=&#8221;1\/6&#8243;][\/vc_column][vc_column width=&#8221;2\/3&#8243;][vc_column_text]\n<p style=\"text-align: center\"><em>Event Sponsor<\/em><\/p>\n[\/vc_column_text][vc_separator][vc_row_inner][vc_column_inner width=&#8221;1\/3&#8243;][vc_single_image image=&#8221;20823&#8243; img_size=&#8221;full&#8221; alignment=&#8221;center&#8221;][\/vc_column_inner][vc_column_inner width=&#8221;1\/3&#8243;][vc_single_image image=&#8221;21302&#8243; img_size=&#8221;full&#8221; alignment=&#8221;center&#8221;][\/vc_column_inner][vc_column_inner width=&#8221;1\/3&#8243;][vc_single_image image=&#8221;20825&#8243; img_size=&#8221;full&#8221; alignment=&#8221;center&#8221;][\/vc_column_inner][\/vc_row_inner][\/vc_column][vc_column width=&#8221;1\/6&#8243;][\/vc_column][\/vc_row][vc_row css=&#8221;.vc_custom_1712320203090{background-color: #fcf1de !important;}&#8221; el_class=&#8221;py-lg-2 px-lg-5&#8243;][vc_column][vc_empty_space][vc_text_separator title=&#8221;&#8221; i_icon_fontawesome=&#8221;fas fa-quote-left&#8221; i_color=&#8221;custom&#8221; color=&#8221;custom&#8221; add_icon=&#8221;true&#8221; i_custom_color=&#8221;#eb5b37&#8243; accent_color=&#8221;#a8a8a8&#8243;][vc_column_text]\n<h3 style=\"text-align: center\"><b>La parola degli Sponsor<\/b><\/h3>\n[\/vc_column_text][vc_row_inner content_placement=&#8221;top&#8221;][vc_column_inner width=&#8221;1\/2&#8243;][vc_column_text css_animation=&#8221;fadeIn&#8221; el_class=&#8221;py-lg-1 px-lg-1&#8243;]\n<p style=\"text-align: center\"><em>\u201cPer il settore del restauro degli edifici storici, BauWatch offre soluzioni di videosorveglianza temporanee o semipermanenti che sono appositamente progettate per garantire la massima protezione durante i lavori di riqualificazione e restauro degli edifici storici. Ci\u00f2 che offriamo di nuovo e innovativo \u00e8 l\u2019utilizzo di tecnologie all\u2019avanguardia, come telecamere ad alta definizione, sistemi di rilevamento del movimento avanzati e connettivit\u00e0 intelligente. Questi strumenti consentono una sorveglianza efficace e discreta, preservando l\u2019integrit\u00e0 architettonica degli edifici storici mentre proteggono contro furti, intrusioni e danni. Il restauro della statua di Luigi XIV a Lione, dopo quasi due secoli dalla sua installazione, che presentava danni estesi, come crepe, ossidazione del ferro e fragilit\u00e0 della base in marmo, dimostra l\u2019impegno e la competenza di BauWatch nel campo del restauro degli edifici storici\u201d. <strong><a href=\"https:\/\/www.saiebologna.it\/it\/news\/intervista-bauwatch\/\">Leggi l&#8217;intervista completa \u00bb<\/a><\/strong><\/em><\/p>\n<p style=\"text-align: center\"><span style=\"color: #eb5b37\"><strong>Laura Casparrini<\/strong>, BauWatch<\/span><\/p>\n[\/vc_column_text][\/vc_column_inner][vc_column_inner width=&#8221;1\/2&#8243;][vc_column_text]\n<p style=\"text-align: center\"><em>\u201cSiamo orgogliosi di essere stati parte di un ambizioso progetto, la rinascita del borgo di Mezzana, in provincia di Prato, che ha rappresentato per noi la realizzazione di un obiettivo ben pi\u00f9 grande di una semplice ricostruzione, la vera e propria riscoperta di un luogo. Il nostro intervento ha previsto la ricostruzione di un complesso di fabbricati nel pieno rispetto della preesistenza e del carattere locale e la riqualificazione dell\u2019ambiente esterno circostante. Il connubio tra la tecnica e la funzione ha reso possibile la rivitalizzazione di questi luoghi, che in alternativa sarebbero rimasti abbandonati\u201d. <strong><a href=\"https:\/\/www.saiebologna.it\/it\/news\/intervista-bono-ingegneria\/\">Leggi l&#8217;intervista completa \u00bb<\/a><\/strong><\/em><\/p>\n<p style=\"text-align: center\"><span style=\"color: #eb5b37\"><strong>Giuseppe Lombardi<\/strong>, Bono Ingegneria<\/span><\/p>\n[\/vc_column_text][\/vc_column_inner][\/vc_row_inner][vc_row_inner content_placement=&#8221;top&#8221;][vc_column_inner width=&#8221;1\/2&#8243;][vc_column_text]\n<p style=\"text-align: center\"><em>\u201cProgetto Sisma \u00e8 stata coinvolta nell&#8217;intervento di adeguamento sismico ed efficientamento energetico dell&#8217;Istituto &#8220;L. Da Vinci&#8221; a Poggibonsi (SI). L&#8217;edificio scolastico presentava una struttura a telaio in cemento armato con pareti di tamponamento in muratura, caratterizzate da un doppio paramento con una camera d\u2019aria interna. Una volta esaminate le condizioni delle pareti, particolarmente snelle e sensibili al rischio di ribaltamento fuori piano, Progetto Sisma ha proposto l\u2019applicazione del sistema di rinforzo Sismagrid, costituito da una rete a maglia quadrata in acciaio, formata da bande metalliche di basso spessore, installabile direttamente su pareti esterne (o interne) sia intonacate che faccia vista. L&#8217;intervento proposto ha permesso di effettuare contestualmente sia l&#8217;antiribaltamento che l&#8217;ammorsamento dei due paramenti che costituiscono la tamponatura stessa\u201d. <strong><a href=\"https:\/\/www.saiebologna.it\/it\/news\/intervista-progetto-sisma\/\">Leggi l&#8217;intervista completa \u00bb<\/a><\/strong><\/em><\/p>\n<p style=\"text-align: center\"><span style=\"color: #eb5b37\"><strong>Lorenzo Mancaniello<\/strong>, Progetto Sisma<\/span><\/p>\n[\/vc_column_text][\/vc_column_inner][vc_column_inner width=&#8221;1\/2&#8243;][vc_column_text]\n<p style=\"text-align: center\"><em>\u201cPantecnica ha sviluppato degli innovativi pannelli antivibrazioni denominati NoViDamp\u00ae, che in estrema sintesi ci consentono di progettarli in modo che le rispettive prestazioni non dipendano dal materiale bens\u00ec dalla particolare ottimizzazione della topologia interna della struttura del prodotto finito, e tali peculiarit\u00e0 sono particolarmente apprezzate proprio per la tutela dei beni culturali. Nel 2023, durante i lavori per la realizzazione della tratta tramviaria VACS lotto 2, siamo stati interpellati per tutelare la Basilica di Piazza San Marco a Firenze, per ridurre l\u2019impatto delle vibrazioni trasmesse agli edifici dal traffico veicolare\u201d. <strong><a href=\"https:\/\/www.saiebologna.it\/it\/news\/intervista-pantecnica\/\">Leggi l&#8217;intervista completa \u00bb<\/a><\/strong><\/em><\/p>\n<p style=\"text-align: center\"><span style=\"color: #eb5b37\"><strong>Davide Fatigati<\/strong>, Pantecnica<\/span><\/p>\n[\/vc_column_text][\/vc_column_inner][\/vc_row_inner][vc_text_separator title=&#8221;&#8221; i_icon_fontawesome=&#8221;fas fa-quote-right&#8221; i_color=&#8221;custom&#8221; color=&#8221;custom&#8221; add_icon=&#8221;true&#8221; i_custom_color=&#8221;#eb5b37&#8243; accent_color=&#8221;#a8a8a8&#8243;][\/vc_column][\/vc_row][vc_row css=&#8221;.vc_custom_1712130230875{background-color: #f9f9f9 !important;}&#8221; el_class=&#8221;py-lg-2 px-lg-5&#8243;][vc_column][vc_empty_space][vc_text_separator title=&#8221;&#8221; i_icon_fontawesome=&#8221;fas fa-quote-left&#8221; i_color=&#8221;custom&#8221; color=&#8221;custom&#8221; add_icon=&#8221;true&#8221; i_custom_color=&#8221;#eb5b37&#8243; accent_color=&#8221;#a8a8a8&#8243;][vc_column_text]\n<h3 style=\"text-align: center\"><b>La parola dei Partner<\/b><\/h3>\n[\/vc_column_text][vc_row_inner][vc_column_inner width=&#8221;1\/3&#8243;][vc_column_text]<em>\u201cL\u2019utilizzo delle nuove tecnologie trova nei restauri architettonici un campo di applicazione in cui risulta evidente come l\u2019innovazione possa essere al servizio della conservazione di beni di rilevanza storica e artistica consentendo interventi che siano al contempo scientifici, completi e soprattutto non invasivi\u201d.<\/em><\/p>\n<p style=\"text-align: left\"><span style=\"color: #eb5b37\"><strong>Ing. Massimo Perotto<br \/>\n<\/strong><em>ANIE<\/em><\/span>[\/vc_column_text][\/vc_column_inner][vc_column_inner width=&#8221;1\/3&#8243;][vc_column_text]\n<p style=\"text-align: center\"><em>\u201cIl patrimonio edilizio italiano \u00e8 composto in massima parte da edifici costruiti prima del 1990, e per circa il 50% da edifici costruiti prima del 1945. Alcuni di questi sono caratterizzati da peculiarit\u00e0 artistiche e architettoniche, anche di notevole pregio. Intervenire per incrementare l\u2019efficienza energetica e per aumentare la sostenibilit\u00e0 ambientale, significa innanzitutto considerare questi aspetti, individuando quegli specifici interventi in grado di ridurre consumi ed emissioni compatibilmente con il rispetto dei vincoli architettonici, siano essi formali o \u201csoltanto morali\u201d.<\/em><\/p>\n<p style=\"text-align: center\"><span style=\"color: #eb5b37\"><strong>Ing. Luca Rollino<br \/>\n<\/strong><\/span><em><span style=\"color: #eb5b37\">CEO C2R<\/span><\/em>[\/vc_column_text][\/vc_column_inner][vc_column_inner width=&#8221;1\/3&#8243;][vc_column_text]\n<p style=\"text-align: right\"><em>\u201cDurante il convegno parleremo degli effetti sulle murature esistenti della disgregazione muraria, della memoria del danno sub\u00ecto, della fatica e isteresi, della componente verticale del sisma, e delle sollecitazioni impulsive Jerk\u201d.<\/em><\/p>\n<p style=\"text-align: right\"><span style=\"color: #eb5b37\"><strong>Ing. Massimo Mariani<\/strong><br \/>\n<\/span><span style=\"color: #eb5b37\"><em>Consigliere CNI<\/em><\/span>[\/vc_column_text][\/vc_column_inner][\/vc_row_inner][vc_text_separator title=&#8221;&#8221; i_type=&#8221;typicons&#8221; i_icon_typicons=&#8221;typcn typcn-media-record&#8221; i_color=&#8221;custom&#8221; color=&#8221;custom&#8221; add_icon=&#8221;true&#8221; i_custom_color=&#8221;#eb5b37&#8243; accent_color=&#8221;#f9f9f9&#8243;][vc_row_inner][vc_column_inner][vc_column_text]\n<p style=\"text-align: center\"><em>\u201cI progetti di restauro degli edifici storici oggi devono integrare i principi dell&#8217;architettura adattiva, coniugando conservazione e trasformazione perch\u00e8 gli edifici storici possano diventare hub culturali generando valore economico e culturale. In tal e contesto l&#8217;impiego di tecnologie come la modellazione dei dati dell&#8217;edificio (BIM) e la realt\u00e0 aumentata rende possibile una conservazione precisa e un restauro che armonizza vecchi e nuovi materiali in maniera efficace. La conservazione diventa cos\u00ec un pilastro essenziale per lo sviluppo sostenibile e l&#8217;integrazione comunitaria, rendendo il patrimonio storico un asset vivo e dinamico per le generazioni future. Il coinvolgimento sociale \u00e8 fondamentale: coinvolgere la comunit\u00e0 nei progetti di conservazione aumenta la consapevolezza e il supporto pubblico, rafforzando il legame tra passato e presente. La conservazione, quindi, agisce come un catalizzatore per il rinnovamento urbano, utilizzando gli edifici storici come elementi attivi nel tessuto sociale ed economico, promuovendo interazione e sostenibilit\u00e0. Il ruolo che ci aspettiamo da SAIE \u00e8 quello di realizzare la piazza in cui mettere insieme questi valori e le innovazioni, per rendere concreta questa nuova visione del concetto di conservazione\/trasformazione\u201d.<\/em><\/p>\n<p style=\"text-align: center\"><span style=\"color: #eb5b37\"><strong>Andrea Dari<br \/>\n<\/strong><\/span><em><span style=\"color: #eb5b37\">Editore di Ingenio<\/span><\/em><\/p>\n[\/vc_column_text][\/vc_column_inner][\/vc_row_inner][vc_text_separator title=&#8221;&#8221; i_type=&#8221;typicons&#8221; i_icon_typicons=&#8221;typcn typcn-media-record&#8221; i_color=&#8221;custom&#8221; color=&#8221;custom&#8221; add_icon=&#8221;true&#8221; i_custom_color=&#8221;#eb5b37&#8243; accent_color=&#8221;#f9f9f9&#8243;][vc_row_inner equal_height=&#8221;yes&#8221;][vc_column_inner el_class=&#8221;py-lg-1 px-lg-1&#8243; width=&#8221;1\/3&#8243;][vc_column_text css_animation=&#8221;fadeIn&#8221; el_class=&#8221;py-lg-1 px-lg-1&#8243;]\n<p style=\"text-align: left\"><em>\u201cL\u2019Italia vanta un patrimonio immobiliare di rilevante valore storico, che contribuisce al mantenimento dell\u2019identit\u00e0 del nostro Paese. Per sfruttare al meglio tutte le potenzialit\u00e0 di tale ricchezza, occorrono interventi mirati per garantire la conservazione della qualit\u00e0 estetica e, nello stesso tempo, rendere efficienti e sostenibili gli edifici storici, in un\u2019ottica di rigenerazione urbana, riduzione del consumo del suolo, efficientamento energetico e sicurezza degli edifici. In questo senso diventano strategiche le imprese del settore edile in grado di riqualificare, risanare e restaurare gli edifici storici e quindi creare valore aggiunto per il territorio in termini economici, sociali e ambientali, nel rispetto della tradizione e della storia. Queste sono tematiche care ad Ance Toscana, a sostegno delle iniziative volte al recupero e alla valorizzazione degli edifici storici\u201d.<\/em><\/p>\n<p style=\"text-align: left\"><em><span style=\"color: #eb5b37\">ANCE TOSCANA<\/span><\/em><\/p>\n[\/vc_column_text][\/vc_column_inner][vc_column_inner width=&#8221;1\/3&#8243;][vc_column_text css_animation=&#8221;fadeIn&#8221; el_class=&#8221;py-lg-1 px-lg-1&#8243;]\n<p style=\"text-align: center\"><em>\u201cIl restauro del patrimonio storico, quando vincolato, la riqualificazione e risanamento del costruito diffuso con valenza storico-testimoniale, rappresentano oggi una parte significativa del contesto economico nazionale ed un driver sempre pi\u00f9 importante per l\u2019internazionalizzazione delle competenze e tecnologie dedicate al settore. Riteniamo che il modello del restauro \u2013 conoscere per conservare \u2013 dovrebbe essere posto alla base di tutte le attivit\u00e0 legate alla tutela e valorizzazione del nostro tessuto storico \u2013 vero ed inestimabile patrimonio italiano \u2013 allargando sempre pi\u00f9 il loro ambito di azione dal monumento verso i tessuti storici consolidati, i centri cittadini e le architetture vernacolari e rurali che affollano il nostro territorio e che sono il patrimonio maggiormente a rischio. Le grandi competenze tecniche e di metodo che connotano gli operatori di settore, oggi, devono aprirsi ad un pubblico pi\u00f9 vasto, rivendicando un ruolo da protagonista nelle dinamiche di trasformazione del nostro patrimonio costruito, richieste dalla transizione ecologica, dalla messa in sicurezza sismica e ambientale, mantenendo la centralit\u00e0 del valore storico come elemento di crescita economica\u201d.<\/em><\/p>\n<p style=\"text-align: center\"><em><span style=\"color: #eb5b37\">ASSORESTAURO<\/span><\/em><\/p>\n[\/vc_column_text][\/vc_column_inner][vc_column_inner width=&#8221;1\/3&#8243;][vc_column_text css_animation=&#8221;fadeIn&#8221; el_class=&#8221;py-lg-1 px-lg-1&#8243;]\n<p style=\"text-align: right\"><em>\u201cANTEL patrocina questa importante iniziativa, in considerazione dell\u2019enorme patrimonio edilizio storico, la cui gestione, manutenzione e cura spesso sono a carico di Enti Locali e dei Tecnici che rappresentiamo.<br \/>\nL\u2019urgente obbiettivo della RIQUALIFICAZIONE spesso si scontra con risorse economiche ridotte o complesse da gestire, il RISANAMENTO crea le condizioni per l\u2019utilizzo migliore e l\u2019efficientamento, il RESTAURO crea un volano per il turismo; sono tutti valori aggiunti per edifici spesso vittime di declino rapido causato spesso da patologie edilizie importanti;<br \/>\nIl monitoraggio, l\u2019investimento sulle competenze tecniche, la giusta scelta di destinazione sono tra gli argomenti da non sottovalutare; l\u2019utilizzo di strumenti tecnologici avanzati, uniti ad una diagnostica scientifica sono la giusta filosofia per un approccio che dev\u2019essere anche di tipo olistico e multidisciplinare.<br \/>\nLa CONSERVAZIONE infine \u00e8 un dovere morale per trasmettere il patrimonio storico e artistico intatto o migliore di come l\u2019abbiamo trovato.<br \/>\n\u201d.<\/em><\/p>\n<p style=\"text-align: right\"><em><span style=\"color: #eb5b37\">ANTEL<\/span><\/em><\/p>\n[\/vc_column_text][\/vc_column_inner][\/vc_row_inner][vc_text_separator title=&#8221;&#8221; i_icon_fontawesome=&#8221;fas fa-quote-right&#8221; i_color=&#8221;custom&#8221; color=&#8221;custom&#8221; add_icon=&#8221;true&#8221; i_custom_color=&#8221;#eb5b37&#8243; accent_color=&#8221;#a8a8a8&#8243;][vc_empty_space][\/vc_column][\/vc_row][vc_row el_class=&#8221;py-lg-2 px-lg-5&#8243;][vc_column][vc_column_text]\n<p style=\"text-align: center\"><em>Con il patrocinio di<\/em><\/p>\n[\/vc_column_text][vc_separator][vc_row_inner][vc_column_inner width=&#8221;1\/5&#8243;][vc_single_image image=&#8221;21457&#8243; img_size=&#8221;full&#8221; alignment=&#8221;center&#8221;][\/vc_column_inner][vc_column_inner width=&#8221;1\/5&#8243;][vc_single_image image=&#8221;21447&#8243; img_size=&#8221;full&#8221; alignment=&#8221;center&#8221;][\/vc_column_inner][vc_column_inner width=&#8221;1\/5&#8243;][vc_single_image image=&#8221;21909&#8243; img_size=&#8221;full&#8221; alignment=&#8221;center&#8221;][\/vc_column_inner][vc_column_inner width=&#8221;1\/5&#8243;][vc_single_image image=&#8221;21027&#8243; img_size=&#8221;full&#8221; alignment=&#8221;center&#8221;][\/vc_column_inner][vc_column_inner width=&#8221;1\/5&#8243;][vc_single_image image=&#8221;22065&#8243; img_size=&#8221;full&#8221; alignment=&#8221;center&#8221;][\/vc_column_inner][\/vc_row_inner][vc_row_inner][vc_column_inner width=&#8221;1\/5&#8243;][vc_single_image image=&#8221;21975&#8243; img_size=&#8221;full&#8221; alignment=&#8221;center&#8221;][\/vc_column_inner][vc_column_inner width=&#8221;1\/5&#8243;][vc_single_image image=&#8221;21838&#8243; img_size=&#8221;full&#8221; alignment=&#8221;center&#8221;][\/vc_column_inner][vc_column_inner width=&#8221;1\/5&#8243;][vc_single_image image=&#8221;21750&#8243; img_size=&#8221;full&#8221; alignment=&#8221;center&#8221;][\/vc_column_inner][vc_column_inner width=&#8221;1\/5&#8243;][vc_single_image image=&#8221;21754&#8243; img_size=&#8221;full&#8221; alignment=&#8221;center&#8221;][\/vc_column_inner][vc_column_inner width=&#8221;1\/5&#8243;][vc_single_image image=&#8221;20683&#8243; img_size=&#8221;full&#8221; alignment=&#8221;center&#8221;][\/vc_column_inner][\/vc_row_inner][vc_row_inner][vc_column_inner width=&#8221;1\/5&#8243;][vc_single_image image=&#8221;6792&#8243; img_size=&#8221;full&#8221; alignment=&#8221;center&#8221;][\/vc_column_inner][vc_column_inner width=&#8221;1\/5&#8243;][vc_single_image image=&#8221;21286&#8243; img_size=&#8221;full&#8221; alignment=&#8221;center&#8221;][\/vc_column_inner][vc_column_inner width=&#8221;1\/5&#8243;][vc_single_image image=&#8221;21748&#8243; img_size=&#8221;full&#8221; alignment=&#8221;center&#8221;][\/vc_column_inner][vc_column_inner width=&#8221;1\/5&#8243;][vc_single_image image=&#8221;21972&#8243; img_size=&#8221;full&#8221; alignment=&#8221;center&#8221;][\/vc_column_inner][vc_column_inner width=&#8221;1\/5&#8243;][vc_single_image image=&#8221;21008&#8243; img_size=&#8221;full&#8221; alignment=&#8221;center&#8221;][\/vc_column_inner][\/vc_row_inner][vc_row_inner][vc_column_inner width=&#8221;1\/6&#8243;][\/vc_column_inner][vc_column_inner width=&#8221;1\/6&#8243;][vc_single_image image=&#8221;21574&#8243; img_size=&#8221;full&#8221; alignment=&#8221;center&#8221;][\/vc_column_inner][vc_column_inner width=&#8221;1\/6&#8243;][vc_single_image image=&#8221;21876&#8243; img_size=&#8221;full&#8221; alignment=&#8221;center&#8221;][\/vc_column_inner][vc_column_inner width=&#8221;1\/6&#8243;][vc_single_image image=&#8221;21124&#8243; img_size=&#8221;full&#8221; alignment=&#8221;center&#8221;][\/vc_column_inner][vc_column_inner width=&#8221;1\/6&#8243;][vc_single_image image=&#8221;21228&#8243; img_size=&#8221;full&#8221; alignment=&#8221;center&#8221;][\/vc_column_inner][vc_column_inner width=&#8221;1\/6&#8243;][\/vc_column_inner][\/vc_row_inner][\/vc_column][\/vc_row][vc_row el_class=&#8221;py-lg-2 px-lg-5&#8243;][vc_column][vc_empty_space][vc_row_inner][vc_column_inner][vc_media_grid grid_id=&#8221;vc_gid:1715680493435-9e30984a-2fcf-7&#8243; include=&#8221;22352,22354,22356,22358,22360,22362&#8243;][\/vc_column_inner][\/vc_row_inner][\/vc_column][\/vc_row][vc_row el_class=&#8221;py-lg-2 px-lg-5&#8243;][vc_column][vc_row_inner][vc_column_inner][vc_separator][vc_column_text]\n<h6 style=\"text-align: center\"><a href=\"https:\/\/www.saiebologna.it\/it\/lab\/#4tappe\"><strong>Scopri le altre tappe dei SAIE LAB, clicca qui \u00bb<\/strong><\/a><\/h6>\n[\/vc_column_text][vc_separator][\/vc_column_inner][\/vc_row_inner][\/vc_column][\/vc_row]\n","protected":false},"excerpt":{"rendered":"<p>[vc_row equal_height=&#8221;yes&#8221;][vc_column css=&#8221;.vc_custom_1709570463812{background-image: url(\/public\/uploads\/sites\/9\/IMG_Header_FIRENZE.jpg?id=20799) !important;background-position: center !important;background-repeat: no-repeat !important;background-size: cover !important;}&#8221;][vc_empty_space][vc_row_inner][vc_column_inner][vc_column_text el_class=&#8221;py-lg-2 px-lg-2&#8243;] SAIE LAB &#8211; Riqualificazione, risanamento e restauro degli edifici storici Istituto degli Innocenti, FIRENZE 8 Maggio 2024 [\/vc_column_text][\/vc_column_inner][\/vc_row_inner][vc_empty_space][\/vc_column][\/vc_row][vc_row equal_height=&#8221;yes&#8221;][vc_column][vc_empty_space][vc_row_inner equal_height=&#8221;yes&#8221; content_placement=&#8221;middle&#8221;][vc_column_inner el_class=&#8221;py-lg-2 px-lg-5 text-left&#8221; width=&#8221;2\/3&#8243;][vc_column_text el_class=&#8221;my-1&#8243;] Riqualificazione, risanamento e restauro degli edifici storici Proseguono gli appuntamenti dei SAIE LAB \u2013 Laboratori itineranti [&hellip;]<\/p>\n","protected":false},"author":33,"featured_media":0,"parent":0,"menu_order":0,"comment_status":"closed","ping_status":"closed","template":"page-landing-noheader.php","meta":[],"acf":[],"aioseo_notices":[],"_links":{"self":[{"href":"https:\/\/www.saiebologna.it\/it\/wp-json\/wp\/v2\/pages\/20798"}],"collection":[{"href":"https:\/\/www.saiebologna.it\/it\/wp-json\/wp\/v2\/pages"}],"about":[{"href":"https:\/\/www.saiebologna.it\/it\/wp-json\/wp\/v2\/types\/page"}],"author":[{"embeddable":true,"href":"https:\/\/www.saiebologna.it\/it\/wp-json\/wp\/v2\/users\/33"}],"replies":[{"embeddable":true,"href":"https:\/\/www.saiebologna.it\/it\/wp-json\/wp\/v2\/comments?post=20798"}],"version-history":[{"count":3,"href":"https:\/\/www.saiebologna.it\/it\/wp-json\/wp\/v2\/pages\/20798\/revisions"}],"predecessor-version":[{"id":22382,"href":"https:\/\/www.saiebologna.it\/it\/wp-json\/wp\/v2\/pages\/20798\/revisions\/22382"}],"wp:attachment":[{"href":"https:\/\/www.saiebologna.it\/it\/wp-json\/wp\/v2\/media?parent=20798"}],"curies":[{"name":"wp","href":"https:\/\/api.w.org\/{rel}","templated":true}]}}