{"id":22251,"date":"2024-05-07T10:00:51","date_gmt":"2024-05-07T10:00:51","guid":{"rendered":"https:\/\/www.saiebologna.it\/?page_id=22251"},"modified":"2024-06-28T13:41:47","modified_gmt":"2024-06-28T13:41:47","slug":"evoluzione-progettuale-infrastrutture-logistica","status":"publish","type":"page","link":"https:\/\/www.saiebologna.it\/it\/lab\/evoluzione-progettuale-infrastrutture-logistica\/","title":{"rendered":"SAIE LAB &#8211; Verona"},"content":{"rendered":"[vc_row equal_height=&#8221;yes&#8221;][vc_column css=&#8221;.vc_custom_1715074358247{background-image: url(\/public\/uploads\/sites\/9\/SAIELAB_Verona_Logistica.png?id=22254) !important;background-position: center !important;background-repeat: no-repeat !important;background-size: cover !important;}&#8221;][vc_row_inner][vc_column_inner][vc_column_text el_class=&#8221;py-lg-2 px-lg-2&#8243;]\n<h1 style=\"text-align: center\"><span style=\"color: #ffffff\">SAIE LAB &#8211; Evoluzione progettuale e tecnica nelle infrastrutture e negli immobili per la logistica<\/span><\/h1>\n<blockquote><p>&nbsp;<\/p><\/blockquote>\n<p class=\"subtitle text-black\" style=\"text-align: center;color: #000\"><span style=\"color: #ffffff\"><img decoding=\"async\" loading=\"lazy\" class=\"alignnone wp-image-9203\" src=\"\/public\/uploads\/sites\/13\/Location_black-1.png\" alt=\"\" width=\"40\" height=\"40\" \/>M15 Magazzini delle Professioni, c\/o Ordine degli Architetti di Verona<\/span><br \/>\n<span style=\"color: #ffffff\"><img decoding=\"async\" loading=\"lazy\" class=\"alignnone size-full wp-image-9213\" src=\"\/public\/uploads\/sites\/13\/Calendar_1.png\" alt=\"\" width=\"40\" height=\"40\" \/>13 Giugno 2024<br \/>\n<\/span>[\/vc_column_text][\/vc_column_inner][\/vc_row_inner][vc_empty_space][\/vc_column][\/vc_row][vc_row equal_height=&#8221;yes&#8221;][vc_column][vc_empty_space][vc_row_inner equal_height=&#8221;yes&#8221; content_placement=&#8221;middle&#8221;][vc_column_inner el_class=&#8221;py-lg-2 px-lg-5 text-left&#8221; width=&#8221;2\/3&#8243;][vc_column_text el_class=&#8221;my-1&#8243;]\n<h3 style=\"text-align: left\">Evoluzione progettuale e tecnica nelle infrastrutture e negli immobili per la logistica<\/h3>\n<p>Proseguono gli appuntamenti dei<strong> SAIE LAB \u2013 Laboratori itineranti del saper fare<\/strong>, un ciclo di incontri tecnici che attraversano il territorio italiano fino alla prossima edizione di <strong>SAIE Bologna<\/strong> \u2013 9\/12 ottobre 2024.<\/p>\n<p>Dopo il successo di Firenze, che ha visto la partecipazione di 190 professionisti, i laboratori di SAIE si trasferiscono a <strong>Verona<\/strong>, crocevia logistico d\u2019Europa, con un focus dedicato a<strong> infrastrutture e costruzioni per la logistica. <\/strong><\/p>\n<p>La domanda di immobili e infrastrutture logistiche \u00e8 in continua crescita, con un alto fabbisogno di strutture tecnologiche, efficienti e sostenibili. La tappa di Verona dei SAIE LAB sar\u00e0 occasione per approfondire <b>tecnologie, materiali e sistemi per progettare, costruire, gestire e manutenere:<\/b><\/p>\n<ul>\n<li><strong>infrastrutture per la logistica<\/strong> (strade e autostrade, reti ferroviarie, gallerie, porti, e aeroporti )<\/li>\n<li><b>immobili per centri logistici <\/b>come magazzini, distripark, piattaforme logistiche, centri intermodali e interporti.<\/li>\n<\/ul>\n<p>Con il contributo di esperti e professionisti del settore, sar\u00e0 l\u2019occasione per esaminare le <b>migliori pratiche e le soluzioni all&#8217;avanguardia<\/b> per ottimizzare l&#8217;efficienza e la funzionalit\u00e0 di queste strutture fondamentali per il flusso delle merci, con un occhio di riguardo alla <b>sostenibilit\u00e0.<\/b><\/p>\n<p>Un evento in cui\u00a0<strong>imprese, progettisti, geometri, ingegneri, geologi ed architetti<\/strong> potranno confrontarsi su tecnologie, materiali e soluzioni concrete e realmente applicabili.<\/p>\n<p><b>Al dibattito sar\u00e0 affiancata la presentazione di dati territoriali dell\u2019Osservatorio SAIE<\/b>, con le analisi congiunturali e previsionali delle aziende locali appartenenti al mondo dell\u2019industria e delle costruzioni.<\/p>\n<hr \/>\n<p><strong>I vantaggi di partecipare al SAIE LAB di Verona:<\/strong><\/p>\n<ul>\n<li>aggiornarsi su<strong> metodologie e strumenti pratici<\/strong> per progettare e costruire nuovi immobili e infrastrutture che rispondono alle specifiche esigenze del settore logistica;<\/li>\n<li>approfondire <strong>tecnologie e modalit\u00e0<\/strong> per la riqualificazione, il recupero e la riconversione di strutture in aree logistiche;<\/li>\n<li><strong>migliorare la qualit\u00e0 <\/strong>attraverso l\u2019innovazione tecnologica;<\/li>\n<li>confrontarsi sulla tipologia di interventi necessari per raggiungere <strong>l\u2019efficientamento energetico e la sostenibilit\u00e0<\/strong> delle strutture logistiche;<\/li>\n<li>prendere spunto da <strong>case history e cantieri realizzati nel territorio<\/strong> attraverso le testimonianze e il <strong>\u201csaper fare\u201d <\/strong>dei tecnici che hanno realizzato progetti e interventi.<\/li>\n<\/ul>\n[\/vc_column_text][vc_empty_space][vc_column_text]<a class=\"btn btn-lg btn-primary\" href=\"#programma\">Il programma \u00bb<\/a> <a class=\"btn btn-lg btn-primary\" href=\"https:\/\/www.saiebologna.it\/it\/comunicati\/verona-saie-lab-evoluzione-progettuale-tecnica-infrastrutture-immobili-logistica\/\">Leggi il comunicato stampa<\/a>[\/vc_column_text][vc_separator color=&#8221;orange&#8221;][vc_column_text]<a class=\"btn btn-lg btn-primary\" href=\"\/public\/uploads\/sites\/9\/SAIE_LAB_VERONA_Rassegna_Stampa_14_06_2024.pdf\">Leggi la Rassegna Stampa<\/a>[\/vc_column_text][\/vc_column_inner][vc_column_inner el_class=&#8221;py-lg-2 px-lg-5 bg-darker&#8221; width=&#8221;1\/3&#8243;][vc_column_text]\n<h5 style=\"text-align: left\">Al via gli appuntamenti di SAIE LAB \u2013 Laboratori itineranti del saper fare, un ciclo di incontri tecnici che attraverseranno il territorio italiano fino alla prossima edizione di <strong>SAIE Bologna \u2013 9\/12 ottobre 2024.<\/strong><\/h5>\n[\/vc_column_text][vc_separator color=&#8221;white&#8221;][vc_wp_custommenu nav_menu=&#8221;362&#8243;][vc_empty_space height=&#8221;60px&#8221;][\/vc_column_inner][\/vc_row_inner][\/vc_column][\/vc_row][vc_row equal_height=&#8221;yes&#8221; el_id=&#8221;programma&#8221;][vc_column][vc_empty_space][vc_row_inner equal_height=&#8221;yes&#8221; content_placement=&#8221;top&#8221;][vc_column_inner el_class=&#8221;col-img&#8221; width=&#8221;1\/3&#8243; css=&#8221;.vc_custom_1715076156071{background-image: url(\/public\/uploads\/sites\/9\/Verona_Logistica_SAIELAB.jpg?id=22261) !important;background-position: center !important;background-repeat: no-repeat !important;background-size: cover !important;}&#8221;][\/vc_column_inner][vc_column_inner el_class=&#8221;py-lg-2 px-lg-5 bg-gray&#8221; width=&#8221;2\/3&#8243;][vc_column_text]\n<h3 style=\"text-align: left\">Programma dell&#8217;evento<\/h3>\n<p>&nbsp;<\/p>\n<p>8:30 <strong>Registrazione Partecipanti<\/strong>[\/vc_column_text][vc_separator color=&#8221;orange&#8221;][vc_column_text]9:00 <strong>Saluti Istituzionali<\/strong><\/p>\n<p>Modera: Alice Borsani, Redattrice &#8220;Logistica&#8221;<\/p>\n<p>Stefano Savoia, Vice Presidente, ASSOBIM<br \/>\nPierfrancesco Tieni, Vice Presidente, ANCE Giovani<br \/>\nGiovanni Saba, Vice Presidente, CONPAVIPER<br \/>\nFrancesca Nava, Vice Presidente, ASSOBETON<br \/>\nMarco Gugolati, Preside sezione di Verona, CIFI<\/p>\n<p>9:30\u00a0 <strong>Presentazione Dati Osservatorio SAIE relativi al territorio <\/strong><br \/>\nA cura di GRS Research &amp; Strategy<\/p>\n<p>9:45 <strong>Introduzione al tema: interventi tecnici<\/strong><\/p>\n<p><strong>Progettazione e Realizzazione: Nodo di Verona<em><br \/>\n<\/em><\/strong><em>Lucio Menta, Direttore investimenti RFI Rete Ferroviaria Italiana<\/em><\/p>\n<p><strong>Infrastrutture per l\u2019intermodalit\u00e0<em><br \/>\n<\/em><\/strong><em>Gianni Oltramari, Vice Direttore e Dirigente Tecnico Consorzio ZAI Interporto di Verona<\/em><\/p>\n<p><strong>Progettazione di edifici prefabbricati a destinazione logistica<em><br \/>\n<\/em><\/strong><em>Andrea Meroni, socio ASSOBETON<\/em><\/p>\n<p><strong>Pavimentazioni industriali per la logistica<em><br \/>\n<\/em><\/strong><em>Giovanni Plizzari, Universit\u00e0 degli Studi di Brescia e socio CONPAVIPER\u00a0<\/em><\/p>\n<p><strong>Magazzini Efficienti e rispettosi delle prassi ESG: il punto di vista e le esperienze delle Aziende dalla comunit\u00e0 del CSCMP\u00a0<\/strong><br \/>\n<em>Igino Colella, Presidente CSCMP Italy Roundtable<\/em><\/p>\n<p>12:00<strong>\u00a0Presentazioni Case History e cantieri del territorio<br \/>\n<\/strong><em>con il coinvolgimento delle aziende sponsor<\/em><\/p>\n<ul>\n<li><strong>Sicurezza e Innovazione: l\u2019area logistica di Tesla <\/strong><em>\u2013 Laura Casparrini, BauWatch<\/em><\/li>\n<li><strong>L\u2019intervento di consolidamento e messa in sicurezza dell\u2019Arsenale Austriaco \u201cFranz Joseph I\u201d di Verona <\/strong><em>\u2013 Marco Bressan, G&amp;P Intech<\/em><\/li>\n<li><strong>Il Risanamento della pavimentazione della logistica Nieddu <\/strong><em>\u2013 Lionello Garbiero, MPM<\/em><\/li>\n<li><strong>Tecnologie per pavimentazioni nei centri logistici: interventi per pavimenti VNA <\/strong><em>\u2013 Giuseppe Imperatore, Teknolev<\/em><\/li>\n<li><strong>Consolidamento di infrastrutture stradali e pavimentazioni industriali con iniezioni di resine: le pavimentazioni di Cittadella e la cella frigo a Salisburgo <\/strong><em>\u2013 Paolo Chioatto, Uretek<\/em><\/li>\n<\/ul>\n<p>12:40<strong> Domande e Risposte<\/strong><\/p>\n<p>Modera: Alice Borsani, Redattrice &#8220;Logistica&#8221;<\/p>\n<p>13:00<strong>\u00a0Fine dei lavori e aperitivo di networking<\/strong><\/p>\n<h6><\/h6>\n[\/vc_column_text][vc_column_text]\n<p style=\"text-align: right\"><span style=\"font-size: 12px\"><em><br \/>\nIl programma \u00e8 aggiornato al 10\/06\/2024<\/em><\/span><\/p>\n[\/vc_column_text][\/vc_column_inner][\/vc_row_inner][\/vc_column][\/vc_row][vc_row el_class=&#8221;py-lg-2 px-lg-5&#8243;][vc_column][vc_empty_space][vc_column_text]\n<p style=\"text-align: center\"><em>Premium Sponsor<\/em><\/p>\n[\/vc_column_text][vc_separator][vc_row_inner][vc_column_inner width=&#8221;1\/5&#8243;][vc_single_image image=&#8221;21851&#8243; img_size=&#8221;full&#8221; alignment=&#8221;center&#8221;][\/vc_column_inner][vc_column_inner width=&#8221;1\/5&#8243;][vc_single_image image=&#8221;21273&#8243; img_size=&#8221;full&#8221; alignment=&#8221;center&#8221;][\/vc_column_inner][vc_column_inner width=&#8221;1\/5&#8243;][vc_single_image image=&#8221;21145&#8243; img_size=&#8221;full&#8221; alignment=&#8221;center&#8221;][\/vc_column_inner][vc_column_inner width=&#8221;1\/5&#8243;][vc_single_image image=&#8221;22751&#8243; img_size=&#8221;full&#8221; alignment=&#8221;center&#8221;][\/vc_column_inner][vc_column_inner width=&#8221;1\/5&#8243;][vc_single_image image=&#8221;20308&#8243; img_size=&#8221;full&#8221; alignment=&#8221;center&#8221;][\/vc_column_inner][\/vc_row_inner][\/vc_column][\/vc_row][vc_row el_class=&#8221;py-lg-2 px-lg-5&#8243;][vc_column][vc_column_text]\n<p style=\"text-align: center\"><em>Event Sponsor<\/em><\/p>\n[\/vc_column_text][vc_separator][vc_row_inner][vc_column_inner width=&#8221;1\/6&#8243;][\/vc_column_inner][vc_column_inner width=&#8221;1\/6&#8243;][vc_single_image image=&#8221;20272&#8243; img_size=&#8221;full&#8221; alignment=&#8221;center&#8221;][\/vc_column_inner][vc_column_inner width=&#8221;1\/6&#8243;][vc_single_image image=&#8221;22769&#8243; img_size=&#8221;full&#8221; alignment=&#8221;center&#8221;][\/vc_column_inner][vc_column_inner width=&#8221;1\/6&#8243;][vc_single_image image=&#8221;22440&#8243; img_size=&#8221;full&#8221; alignment=&#8221;center&#8221;][\/vc_column_inner][vc_column_inner width=&#8221;1\/6&#8243;][vc_single_image image=&#8221;19588&#8243; img_size=&#8221;full&#8221; alignment=&#8221;center&#8221;][\/vc_column_inner][vc_column_inner width=&#8221;1\/6&#8243;][\/vc_column_inner][\/vc_row_inner][\/vc_column][\/vc_row][vc_row css=&#8221;.vc_custom_1716888770138{background-color: #fcf1de !important;}&#8221; el_class=&#8221;py-lg-2 px-lg-5&#8243;][vc_column][vc_empty_space][vc_text_separator title=&#8221;&#8221; i_icon_fontawesome=&#8221;fas fa-quote-left&#8221; i_color=&#8221;custom&#8221; color=&#8221;custom&#8221; add_icon=&#8221;true&#8221; i_custom_color=&#8221;#eb5b37&#8243; accent_color=&#8221;#a8a8a8&#8243;][vc_column_text]\n<h3 style=\"text-align: center\"><b>La parola degli Sponsor<\/b><\/h3>\n[\/vc_column_text][vc_row_inner content_placement=&#8221;top&#8221;][vc_column_inner width=&#8221;1\/3&#8243;][vc_column_text]\n<p style=\"text-align: left\"><em>\u201cNel settore delle infrastrutture, offriamo soluzioni innovative di videosorveglianza temporanea e semipermanente per garantire la sicurezza e il monitoraggio efficace di progetti quali strade e linee ferroviarie. Utilizziamo tecnologie all&#8217;avanguardia, come telecamere ad alta definizione e sistemi di rilevamento del movimento avanzati, per proteggere tali infrastrutture da furti, intrusioni e danni.<br \/>\nTra le tante realizzazioni, Tesla ha scelto di affidarsi alle soluzioni avanzate di videosorveglianza BauWatch per garantire la sicurezza della propria area di stoccaggio e logistica in provincia di Milano\u201d. <strong><a href=\"https:\/\/www.saiebologna.it\/it\/news\/intervista-bauwatch-verona\/\">Leggi l&#8217;intervista completa \u00bb<\/a><\/strong><\/em><\/p>\n<p style=\"text-align: left\"><span style=\"color: #eb5b37\"><strong>Laura Casparrini<\/strong>, BauWatch Italia<\/span><\/p>\n[\/vc_column_text][\/vc_column_inner][vc_column_inner width=&#8221;1\/3&#8243;][vc_column_text]\n<p style=\"text-align: center\"><em>\u201cPer l\u2019adeguamento, il miglioramento, il rinforzo sismico e strutturale del patrimonio esistente, sia pubblico che privato, offriamo al mercato delle costruzioni e delle infrastrutture soluzioni e sistemi tecnici di intervento efficaci, sostenibili e poco invasivi. La connessione con il territorio veneto \u00e8 sempre stato per noi di grande rilevanza, sia perch\u00e9 nella provincia di Vicenza abbiamo il nostro headquarter, sia perch\u00e9 sin dalla nostra fondazione il presidio degli interventi nelle province venete ha rappresentato il punto di partenza, dal quale ci siamo poi estesi su tutto il territorio nazionale. In occasione dell&#8217;evento presenteremo<br \/>\nil nostro intervento &#8211; ancora in atto &#8211; di riqualificazione delle strutture caratterizzanti il complesso ex militare \u201cArsenale Austriaco Franz Josef di Verona\u201d. <strong><a href=\"https:\/\/www.saiebologna.it\/it\/news\/intervista-gp-intech-verona\/\">Leggi l&#8217;intervista completa \u00bb<\/a><\/strong><\/em><\/p>\n<p style=\"text-align: center\"><span style=\"color: #eb5b37\"><strong>Marco Bressan<\/strong>, G&amp;P Intech<\/span><\/p>\n[\/vc_column_text][\/vc_column_inner][vc_column_inner width=&#8221;1\/3&#8243;][vc_column_text]\n<p style=\"text-align: right\"><em>\u201cLe problematiche che si incontrano e che mpm affronta, nel settore della Logistica e dei magazzini in generale, sono legate alle pavimentazioni spesso fortemente sollecitate, ma anche e sempre pi\u00f9 spesso, alle impermeabilizzazioni delle coperture spesso soggette a infiltrazioni.<br \/>\nMpm da sempre adotta, per la risoluzione di queste problematiche, soluzioni e sistemi in resina dedicati e specifici proprio per rendere le pavimentazioni planari, pulibili e meccanicamente resistenti e di facile manutenzione. In occasione del SAIE LAB di Verona verranno presentati alcuni casi di risoluzione di problemi di pavimentazioni\/impermeabilizzazioni, nell\u2019ambito di immobili industriali specifici per la logistica\u201d. <strong><a href=\"https:\/\/www.saiebologna.it\/it\/news\/intervista-mpm-mixer\/\">Leggi l&#8217;intervista completa \u00bb<\/a><\/strong><\/em><\/p>\n<p style=\"text-align: right\"><span style=\"color: #eb5b37\"><strong>Lionello Garbiero<\/strong>, MPM<\/span><\/p>\n[\/vc_column_text][\/vc_column_inner][\/vc_row_inner][vc_row_inner content_placement=&#8221;top&#8221;][vc_column_inner width=&#8221;1\/2&#8243;][vc_column_text]\n<p style=\"text-align: center\"><em>\u201cSiamo entusiasti di presentare in anteprima, in occasione dell&#8217;evento SAIE LAB Verona, la nostra nuova levigatrice laser per pavimenti VNA. Rappresentiamo HG Hyper Grinder, azienda italiana leader nella produzione di levigatrici per pavimenti in calcestruzzo. Siamo riconosciuti a livello mondiale per le nostre levigatrici planetarie di medie e grandi dimensioni, che permettono una levigatura con effetto rettifica.<br \/>\nRacconteremo diversi interventi eseguiti con i nostri partner sul territorio veneto, tra cui quello realizzato in provincia di Verona sulla pavimentazione logistica dell\u2019azienda FIMAP, con l\u2019obiettivo di garantire una corretta movimentazione delle merci e dei muletti all\u2019interno delle corsie\u201d. <strong><a href=\"https:\/\/www.saiebologna.it\/it\/news\/intervista-teknolev\/\">Leggi l&#8217;intervista completa \u00bb<\/a><\/strong><\/em><\/p>\n<p style=\"text-align: center\"><span style=\"color: #eb5b37\"><strong>Giuseppe Imperatore<\/strong>, HG HYPER GRINDER &#8211; Teknolev<\/span><\/p>\n[\/vc_column_text][\/vc_column_inner][vc_column_inner width=&#8221;1\/2&#8243;][vc_column_text]\n<p style=\"text-align: center\"><em>\u201cAlluvioni, siccit\u00e0 prolungata, eventi geologici, aumento dei carichi o del traffico veicolare possono provocare cedimenti e crepe, su strade, infrastrutture e pavimentazioni industriali. Uretek interviene con soluzioni innovative ed efficaci che permettono di risolvere il problema attraverso la stabilizzazione e il consolidamento di sottofondi e il sollevamento, ove richiesto, delle pavimentazioni con iniezioni di resina espandente.<br \/>\nIn occasione dell\u2019evento di Verona parleremo di due interventi: uno realizzato di recente a Cittadella (PD) e l\u2019altro sulla pavimentazione in un centro per la logistica nella regione di Salisburgo.\u201d. <strong><a href=\"https:\/\/www.saiebologna.it\/it\/news\/intervista-uretek\/\">Leggi l&#8217;intervista completa \u00bb<\/a><\/strong><\/em><\/p>\n<p style=\"text-align: center\"><span style=\"color: #eb5b37\"><strong>Paolo Chioatto<\/strong>, Uretek<\/span><\/p>\n[\/vc_column_text][\/vc_column_inner][\/vc_row_inner][vc_text_separator title=&#8221;&#8221; i_icon_fontawesome=&#8221;fas fa-quote-right&#8221; i_color=&#8221;custom&#8221; color=&#8221;custom&#8221; add_icon=&#8221;true&#8221; i_custom_color=&#8221;#eb5b37&#8243; accent_color=&#8221;#a8a8a8&#8243;][\/vc_column][\/vc_row][vc_row css=&#8221;.vc_custom_1716207322027{background-color: #f9f9f9 !important;}&#8221; el_class=&#8221;py-lg-2 px-lg-5&#8243;][vc_column][vc_empty_space][vc_text_separator title=&#8221;&#8221; i_icon_fontawesome=&#8221;fas fa-quote-left&#8221; i_color=&#8221;custom&#8221; color=&#8221;custom&#8221; add_icon=&#8221;true&#8221; i_custom_color=&#8221;#eb5b37&#8243; accent_color=&#8221;#a8a8a8&#8243;][vc_column_text]\n<h3 style=\"text-align: center\"><b>La parola dei Partner<\/b><\/h3>\n[\/vc_column_text][vc_row_inner][vc_column_inner width=&#8221;1\/3&#8243;][vc_column_text]\n<p style=\"text-align: left\"><em>\u201cEvoluzione progettuale e tecnica nelle infrastrutture e negli immobili per la logistica rappresenta una sfida cruciale per il futuro del nostro settore. ANCE Giovani Veneto \u00e8 entusiasta di partecipare al SAIE LAB di Verona, un&#8217;opportunit\u00e0 per confrontarsi sulle nuove tecnologie e metodologie che stanno rivoluzionando il mondo delle costruzioni. La nostra missione \u00e8 promuovere l&#8217;innovazione, garantendo che le infrastrutture e gli immobili logistici siano non solo all&#8217;avanguardia, ma anche sostenibili e efficienti. Eventi come questo sono fondamentali per favorire lo scambio di conoscenze e creare una rete di professionisti impegnati a costruire un domani migliore\u201d.<\/em><\/p>\n<p style=\"text-align: left\"><span style=\"color: #eb5b37\"><strong>Pierfrancesco Tieni<br \/>\n<\/strong><\/span><em><span style=\"color: #eb5b37\">ANCE Giovani Veneto<\/span><\/em><\/p>\n[\/vc_column_text][\/vc_column_inner][vc_column_inner width=&#8221;1\/3&#8243;][vc_column_text]\n<p style=\"text-align: center\"><em>\u201cLa ricerca di soluzioni tecnologicamente adeguate a rispondere ai requisiti e alle sfide dell&#8217;evoluzione in fatto di progettazione e tecnica costruttiva \u00e8 la vocazione delle industrie produttrici di manufatti cementizi.<br \/>\nInfrastrutture e logistica rappresentano poi due tra le voci pi\u00f9 importanti fra gli sbocchi di mercato dei manufatti e delle strutture a base cementizia.<br \/>\nL&#8217;attenzione di ASSOBETON al tema \u00e8 altissima, di conseguenza, mentre siamo certi di essere portatori di conoscenze e competenze, ci aspettiamo che l&#8217;evento sia occasione di scambio proficuo di esperienze e di aggiornamento continuo. Il patrocinio al SAIE LAB si inserisce tra le iniziative in corso per la divulgazione di una pi\u00f9 approfondita conoscenza del costruire in calcestruzzo prefabbricato\u201d.<\/em><\/p>\n<p style=\"text-align: center\"><span style=\"color: #eb5b37\"><strong>Francesca Nava<br \/>\n<\/strong><\/span><em><span style=\"color: #eb5b37\">VP Assobeton con delega comunicazione<\/span><\/em><\/p>\n[\/vc_column_text][\/vc_column_inner][vc_column_inner width=&#8221;1\/3&#8243;][vc_column_text]\n<p style=\"text-align: right\"><em>\u201cLa digitalizzazione il BIM sono temi che stanno coinvolgendo l\u2019intera filiera delle costruzioni, trasformandola nella direzione di un maggiore controllo dei processi, riduzione degli errori, ottimizzazione delle risorse. Fattori che vanno quindi a incidere su di un incremento della qualit\u00e0 complessiva del processo di costruzione. Questa trasformazione trova eccellente applicazione nei processi di progettazione e costruzione delle strutture per la logistica, dove la corretta programmazione, la precisione esecutiva e il rispetto delle tempistiche sono elementi essenziali.<br \/>\nASSOBIM \u00e8 per sua missione a fianco di tutte quelle realt\u00e0, come SAIE, che si impegnano per la promozione e la divulgazione dell\u2019innovazione tecnologica nella filiera delle costruzioni. Patrociniamo l\u2019iniziativa proprio per i suoi contenuti e per consolidare ulteriormente il rapporto che ci lega a SAIE\u201d.<\/em><\/p>\n<p style=\"text-align: right\"><span style=\"color: #eb5b37\"><strong>Adriano Castagnone<br \/>\n<\/strong><\/span><em><span style=\"color: #eb5b37\">Presidente ASSOBIM<\/span><\/em><\/p>\n[\/vc_column_text][\/vc_column_inner][\/vc_row_inner][vc_text_separator title=&#8221;&#8221; i_type=&#8221;typicons&#8221; i_icon_typicons=&#8221;typcn typcn-media-record&#8221; i_color=&#8221;custom&#8221; color=&#8221;custom&#8221; add_icon=&#8221;true&#8221; i_custom_color=&#8221;#eb5b37&#8243; accent_color=&#8221;#f9f9f9&#8243;][vc_row_inner][vc_column_inner width=&#8221;1\/2&#8243;][vc_column_text]\n<p style=\"text-align: center\"><em>\u201cLa progettazione e la gestione delle infrastrutture per la logistica sono ambiti che hanno avuto un&#8217;evoluzione tecnica e organizzativa degna di conoscenza e di diffusione verso i principali operatori del settore.<br \/>\nIl Collegio degli Ingegneri Ferroviari Italiani (CIFI) rappresenta il riferimento tecnico e culturale del sistema ferroviario e dei trasporti dal 1899 e, tra le sue finalit\u00e0, promuove lo studio di tutti aspetti ad esso relativi.<br \/>\nL&#8217;interesse del CIFI nel patrocinare l&#8217;iniziativa del SAIE Lab risiede nella possibilit\u00e0 di focalizzare l&#8217;attenzione dei propri Soci su questi argomenti, permettendo a loro di approfondire i temi presentati e di ampliare la propria competenza\u201d.<\/em><\/p>\n<p style=\"text-align: center\"><span style=\"color: #eb5b37\"><strong>Valerio Giovine<br \/>\n<\/strong><\/span><em><span style=\"color: #eb5b37\">Segretario Generale CIFI<\/span><\/em><\/p>\n[\/vc_column_text][\/vc_column_inner][vc_column_inner width=&#8221;1\/2&#8243;][vc_column_text]\n<p style=\"text-align: center\"><em>\u201cLa pavimentazione industriale in ambito logistico \u00e8 pi\u00f9 che una struttura: le perfomance prestazionali che deve garantire vanno oltre infatti alla semplice resistenza meccanica ma considerano anche tutti gli aspetti funzionali caratteristici della specifica opera, come la planarit\u00e0, la resistenza all&#8217;usura, la tenacit\u00e0, la pulibilit\u00e0 &#8230; Ecco perch\u00e8 la qualit\u00e0 del capitolato e del progetto, come quella dell&#8217;impresa applicatrice, sono elementi essenziali per raggiungere il risultato atteso. In questo evento di SAIE porteremo la nostra esperienza per dare un supporto a chi oggi progetta e prescrive queste opere\u201d.<\/em><\/p>\n<p style=\"text-align: center\"><span style=\"color: #eb5b37\"><strong>Giovanni Saba<br \/>\n<\/strong><\/span><em><span style=\"color: #eb5b37\">vicepresidente CONPAVIPER<\/span><\/em><\/p>\n[\/vc_column_text][\/vc_column_inner][\/vc_row_inner][vc_text_separator title=&#8221;&#8221; i_icon_fontawesome=&#8221;fas fa-quote-right&#8221; i_color=&#8221;custom&#8221; color=&#8221;custom&#8221; add_icon=&#8221;true&#8221; i_custom_color=&#8221;#eb5b37&#8243; accent_color=&#8221;#a8a8a8&#8243;][vc_empty_space][\/vc_column][\/vc_row][vc_row el_class=&#8221;py-lg-2 px-lg-5&#8243;][vc_column][vc_column_text]\n<p style=\"text-align: center\"><em>Con il patrocinio di<\/em><\/p>\n[\/vc_column_text][vc_separator][vc_row_inner][vc_column_inner width=&#8221;1\/6&#8243;][vc_single_image image=&#8221;22695&#8243; img_size=&#8221;full&#8221; alignment=&#8221;center&#8221;][\/vc_column_inner][vc_column_inner width=&#8221;1\/6&#8243;][vc_single_image image=&#8221;22409&#8243; img_size=&#8221;full&#8221; alignment=&#8221;center&#8221;][\/vc_column_inner][vc_column_inner width=&#8221;1\/6&#8243;][vc_single_image image=&#8221;20882&#8243; img_size=&#8221;full&#8221; alignment=&#8221;center&#8221;][\/vc_column_inner][vc_column_inner width=&#8221;1\/6&#8243;][vc_single_image image=&#8221;20756&#8243; img_size=&#8221;full&#8221; alignment=&#8221;center&#8221;][\/vc_column_inner][vc_column_inner width=&#8221;1\/6&#8243;][vc_single_image image=&#8221;22258&#8243; img_size=&#8221;full&#8221; alignment=&#8221;center&#8221;][\/vc_column_inner][vc_column_inner width=&#8221;1\/6&#8243;][vc_single_image image=&#8221;22671&#8243; img_size=&#8221;full&#8221; alignment=&#8221;center&#8221;][\/vc_column_inner][\/vc_row_inner][vc_row_inner][vc_column_inner width=&#8221;1\/6&#8243;][vc_single_image image=&#8221;22659&#8243; img_size=&#8221;full&#8221; alignment=&#8221;center&#8221;][\/vc_column_inner][vc_column_inner width=&#8221;1\/6&#8243;][vc_single_image image=&#8221;20683&#8243; img_size=&#8221;full&#8221; alignment=&#8221;center&#8221;][\/vc_column_inner][vc_column_inner width=&#8221;1\/6&#8243;][vc_single_image image=&#8221;21124&#8243; img_size=&#8221;full&#8221; alignment=&#8221;center&#8221;][\/vc_column_inner][vc_column_inner width=&#8221;1\/6&#8243;][vc_single_image image=&#8221;23515&#8243; img_size=&#8221;full&#8221; alignment=&#8221;center&#8221;][\/vc_column_inner][vc_column_inner width=&#8221;1\/6&#8243;][vc_single_image image=&#8221;23171&#8243; img_size=&#8221;full&#8221; alignment=&#8221;center&#8221;][\/vc_column_inner][vc_column_inner width=&#8221;1\/6&#8243;][vc_single_image image=&#8221;22849&#8243; img_size=&#8221;full&#8221; alignment=&#8221;center&#8221;][\/vc_column_inner][\/vc_row_inner][vc_row_inner][vc_column_inner width=&#8221;1\/5&#8243;][vc_single_image image=&#8221;22673&#8243; img_size=&#8221;full&#8221; alignment=&#8221;center&#8221;][\/vc_column_inner][vc_column_inner width=&#8221;1\/5&#8243;][vc_single_image image=&#8221;22693&#8243; img_size=&#8221;full&#8221; alignment=&#8221;center&#8221;][\/vc_column_inner][vc_column_inner width=&#8221;1\/5&#8243;][vc_single_image image=&#8221;23226&#8243; img_size=&#8221;full&#8221; alignment=&#8221;center&#8221;][\/vc_column_inner][vc_column_inner width=&#8221;1\/5&#8243;][vc_single_image image=&#8221;22425&#8243; img_size=&#8221;full&#8221; alignment=&#8221;center&#8221;][\/vc_column_inner][vc_column_inner width=&#8221;1\/5&#8243;][vc_single_image image=&#8221;22547&#8243; img_size=&#8221;full&#8221; alignment=&#8221;center&#8221;][\/vc_column_inner][\/vc_row_inner][\/vc_column][\/vc_row][vc_row el_class=&#8221;py-lg-2 px-lg-5&#8243;][vc_column][vc_empty_space][vc_row_inner][vc_column_inner][vc_media_grid grid_id=&#8221;vc_gid:1719582030553-4fbee9bf-b80e-0&#8243; include=&#8221;23716,23722,23718,23714,23720,23880&#8243;][\/vc_column_inner][\/vc_row_inner][\/vc_column][\/vc_row][vc_row][vc_column][vc_empty_space][vc_row_inner][vc_column_inner][vc_separator][vc_column_text]\n<h6 style=\"text-align: center\"><a href=\"https:\/\/www.saiebologna.it\/it\/lab\/#4tappe\"><strong>Scopri le altre tappe dei SAIE LAB, clicca qui \u00bb<\/strong><\/a><\/h6>\n[\/vc_column_text][vc_separator][\/vc_column_inner][\/vc_row_inner][\/vc_column][\/vc_row]\n","protected":false},"excerpt":{"rendered":"<p>[vc_row equal_height=&#8221;yes&#8221;][vc_column css=&#8221;.vc_custom_1715074358247{background-image: url(\/public\/uploads\/sites\/9\/SAIELAB_Verona_Logistica.png?id=22254) !important;background-position: center !important;background-repeat: no-repeat !important;background-size: cover !important;}&#8221;][vc_row_inner][vc_column_inner][vc_column_text el_class=&#8221;py-lg-2 px-lg-2&#8243;] SAIE LAB &#8211; Evoluzione progettuale e tecnica nelle infrastrutture e negli immobili per la logistica &nbsp; M15 Magazzini delle Professioni, c\/o Ordine degli Architetti di Verona 13 Giugno 2024 [\/vc_column_text][\/vc_column_inner][\/vc_row_inner][vc_empty_space][\/vc_column][\/vc_row][vc_row equal_height=&#8221;yes&#8221;][vc_column][vc_empty_space][vc_row_inner equal_height=&#8221;yes&#8221; content_placement=&#8221;middle&#8221;][vc_column_inner el_class=&#8221;py-lg-2 px-lg-5 text-left&#8221; width=&#8221;2\/3&#8243;][vc_column_text el_class=&#8221;my-1&#8243;] Evoluzione progettuale e tecnica [&hellip;]<\/p>\n","protected":false},"author":12,"featured_media":0,"parent":20150,"menu_order":0,"comment_status":"closed","ping_status":"closed","template":"page-landing-noheader.php","meta":[],"acf":[],"aioseo_notices":[],"_links":{"self":[{"href":"https:\/\/www.saiebologna.it\/it\/wp-json\/wp\/v2\/pages\/22251"}],"collection":[{"href":"https:\/\/www.saiebologna.it\/it\/wp-json\/wp\/v2\/pages"}],"about":[{"href":"https:\/\/www.saiebologna.it\/it\/wp-json\/wp\/v2\/types\/page"}],"author":[{"embeddable":true,"href":"https:\/\/www.saiebologna.it\/it\/wp-json\/wp\/v2\/users\/12"}],"replies":[{"embeddable":true,"href":"https:\/\/www.saiebologna.it\/it\/wp-json\/wp\/v2\/comments?post=22251"}],"version-history":[{"count":3,"href":"https:\/\/www.saiebologna.it\/it\/wp-json\/wp\/v2\/pages\/22251\/revisions"}],"predecessor-version":[{"id":24182,"href":"https:\/\/www.saiebologna.it\/it\/wp-json\/wp\/v2\/pages\/22251\/revisions\/24182"}],"up":[{"embeddable":true,"href":"https:\/\/www.saiebologna.it\/it\/wp-json\/wp\/v2\/pages\/20150"}],"wp:attachment":[{"href":"https:\/\/www.saiebologna.it\/it\/wp-json\/wp\/v2\/media?parent=22251"}],"curies":[{"name":"wp","href":"https:\/\/api.w.org\/{rel}","templated":true}]}}