{"id":5355,"date":"2019-11-27T10:03:38","date_gmt":"2019-11-27T10:03:38","guid":{"rendered":"https:\/\/www.saiebologna.it\/?page_id=5355"},"modified":"2021-11-17T11:50:56","modified_gmt":"2021-11-17T11:50:56","slug":"iniziative-speciali-2020","status":"publish","type":"page","link":"https:\/\/www.saiebologna.it\/it\/iniziative-speciali-2020\/","title":{"rendered":"Iniziative speciali"},"content":{"rendered":"[vc_row equal_height=&#8221;yes&#8221; el_class=&#8221;my-1&#8243;][vc_column][vc_row_inner equal_height=&#8221;yes&#8221; content_placement=&#8221;top&#8221;][vc_column_inner el_class=&#8221;py-lg-2 px-lg-5&#8243; width=&#8221;2\/3&#8243;][vc_column_text]\n<h2>I luoghi dell\u2019eccellenza<\/h2>\n[\/vc_column_text][vc_column_text]Le <strong>iniziative speciali<\/strong> di SAIE\u00a0 <strong>valorizzano prodotti e soluzioni applicative<\/strong> attraverso il racconto di progetti reali, con la partecipazione di fornitori, progettisti, committenti e installatori.<\/p>\n<p>Si costruisce un racconto iconografico, con plastici, spaccati, prodotti e lo si inserisce in un progetto architettonico complessivo affiancato da un programma di interventi che spiegano al meglio il progetto presentato. L\u2019esposizione di prodotti, unita alla presentazione all\u2019interno di iniziative speciali, consente ai tecnici di toccare con mano le soluzioni applicative.<\/p>\n<p>Aree dimostrative, corsi e momenti di approfondimento tecnologico, permettono ai visitatori di <strong>vivere un\u2019esperienza unica<\/strong>.[\/vc_column_text][vc_column_text]<a class=\"btn btn-lg btn-primary my-0\" href=\"\/it\/contatti\/\">Richiedi informazioni<\/a>[\/vc_column_text][\/vc_column_inner][vc_column_inner el_class=&#8221;p-1 p-sm-3 p-lg-4 bg-darker&#8221; width=&#8221;1\/3&#8243; offset=&#8221;vc_hidden-xs&#8221;][vc_column_text]\n<h3 class=\"mt-0\">Espositori<\/h3>\n[\/vc_column_text][vc_wp_custommenu nav_menu=&#8221;5&#8243;][\/vc_column_inner][\/vc_row_inner][\/vc_column][\/vc_row][vc_row equal_height=&#8221;yes&#8221; el_class=&#8221;my-1 bg-gray&#8221;][vc_column el_class=&#8221;py-lg-2 px-lg-5&#8243;][vc_column_text]\n<h2 style=\"text-align: center\"><strong>Le iniziative di SAIE RIPARTI ITALIA 2020<\/strong><\/h2>\n[\/vc_column_text][vc_row_inner equal_height=&#8221;yes&#8221; content_placement=&#8221;top&#8221;][vc_column_inner width=&#8221;1\/4&#8243;][vc_single_image image=&#8221;6336&#8243; img_size=&#8221;large&#8221; alignment=&#8221;center&#8221; css_animation=&#8221;fadeInLeft&#8221;][\/vc_column_inner][vc_column_inner width=&#8221;3\/4&#8243;][vc_column_text]\n<h3>Piazza Edifici e Impianti Salubri<\/h3>\n<p>Il comfort ambientale sta diventando un fattore sempre pi\u00f9 premiante per il valore dell\u2019edificio. All\u2019interno della\u00a0<strong>Piazza Edifici e Impianti salubri\u00a0<\/strong>verr\u00e0 dato ampio spazio ai nuovi criteri dell\u2019abitare e ai trend emergenti come la salubrit\u00e0 degli ambienti domestici, che pone l\u2019attenzione al benessere fisico e psicologico di chi li abita.<\/p>\n<p style=\"text-align: left\"><a class=\"btn btn-lg btn-primary my-0\" href=\"https:\/\/www.saiebologna.it\/it\/piazza-edifici-e-impianti-salubri\/\" rel=\"noopener\">Scopri di pi\u00f9\u00bb<\/a><\/p>\n[\/vc_column_text][\/vc_column_inner][\/vc_row_inner][\/vc_column][\/vc_row][vc_row equal_height=&#8221;yes&#8221; el_class=&#8221;my-1&#8243;][vc_column el_class=&#8221;py-lg-2 px-lg-5&#8243;][vc_row_inner equal_height=&#8221;yes&#8221; content_placement=&#8221;top&#8221;][vc_column_inner width=&#8221;1\/4&#8243;][vc_single_image image=&#8221;6735&#8243; img_size=&#8221;large&#8221; alignment=&#8221;center&#8221; css_animation=&#8221;fadeInLeft&#8221;][\/vc_column_inner][vc_column_inner width=&#8221;3\/4&#8243;][vc_column_text]\n<h3>Cassa Edile Awards<\/h3>\n<p><strong>SAIE 2020<\/strong> \u00e8 la cornice prescelta per la seconda edizione di <strong>Cassa Edile Awards<\/strong>,<span class=\"s1\">\u00a0premio che il sistema delle casse edili riconosce annualmente alle imprese, lavoratori e consulenti ambasciatori di <strong>valori positivi<\/strong> per il sistema bilaterale delle Costruzioni.<\/span><\/p>\n<p class=\"p1\"><span class=\"s1\">Il successo e l\u2019attenzione suscitati dalla prima edizione hanno reso questo secondo appuntamento ancora pi\u00f9 sentito e partecipato. O<\/span><span class=\"s1\">biettivo del premio, anche per questa edizione, \u00e8 contribuire al <strong>consolidamento etico<\/strong> del settore attraverso la <strong>valorizzazione delle storie di chi opera lealmente e nel rispetto delle regole<\/strong>.<\/span><\/p>\n[\/vc_column_text][\/vc_column_inner][\/vc_row_inner][\/vc_column][\/vc_row][vc_row equal_height=&#8221;yes&#8221; el_class=&#8221;my-1 bg-gray&#8221;][vc_column el_class=&#8221;py-lg-2 px-lg-5&#8243;][vc_row_inner equal_height=&#8221;yes&#8221; content_placement=&#8221;top&#8221;][vc_column_inner width=&#8221;1\/4&#8243;][vc_single_image image=&#8221;8382&#8243; img_size=&#8221;large&#8221; alignment=&#8221;center&#8221; css_animation=&#8221;fadeInLeft&#8221;][\/vc_column_inner][vc_column_inner width=&#8221;3\/4&#8243;][vc_column_text]\n<h3>SAIE InCalcestruzzo<\/h3>\n<p>L&#8217;evento nazionale dedicato all&#8217;innovazione della filiera del calcestruzzo, in collaborazione con ATECAP, AICAP, CTE, AMERICAN CONCRETE INSTITUTE e con il coinvolgimento di tutti gli attori che impiegano il calcestruzzo nelle costruzioni<\/p>\n<p style=\"text-align: left\"><a class=\"btn btn-lg btn-primary my-0\" href=\"http:\/\/www.saiebologna.it\/in-calcestruzzo\/\" rel=\"noopener\">Scopri di pi\u00f9\u00bb<\/a><\/p>\n[\/vc_column_text][\/vc_column_inner][\/vc_row_inner][\/vc_column][\/vc_row][vc_row equal_height=&#8221;yes&#8221; el_class=&#8221;my-1&#8243;][vc_column el_class=&#8221;py-lg-2 px-lg-5&#8243;][vc_row_inner equal_height=&#8221;yes&#8221; content_placement=&#8221;top&#8221;][vc_column_inner width=&#8221;1\/4&#8243;][vc_single_image image=&#8221;8453&#8243; img_size=&#8221;large&#8221; alignment=&#8221;center&#8221; css_animation=&#8221;fadeInLeft&#8221;][\/vc_column_inner][vc_column_inner width=&#8221;3\/4&#8243;][vc_column_text]\n<h3>SAIE Infrastrutture<\/h3>\n<p>Verranno presentate attraverso un ciclo di convegni e mostre le eccellenze dei progetti italiani in ambito infrastrutture e territorio. All\u2019interno dell\u2019area saranno presenti realt\u00e0 istituzionali quali: MIT \u2013 ITALFER \u2013 RFI \u2013 FS ITALIANE \u2013 ASSOCOMPOSITI \u2013 SIG.[\/vc_column_text][\/vc_column_inner][\/vc_row_inner][\/vc_column][\/vc_row][vc_row equal_height=&#8221;yes&#8221; el_class=&#8221;my-1 bg-gray&#8221;][vc_column el_class=&#8221;py-lg-2 px-lg-5&#8243;][vc_row_inner equal_height=&#8221;yes&#8221; content_placement=&#8221;top&#8221;][vc_column_inner width=&#8221;1\/4&#8243;][vc_single_image image=&#8221;8534&#8243; img_size=&#8221;large&#8221; alignment=&#8221;center&#8221; css_animation=&#8221;fadeInLeft&#8221;][\/vc_column_inner][vc_column_inner width=&#8221;3\/4&#8243;][vc_column_text]\n<h3>Costruzioni 4.0: BIM &#8211; Prefabbricazione &#8211; Digital Twin<\/h3>\n<p>Un\u2019area dimostrativa in cui sono presentati progetti che concorrono a definire i nuovi paradigmi del \u201ccostruire digitale\u201d, attraverso la realizzazione di prototipi che promuovono soluzioni \u201ccloud-based\u201d di <strong>progettazione architettonica integrata (BIM)<\/strong>,\u00a0<strong>processi di prefabbricazione (OFF-SITE)<\/strong>,\u00a0<strong>monitoraggio e manutenzione degli edifici<\/strong>, in ottica di\u00a0<strong>industria 4.0 (DIGITAL TWIN<\/strong>). In collaborazione con INDEXLAB &#8211; Laboratorio di ricerca multidisciplinare del Politecnico di Milano.<\/p>\n<p style=\"text-align: left\"><a class=\"btn btn-lg btn-primary my-0\" href=\"https:\/\/www.saiebologna.it\/it\/costruzioni-4-0\/\" rel=\"noopener\">Scopri di pi\u00f9\u00bb<\/a><\/p>\n[\/vc_column_text][\/vc_column_inner][\/vc_row_inner][\/vc_column][\/vc_row][vc_row equal_height=&#8221;yes&#8221; el_class=&#8221;my-1&#8243;][vc_column el_class=&#8221;py-lg-2 px-lg-5&#8243;][vc_row_inner equal_height=&#8221;yes&#8221; content_placement=&#8221;top&#8221;][vc_column_inner width=&#8221;1\/4&#8243;][vc_single_image image=&#8221;9577&#8243; img_size=&#8221;large&#8221; alignment=&#8221;center&#8221; css_animation=&#8221;fadeInLeft&#8221;][\/vc_column_inner][vc_column_inner width=&#8221;3\/4&#8243;][vc_column_text]\n<h3>Area Convegni IBIMI &#8211; buildingSMART Italy<\/h3>\n<p>A SAIE2020 un\u2019offerta costituita da seminari divulgativi, in modalit\u00e0 frontale presso il proprio Stand e in webconferencing, laboratori \u201chands-on\u201d e workshop, nella propria Arena.<\/p>\n<p>Grande risalto sar\u00e0 posto alle ultime attivit\u00e0 innovative dell\u2019Associazione riguardanti:<br \/>\n&#8211; Formati di scambio dati aperti (IFC) applicati al settore infrastrutturale, con particolare focus su monitoraggio e sicurezza di infrastrutture lineari<br \/>\n&#8211; Tecnologie innovative come la Blockchain applicata al settore del costruito, supportata dalle ultime tecnologie di data acquisition (IoT e sensori) utilizzabili da tutti gli attori di filiera.<\/p>\n<p style=\"text-align: left\"><a class=\"btn btn-lg btn-primary my-0\" href=\"https:\/\/www.saiebologna.it\/it\/ibimi-buildingsmart\/\" rel=\"noopener\">Scopri di pi\u00f9\u00bb<\/a><\/p>\n[\/vc_column_text][\/vc_column_inner][\/vc_row_inner][\/vc_column][\/vc_row][vc_row equal_height=&#8221;yes&#8221; el_class=&#8221;my-1 bg-gray&#8221;][vc_column el_class=&#8221;py-lg-2 px-lg-5&#8243;][vc_row_inner equal_height=&#8221;yes&#8221; content_placement=&#8221;top&#8221;][vc_column_inner width=&#8221;1\/4&#8243;][vc_single_image image=&#8221;9580&#8243; img_size=&#8221;large&#8221; alignment=&#8221;center&#8221; css_animation=&#8221;fadeInLeft&#8221;][\/vc_column_inner][vc_column_inner width=&#8221;3\/4&#8243;][vc_column_text]\n<h3><strong>IIPLE &#8211; Istituto Istruzione Professionale Lavoratori Edili della Provincia di Bologna<\/strong><\/h3>\n<p>Porter\u00e0 al SAIE un progetto <strong>BIM<\/strong> volto a migliorare il comportamento sismico e le prestazioni energetiche di un edificio esistente in ragione della legislazione, fino a dimostrare la realizzazione concreta di una porzione dello stesso, durante i giorni della manifestazione.[\/vc_column_text][\/vc_column_inner][\/vc_row_inner][\/vc_column][\/vc_row][vc_row equal_height=&#8221;yes&#8221; el_class=&#8221;my-1&#8243;][vc_column el_class=&#8221;py-lg-2 px-lg-5&#8243;][vc_row_inner equal_height=&#8221;yes&#8221; content_placement=&#8221;top&#8221;][vc_column_inner width=&#8221;1\/4&#8243;][vc_single_image image=&#8221;6227&#8243; img_size=&#8221;large&#8221; alignment=&#8221;center&#8221; css_animation=&#8221;fadeInLeft&#8221;][\/vc_column_inner][vc_column_inner width=&#8221;3\/4&#8243;][vc_column_text]\n<h3>Piazza Serramenti Innovativi<\/h3>\n<p>Il mondo dei serramenti \u00e8 chiamato ad interpretare un concetto che integri <strong>gusto<\/strong>,\u00a0<strong>design<\/strong>\u00a0e\u00a0<strong>comfort<\/strong>\u00a0con le attuali necessit\u00e0 di\u00a0<strong>efficienza energetica<\/strong>,\u00a0<strong>ottimizzazione economica<\/strong>, produzione personalizzata e rispetto dell\u2019<strong>ambiente.<\/strong><\/p>\n<p style=\"text-align: left\"><a class=\"btn btn-lg btn-primary my-0\" href=\"https:\/\/www.saiebologna.it\/it\/piazza-serramento-innovativo\/\" rel=\"noopener\">Scopri di pi\u00f9\u00bb<\/a><\/p>\n[\/vc_column_text][\/vc_column_inner][\/vc_row_inner][\/vc_column][\/vc_row][vc_row equal_height=&#8221;yes&#8221; el_class=&#8221;my-1 bg-gray&#8221;][vc_column el_class=&#8221;py-lg-2 px-lg-5&#8243;][vc_row_inner equal_height=&#8221;yes&#8221; content_placement=&#8221;top&#8221;][vc_column_inner width=&#8221;1\/4&#8243;][vc_single_image image=&#8221;7062&#8243; img_size=&#8221;large&#8221; alignment=&#8221;center&#8221; css_animation=&#8221;fadeInLeft&#8221;][\/vc_column_inner][vc_column_inner width=&#8221;3\/4&#8243;][vc_column_text]\n<h3>Piazza Sicurezza in Cantiere<\/h3>\n<p>Uno spazio organizzato in collaborazione con la fiera <strong>Ambiente Lavoro<\/strong>, dedicato al tema della sicurezza all&#8217;interno dei cantieri, di particolare importanza in questo periodo particolare. Verranno presentati i temi pi\u00f9 attuali in merito a normative, formazione, sicurezza uomo-macchina, sicurezza uomo-uomo, gestione della sicurezza post Coronavirus.<\/p>\n<p style=\"text-align: left\"><a class=\"btn btn-lg btn-primary my-0\" href=\"https:\/\/www.saiebologna.it\/it\/piazza-sicurezza-in-cantiere-by-ambiente-lavoro\/\" rel=\"noopener\">Scopri di pi\u00f9\u00bb<\/a><\/p>\n[\/vc_column_text][\/vc_column_inner][\/vc_row_inner][\/vc_column][\/vc_row][vc_row equal_height=&#8221;yes&#8221; el_class=&#8221;my-1&#8243;][vc_column el_class=&#8221;py-lg-2 px-lg-5&#8243;][vc_row_inner equal_height=&#8221;yes&#8221; content_placement=&#8221;top&#8221;][vc_column_inner width=&#8221;1\/4&#8243;][vc_single_image image=&#8221;6431&#8243; img_size=&#8221;large&#8221; alignment=&#8221;center&#8221;][\/vc_column_inner][vc_column_inner width=&#8221;3\/4&#8243;][vc_column_text]\n<h3>ANAPI &#8211; Condominio in mostra<\/h3>\n<p><strong><em>ANAPI &#8211; Associazione Nazionale Amministratori Professionisti di Immobil<\/em><em>i<\/em><\/strong> &#8211; organizza l&#8217;iniziativa <strong>Condominio in mostra<\/strong>: una serie di convegni e workshop formativi per gli amministratori di condominio. Approfondimenti dedicati ai temi e alle normative; presentazioni di prodotti e servizi; guide per la ristrutturazione con i bonus fiscali[\/vc_column_text][\/vc_column_inner][\/vc_row_inner][\/vc_column][\/vc_row][vc_row equal_height=&#8221;yes&#8221; el_class=&#8221;my-1 bg-gray&#8221;][vc_column el_class=&#8221;py-lg-2 px-lg-5&#8243;][vc_row_inner equal_height=&#8221;yes&#8221; content_placement=&#8221;top&#8221;][vc_column_inner width=&#8221;1\/4&#8243;][vc_single_image image=&#8221;6235&#8243; img_size=&#8221;large&#8221; css_animation=&#8221;fadeInLeft&#8221;][\/vc_column_inner][vc_column_inner width=&#8221;3\/4&#8243;][vc_column_text]\n<h3>COLORI&amp;DECORI Show<\/h3>\n<p>Un\u2019area dimostrativa dedicata al settore delle finiture che, attraverso una <strong>formula<\/strong>\u00a0di dimostrazione interattiva,\u00a0<strong>valorizza\u00a0<\/strong>al meglio le\u00a0<strong>attivit\u00e0 commerciali<\/strong>, le concrete\u00a0<strong>applicazioni dei prodotti\u00a0<\/strong>e\u00a0l\u2019uso di\u00a0<strong>attrezzature<\/strong>.[\/vc_column_text][\/vc_column_inner][\/vc_row_inner][\/vc_column][\/vc_row][vc_row equal_height=&#8221;yes&#8221; el_class=&#8221;my-1&#8243;][vc_column el_class=&#8221;py-lg-2 px-lg-5&#8243;][vc_row_inner equal_height=&#8221;yes&#8221; content_placement=&#8221;top&#8221;][vc_column_inner width=&#8221;1\/4&#8243;][vc_single_image image=&#8221;3687&#8243; img_size=&#8221;large&#8221; alignment=&#8221;center&#8221; css_animation=&#8221;fadeInLeft&#8221;][\/vc_column_inner][vc_column_inner width=&#8221;3\/4&#8243;][vc_column_text]\n<h3>Area dimostrativa AIMI<\/h3>\n<p><strong>AIMI<\/strong>\u00a0<em>(Associazione Italiana Manutentori Installatori)<\/em> partecipa a SAIE \u00a0con uno spazio dimostrativo in cui presenter\u00e0 i prodotti antisismici per realizzare un impianto domestico gas\u00a0sicuro negli interventi di\u00a0ristrutturazione e nella costruzione di\u00a0nuovi edifici. L&#8217;associazione coordiner\u00e0 anche\u00a0una serie di\u00a0approfondimenti sui cambiamenti introdotti dalle nuove normative sugli impianti a\u00a0gas per\u00a0uso civile e le caldaie a gas.<\/p>\n<p style=\"text-align: left\"><a class=\"btn btn-lg btn-primary my-0\" href=\"https:\/\/www.saiebologna.it\/it\/area-dimostrativa-aimi\/\" rel=\"noopener\">Scopri di pi\u00f9\u00bb<\/a><\/p>\n[\/vc_column_text][\/vc_column_inner][\/vc_row_inner][\/vc_column][\/vc_row][vc_row equal_height=&#8221;yes&#8221; el_class=&#8221;my-1 bg-gray&#8221;][vc_column el_class=&#8221;py-lg-2 px-lg-5&#8243;][vc_row_inner equal_height=&#8221;yes&#8221; content_placement=&#8221;top&#8221;][vc_column_inner width=&#8221;1\/4&#8243;][vc_single_image image=&#8221;7064&#8243; img_size=&#8221;large&#8221; alignment=&#8221;center&#8221; css_animation=&#8221;fadeInLeft&#8221;][\/vc_column_inner][vc_column_inner width=&#8221;3\/4&#8243;][vc_column_text]\n<h3>Club Fornitori Sviluppo Strutturale Bologna Fiere + Progetto SAIE InCostruzione<\/h3>\n<p>Una Piazza dell\u2019Eccellenza dedicata ai fornitori del recente ampliamento tecnologico-strutturale del nuovo padiglione 37 di BolognaFiere e ad altri cantieri con il coinvolgimento e la presenza degli studi di progettazione.<\/p>\n<p>Se la tua azienda ha contribuito da protagonista a questa importante realizzazione: racconta e valorizza la tua esperienza durante SAIE.<\/p>\n<p style=\"text-align: left\"><a class=\"btn btn-lg btn-primary my-0\" href=\"https:\/\/www.saiebologna.it\/it\/club-fornitori-bolognafiere\/\" rel=\"noopener\">Scopri di pi\u00f9\u00bb<\/a><\/p>\n[\/vc_column_text][\/vc_column_inner][\/vc_row_inner][\/vc_column][\/vc_row][vc_row equal_height=&#8221;yes&#8221; el_class=&#8221;my-1&#8243;][vc_column el_class=&#8221;py-lg-2 px-lg-5&#8243;][vc_row_inner equal_height=&#8221;yes&#8221; content_placement=&#8221;top&#8221;][vc_column_inner width=&#8221;1\/4&#8243;][vc_single_image image=&#8221;9747&#8243; img_size=&#8221;large&#8221; alignment=&#8221;center&#8221; css_animation=&#8221;fadeInLeft&#8221;][\/vc_column_inner][vc_column_inner width=&#8221;3\/4&#8243;][vc_column_text]\n<h3>Piazza Circuiti di Credito Commerciale<\/h3>\n<p>L\u2019iniziativa speciale di <strong>SAIE<\/strong> che, in collaborazione con i <strong>Circuiti regionali<\/strong>, vuole presentare ai visitatori e alle aziende espositrici un innovativo metodo di pagamento che vede lo scambio di beni e servizi in cambio di crediti che possono essere riscossi acquistando altri beni e servizi nelle aziende iscritte. Una leva addizionale per trattenere liquidit\u00e0 e semplificare la ripartenza per la filiera delle costruzioni.<\/p>\n<p style=\"text-align: left\"><a class=\"btn btn-lg btn-primary my-0\" href=\"https:\/\/www.saiebologna.it\/it\/piazza-circuiti-credito-commerciale\/\" rel=\"noopener\">Scopri di pi\u00f9\u00bb<\/a><\/p>\n[\/vc_column_text][\/vc_column_inner][\/vc_row_inner][\/vc_column][\/vc_row][vc_row equal_height=&#8221;yes&#8221; el_class=&#8221;my-1 bg-gray&#8221;][vc_column el_class=&#8221;py-lg-2 px-lg-5&#8243;][vc_row_inner equal_height=&#8221;yes&#8221; content_placement=&#8221;top&#8221;][vc_column_inner width=&#8221;1\/4&#8243;][vc_single_image image=&#8221;9936&#8243; img_size=&#8221;large&#8221; alignment=&#8221;center&#8221; css_animation=&#8221;fadeInLeft&#8221;][\/vc_column_inner][vc_column_inner width=&#8221;3\/4&#8243;][vc_column_text]\n<h3>Forum Agenti<\/h3>\n<p>Uno spazio dedicato alla ricerca <strong>agenti di commercio<\/strong> organizzato in collaborazione con <strong>Agent321<\/strong>, il pi\u00f9 grande Network di Siti Web per la Ricerca Agenti di Commercio in tutto il Mondo. Gli espositori di SAIE interessati ad espandere la propria rete commerciale e trovare nuovi professionisti che vogliono acquisire nuovi mandati di rappresentanza, potranno partecipare a meeting e appuntamenti per conoscere e selezionare Agenti di commercio attivi in tutta Italia.<\/p>\n<p style=\"text-align: left\"><a class=\"btn btn-lg btn-primary my-0\" href=\"https:\/\/www.saiebologna.it\/it\/ricerca-agenti-in-fiera\/\" rel=\"noopener\">Scopri di pi\u00f9\u00bb<\/a><\/p>\n[\/vc_column_text][\/vc_column_inner][\/vc_row_inner][\/vc_column][\/vc_row][vc_row equal_height=&#8221;yes&#8221; el_class=&#8221;my-1&#8243;][vc_column el_class=&#8221;py-lg-2 px-lg-5&#8243;][vc_row_inner equal_height=&#8221;yes&#8221; content_placement=&#8221;top&#8221;][vc_column_inner width=&#8221;1\/4&#8243;][vc_single_image image=&#8221;9880&#8243; img_size=&#8221;large&#8221; alignment=&#8221;center&#8221; css_animation=&#8221;fadeInLeft&#8221;][\/vc_column_inner][vc_column_inner width=&#8221;3\/4&#8243;][vc_column_text]\n<h3>Area Dimostrativa CNA &#8211; Installazione e Impianti<\/h3>\n<p>Un\u2019area dimostrativa a cura di <strong>CNA Installazione e Impianti<\/strong> dove avranno luogo\u00a0dimostrazioni e convegni legati al settore termoidraulico ed elettrico (fotovoltaico), rivolti ad installatori e manutentori,\u00a0con speciale focus su caldaie a biomassa, suberbonus, banca dati Fgas e catasti regionali.<\/p>\n<p style=\"text-align: left\"><a class=\"btn btn-lg btn-primary my-0\" href=\"https:\/\/www.saiebologna.it\/it\/area-dimostrativa-cna-installazione-e-impianti\/\" rel=\"noopener\">Scopri di pi\u00f9\u00bb<\/a><\/p>\n[\/vc_column_text][\/vc_column_inner][\/vc_row_inner][\/vc_column][\/vc_row][vc_row equal_height=&#8221;yes&#8221; el_class=&#8221;my-1 bg-gray&#8221;][vc_column el_class=&#8221;py-lg-2 px-lg-5&#8243;][vc_row_inner equal_height=&#8221;yes&#8221; content_placement=&#8221;top&#8221;][vc_column_inner width=&#8221;1\/4&#8243;][vc_single_image image=&#8221;8330&#8243; img_size=&#8221;large&#8221; alignment=&#8221;center&#8221; css_animation=&#8221;fadeInLeft&#8221;][\/vc_column_inner][vc_column_inner width=&#8221;3\/4&#8243;][vc_column_text]\n<h3>Area della Ceramica e del Laterizio<\/h3>\n<p><strong>Confindustria Ceramica<\/strong> parteciper\u00e0 con uno spazio istituzionale con l&#8217;esposizione di materiali ceramici rappresentati dai marchi <strong>Ceramics of Italy<\/strong> e<strong> Laterizio.it. <\/strong>Un&#8217;area in cui si potr\u00e0 trovare una <strong>selezione di campioni<\/strong> di piastrelle di ceramica ed alcuni <strong>mock-up<\/strong> di sistemi costruttivi in laterizio, oltre ad un <strong>punto informativo<\/strong> sui tutti i prodotti ceramici. Nei primi tre giorni di fiera l&#8217;area sar\u00e0 animata da <strong>dimostrazione di posa<\/strong> delle grandi lastre, a cura dei Maestri Piastrellisti di <strong>Assoposa.<\/strong><\/p>\n<p>Si porr\u00e0 inoltre l&#8217;accento sulle potenzialit\u00e0 del <strong>Superbonus 110% <\/strong>in edilizia: un\u2019occasione unica per tutti gli italiani che\u00a0con le nuove misure fiscali possono rifare casa, con i prodotti ceramici \u2013 laterizi, piastrelle e\u00a0sanitari \u2013 ottenendo cos\u00ec i pi\u00f9 elevati livelli di sicurezza, efficienza energetica, salubrit\u00e0 e sostenibilit\u00e0.<\/p>\n<p>Sar\u00e0 anche la prima occasione ufficiale per presentare il nuovo progetto di ricerca <strong>Life Superhero<\/strong> (SUstainability and PERformances for HEROTILE energy efficient roofs) finalizzato all\u2019efficientamento energetico delle coperture in laterizio.[\/vc_column_text][\/vc_column_inner][\/vc_row_inner][\/vc_column][\/vc_row][vc_row][vc_column][vc_empty_space][vc_separator color=&#8221;orange&#8221;][\/vc_column][\/vc_row]\n","protected":false},"excerpt":{"rendered":"<p>[vc_row equal_height=&#8221;yes&#8221; el_class=&#8221;my-1&#8243;][vc_column][vc_row_inner equal_height=&#8221;yes&#8221; content_placement=&#8221;top&#8221;][vc_column_inner el_class=&#8221;py-lg-2 px-lg-5&#8243; width=&#8221;2\/3&#8243;][vc_column_text] I luoghi dell\u2019eccellenza [\/vc_column_text][vc_column_text]Le iniziative speciali di SAIE\u00a0 valorizzano prodotti e soluzioni applicative attraverso il racconto di progetti reali, con la partecipazione di fornitori, progettisti, committenti e installatori. Si costruisce un racconto iconografico, con plastici, spaccati, prodotti e lo si inserisce in un progetto architettonico complessivo affiancato [&hellip;]<\/p>\n","protected":false},"author":12,"featured_media":5357,"parent":0,"menu_order":0,"comment_status":"closed","ping_status":"closed","template":"","meta":[],"acf":[],"aioseo_notices":[],"_links":{"self":[{"href":"https:\/\/www.saiebologna.it\/it\/wp-json\/wp\/v2\/pages\/5355"}],"collection":[{"href":"https:\/\/www.saiebologna.it\/it\/wp-json\/wp\/v2\/pages"}],"about":[{"href":"https:\/\/www.saiebologna.it\/it\/wp-json\/wp\/v2\/types\/page"}],"author":[{"embeddable":true,"href":"https:\/\/www.saiebologna.it\/it\/wp-json\/wp\/v2\/users\/12"}],"replies":[{"embeddable":true,"href":"https:\/\/www.saiebologna.it\/it\/wp-json\/wp\/v2\/comments?post=5355"}],"version-history":[{"count":3,"href":"https:\/\/www.saiebologna.it\/it\/wp-json\/wp\/v2\/pages\/5355\/revisions"}],"predecessor-version":[{"id":11821,"href":"https:\/\/www.saiebologna.it\/it\/wp-json\/wp\/v2\/pages\/5355\/revisions\/11821"}],"wp:featuredmedia":[{"embeddable":true,"href":"https:\/\/www.saiebologna.it\/it\/wp-json\/wp\/v2\/media\/5357"}],"wp:attachment":[{"href":"https:\/\/www.saiebologna.it\/it\/wp-json\/wp\/v2\/media?parent=5355"}],"curies":[{"name":"wp","href":"https:\/\/api.w.org\/{rel}","templated":true}]}}