{"id":5863,"date":"2020-01-24T16:59:41","date_gmt":"2020-01-24T16:59:41","guid":{"rendered":"https:\/\/www.saiebologna.it\/?page_id=5863"},"modified":"2026-02-02T12:12:38","modified_gmt":"2026-02-02T12:12:38","slug":"edilizia","status":"publish","type":"page","link":"https:\/\/www.saiebologna.it\/it\/edilizia\/","title":{"rendered":"Edilizia"},"content":{"rendered":"[vc_row equal_height=&#8221;yes&#8221;][vc_column][vc_row_inner equal_height=&#8221;yes&#8221; content_placement=&#8221;middle&#8221;][vc_column_inner el_class=&#8221;py-lg-2 px-lg-5 text-left&#8221; width=&#8221;1\/2&#8243;][vc_column_text]\n<h2 style=\"text-align: left;font-size: 39px\">SAIE EDILIZIA<\/h2>\n<p class=\"subtitle\" style=\"font-size: 24px;text-align: left\"><span style=\"color: #667085\"><strong>Il cantiere al centro di SAIE come elemento guida per valorizzare prodotti, soluzioni e competenze delle aziende che compongono l\u2019intera filiera delle costruzioni.<\/strong><\/span><\/p>\n[\/vc_column_text][vc_column_text]Dai materiali all\u2019impermeabilizzazione, dalla chimica per l\u2019edilizia agli isolanti, dalle tecniche costruttive pi\u00f9 avanzate alle pavimentazioni e ai rivestimenti: a SAIE, il settore <strong>Edilizia<\/strong> sar\u00e0 rappresentato da un\u2019ampia area espositiva e da momenti tecnico-formativi dedicati, pensati per supportare i professionisti nelle valutazioni pi\u00f9 innovative del comparto. Accanto a questa proposta, una serie di <strong>approfondimenti verticali<\/strong> metter\u00e0 in luce i principali trend del costruire, attraverso spazi espositivi dedicati a serramenti, calcestruzzo, infrastrutture, finiture tecniche e colore, off-site, macchine e attrezzature, sicurezza in cantiere e molto altro.<\/p>\n<p><strong>Esporre a SAIE<\/strong> rappresenta per le aziende un\u2019opportunit\u00e0 strategica per presentarsi al mercato con rinnovata energia, all\u2019interno dell\u2019appuntamento di riferimento per l\u2019intero sistema delle costruzioni.[\/vc_column_text][vc_column_text]<a class=\"btn btn-lg btn-primary\" href=\"#form\">Richiedi informazioni<\/a>[\/vc_column_text][vc_empty_space height=&#8221;60px&#8221;][\/vc_column_inner][vc_column_inner el_class=&#8221;py-lg-2 px-lg-3 bg-darker&#8221; width=&#8221;1\/2&#8243;][vc_empty_space height=&#8221;60px&#8221;][vc_column_text]\n<h4>Esporre a SAIE Edilizia significa:<\/h4>\n[\/vc_column_text][vc_column_text]<span style=\"color: #eb5b37;font-size: 34px\"><b>01 <\/b><\/span><span style=\"font-size: 20px\"><strong>Moltiplicare <\/strong>i tuoi contatti commerciali con professionisti del settore e\u00a0consolidare l\u2019immagine aziendale sul mercato<\/span>[\/vc_column_text][vc_column_text]<span style=\"color: #eb5b37;font-size: 34px\"><b>02 <\/b><\/span><span style=\"font-size: 20px\"><strong>Interagire <\/strong>con la community di SAIE composta da 311.838 operatori dell&#8217;edilizia<\/span>[\/vc_column_text][vc_column_text]<span style=\"color: #eb5b37;font-size: 34px\"><b>03 <\/b><\/span><span style=\"font-size: 20px\"><strong>Proporre <\/strong>nuove soluzioni per i professionisti del cantiere<\/span>[\/vc_column_text][vc_column_text]<span style=\"color: #eb5b37;font-size: 34px\"><b>04 <\/b><\/span><span style=\"font-size: 20px\"><strong>Raccontare <\/strong>progetti di successo attraverso iniziative speciali e attivit\u00e0 dimostrative dedicate ai trend del nuovo costruire<\/span>[\/vc_column_text][\/vc_column_inner][\/vc_row_inner][vc_row_inner][vc_column_inner][vc_empty_space height=&#8221;18px&#8221;][\/vc_column_inner][\/vc_row_inner][\/vc_column][\/vc_row][vc_row css=&#8221;.vc_custom_1762860238321{background-color: #f8b43f !important;}&#8221;][vc_column][vc_column_text css=&#8221;.vc_custom_1762860776038{margin-left: 24px !important;padding-left: 30px !important;}&#8221;]\n<h4 class=\"\"><span style=\"color: #ffffff\">I numeri di SAIE 2024<\/span><\/h4>\n[\/vc_column_text][vc_row_inner][vc_column_inner width=&#8221;1\/5&#8243; css=&#8221;.vc_custom_1762860433940{border-right-width: 1px !important;padding-top: 2px !important;padding-bottom: 2px !important;border-right-color: #ffffff !important;border-right-style: solid !important;}&#8221;][vc_column_text]\n<div class=\"big-number\" style=\"text-align: center\"><span style=\"color: #ffffff\"><strong><span style=\"font-size: 62px\">40.277<\/span><\/strong><\/span><\/div>\n<div class=\"big-number\" style=\"text-align: center\"><span style=\"color: #ffffff\"><strong><span style=\"font-size: 24px\">presenze<br \/>\nprofessionali<\/span><\/strong><\/span><\/div>\n[\/vc_column_text][\/vc_column_inner][vc_column_inner width=&#8221;1\/5&#8243; css=&#8221;.vc_custom_1762860599447{border-right-width: 1px !important;padding-top: 2px !important;padding-bottom: 2px !important;border-right-color: #ffffff !important;border-right-style: solid !important;}&#8221;][vc_column_text]\n<div class=\"big-number\" style=\"text-align: center\"><span style=\"color: #ffffff\"><strong><span style=\"font-size: 62px\">560<\/span><\/strong><\/span><\/div>\n<div class=\"big-number\" style=\"text-align: center\"><span style=\"color: #ffffff\"><strong><span style=\"font-size: 24px\">aziende<br \/>\npresenti<\/span><\/strong><\/span><\/div>\n[\/vc_column_text][\/vc_column_inner][vc_column_inner width=&#8221;1\/5&#8243; css=&#8221;.vc_custom_1762860654545{border-right-width: 1px !important;padding-top: 2px !important;padding-bottom: 2px !important;border-right-color: #ffffff !important;border-right-style: solid !important;}&#8221;][vc_column_text]\n<div class=\"big-number\" style=\"text-align: center\"><span style=\"color: #ffffff\"><strong><span style=\"font-size: 62px\">232<\/span><\/strong><\/span><\/div>\n<div class=\"big-number\" style=\"text-align: center\"><span style=\"color: #ffffff\"><strong><span style=\"font-size: 24px\">convegni<br \/>\nformativi<\/span><\/strong><\/span><\/div>\n[\/vc_column_text][\/vc_column_inner][vc_column_inner width=&#8221;1\/5&#8243; css=&#8221;.vc_custom_1762860731845{border-right-width: 1px !important;padding-top: 2px !important;padding-bottom: 2px !important;border-right-color: #ffffff !important;border-right-style: solid !important;}&#8221;][vc_column_text]\n<div class=\"big-number\" style=\"text-align: center\"><span style=\"color: #ffffff\"><strong><span style=\"font-size: 62px\">29<\/span><\/strong><\/span><\/div>\n<div class=\"big-number\" style=\"text-align: center\"><span style=\"color: #ffffff\"><strong><span style=\"font-size: 24px\">iniziative<br \/>\nspeciali<\/span><\/strong><\/span><\/div>\n[\/vc_column_text][\/vc_column_inner][vc_column_inner width=&#8221;1\/5&#8243;][vc_column_text]\n<div class=\"big-number\" style=\"text-align: center\"><span style=\"color: #ffffff\"><strong><span style=\"font-size: 62px\">48<\/span><\/strong><\/span><\/div>\n<div class=\"big-number\" style=\"text-align: center\"><span style=\"color: #ffffff\"><strong><span style=\"font-size: 24px\">associazioni<br \/>\npartner<\/span><\/strong><\/span><\/div>\n[\/vc_column_text][\/vc_column_inner][\/vc_row_inner][vc_row_inner][vc_column_inner css=&#8221;.vc_custom_1762860433940{border-right-width: 1px !important;padding-top: 2px !important;padding-bottom: 2px !important;border-right-color: #ffffff !important;border-right-style: solid !important;}&#8221;][vc_empty_space height=&#8221;12px&#8221;][\/vc_column_inner][\/vc_row_inner][\/vc_column][\/vc_row][vc_row equal_height=&#8221;yes&#8221;][vc_column][vc_row_inner equal_height=&#8221;yes&#8221; content_placement=&#8221;top&#8221;][vc_column_inner el_class=&#8221;col-img&#8221; width=&#8221;1\/2&#8243; css=&#8221;.vc_custom_1764589987832{background-image: url(\/public\/uploads\/sites\/9\/Edilizia_IMG-1.jpg?id=19149) !important;background-position: center !important;background-repeat: no-repeat !important;background-size: cover !important;}&#8221;][\/vc_column_inner][vc_column_inner el_class=&#8221;py-lg-2 px-lg-3&#8243; width=&#8221;1\/2&#8243;][vc_column_text]\n<h4>Cosa troverai a SAIE Edilizia<\/h4>\n[\/vc_column_text][vc_column_text]<span style=\"color: #339966\"><strong><span style=\"color: #eb5b37\">AREA ESPOSITIVA<br \/>\n<\/span><\/strong><\/span>che <strong>riunisce le principali aziende del comparto<\/strong>, offrendo una panoramica completa sulle pi\u00f9 recenti soluzioni, tecnologie e innovazioni del settore.[\/vc_column_text][vc_separator][vc_column_text]<span style=\"color: #339966\"><strong><span style=\"color: #eb5b37\">FORMAZIONE PROFESSIONALE<br \/>\n<\/span><\/strong><\/span>a cura dei partner di SAIE e delle aziende espositrici che hanno la <strong>possibilit\u00e0 di presentarsi al mercato<\/strong> anche attraverso <strong>interventi tecnici<\/strong> e <strong>commerciali<\/strong>.[\/vc_column_text][vc_separator][vc_column_text]<span style=\"color: #eb5b37\"><b>LE INIZIATIVE SPECIALI DELLA SCORSA EDIZIONE<br \/>\n<\/b><\/span><em>Arena e Area dimostrativa SAIE InCalcestruzzo | Forum Nazionale Massetti e Pavimenti con Conpaviper | Area espositiva e convegno SIG \u2013 Societ\u00e0 Italiana Gallerie | Piazza SAIE Serramenti | Piazza Sismica ISI | Piazza Cantiere di Restauro | Piazza Legno | Piazza Ceramica e Laterizio \u2013 Confindustria Ceramica | Ediltrophy con FORMEDIL<\/em>[\/vc_column_text][vc_column_text]<a class=\"btn btn-lg btn-primary\" href=\"#form\">Richiedi informazioni<\/a>[\/vc_column_text][\/vc_column_inner][\/vc_row_inner][vc_row_inner][vc_column_inner][vc_empty_space height=&#8221;18px&#8221;][\/vc_column_inner][\/vc_row_inner][\/vc_column][\/vc_row][vc_row equal_height=&#8221;yes&#8221;][vc_column width=&#8221;1\/2&#8243; css=&#8221;.vc_custom_1762877058545{background-color: #fcf9f5 !important;}&#8221;][vc_row_inner][vc_column_inner el_class=&#8221;py-lg-2 px-lg-3&#8243;][vc_text_separator title=&#8221;<\/p>\n<h5>I visitatori di SAIE Edilizia<\/h5>\n<p>&#8221; i_icon_fontawesome=&#8221;fas fa-users&#8221; i_color=&#8221;orange&#8221; i_background_style=&#8221;rounded-outline&#8221; i_background_color=&#8221;orange&#8221; title_align=&#8221;separator_align_left&#8221; align=&#8221;align_left&#8221; color=&#8221;custom&#8221; add_icon=&#8221;true&#8221; accent_color=&#8221;#fcf9f5&#8243;][vc_column_text]\n<h6>Imprese di costruzione | Progettisti\/Architetti\/Ingegneri\/Geometri\/Studi tecnici | Applicatori | Designer | Installatori | Posatori | Serramentisti | Responsabili Acquisti | Responsabili Commerciali e Marketing | Enti\/Manager della Pubblica Amministrazione | Rivenditori all\u2019ingrosso | Professionisti del Real Estate<\/h6>\n[\/vc_column_text][vc_separator][vc_column_text]\n<table class=\"table-fluid\">\n<tbody>\n<tr style=\"height: 50px\">\n<td style=\"width: 30%\">\n<p style=\"text-align: left\"><img decoding=\"async\" loading=\"lazy\" class=\"wp-image-19107 alignleft\" src=\"\/public\/uploads\/sites\/9\/71.gif\" alt=\"\" width=\"71\" height=\"71\" \/><\/p>\n<p style=\"text-align: left\"><span style=\"color: #eb5b37\"><strong>SCOPRIRE<br \/>\n<\/strong><\/span><span style=\"color: #eb5b37\"><strong>NOVIT\u00c0<br \/>\n<span style=\"color: #fcf9f5\">&#8230;<\/span><\/strong><\/span><\/p>\n<\/td>\n<td style=\"width: 30%\">\n<p style=\"text-align: left\"><img decoding=\"async\" loading=\"lazy\" class=\"wp-image-19100 alignleft\" src=\"\/public\/uploads\/sites\/9\/65.gif\" alt=\"\" width=\"71\" height=\"71\" \/><\/p>\n<p style=\"text-align: left\"><span style=\"color: #eb5b37\"><strong>INFORMAZIONI<br \/>\n<\/strong><\/span><span style=\"color: #eb5b37\"><strong>SU PRODOTTI E SERVIZI<\/strong><\/span><\/p>\n<\/td>\n<td style=\"width: 30%\">\n<p style=\"text-align: left\"><img decoding=\"async\" loading=\"lazy\" class=\"wp-image-19105 alignleft\" src=\"\/public\/uploads\/sites\/9\/47-1.gif\" alt=\"\" width=\"71\" height=\"71\" \/><\/p>\n<p style=\"text-align: left\"><span style=\"color: #eb5b37\"><strong>FORMAZIONE,<br \/>\n<\/strong><\/span><span style=\"color: #eb5b37\"><strong>AGGIORNAMENTO TECNICO<\/strong><\/span><\/p>\n<\/td>\n<\/tr>\n<\/tbody>\n<\/table>\n[\/vc_column_text][vc_column_text]\n<p style=\"text-align: right\"><span style=\"color: #f7b43e;font-size: 14px\"><em>*Dati relativi alla Customer Satisfaction di SAIE BOLOGNA 2024<\/em><\/span><\/p>\n[\/vc_column_text][\/vc_column_inner][\/vc_row_inner][\/vc_column][vc_column width=&#8221;1\/2&#8243; css=&#8221;.vc_custom_1762877066448{background-color: #fcf5e3 !important;}&#8221;][vc_row_inner][vc_column_inner el_class=&#8221;py-lg-2 px-lg-3&#8243;][vc_text_separator title=&#8221;<\/p>\n<h5>Prodotti in esposizione<\/h5>\n<p>&#8221; i_icon_fontawesome=&#8221;fas fa-angle-right&#8221; i_color=&#8221;orange&#8221; i_background_style=&#8221;rounded-outline&#8221; i_background_color=&#8221;orange&#8221; title_align=&#8221;separator_align_left&#8221; align=&#8221;align_left&#8221; color=&#8221;orange&#8221; add_icon=&#8221;true&#8221;][vc_column_text]\n<ul>\n<li>Materiali e tecnologie da costruzione<\/li>\n<li>Strutture e sistemi industrializzati<\/li>\n<li>Finiture e partizioni interne<\/li>\n<li>Impermeabilizzazioni, chimica per l\u2019edilizia<\/li>\n<li>Isolanti e sistemi di finitura per esterni<\/li>\n<li>Involucro esterno e serramenti<\/li>\n<li>Pavimentazioni e rivestimenti<\/li>\n<li>Consolidamento territorio<\/li>\n<li>Veicoli movimento terra e sollevamento<\/li>\n<li>Perforazione e tunneling<\/li>\n<li>Attrezzature e prodotti per il cantiere<\/li>\n<\/ul>\n[\/vc_column_text][vc_empty_space][\/vc_column_inner][\/vc_row_inner][\/vc_column][\/vc_row][vc_row equal_height=&#8221;yes&#8221; content_placement=&#8221;middle&#8221; el_class=&#8221;bg-gray&#8221;][vc_column css=&#8221;.vc_custom_1564664077693{padding-top: 0px !important;}&#8221;][vc_empty_space][vc_row_inner equal_height=&#8221;yes&#8221; content_placement=&#8221;top&#8221;][vc_column_inner el_class=&#8221;py-lg-2 px-lg-5&#8243;][vc_column_text]\n<h3 style=\"text-align: center\"><strong>La voce degli espositori:<br \/>\nl\u2019esperienza all&#8217;ultima edizione di SAIE Edilizia<\/strong><\/h3>\n[\/vc_column_text][\/vc_column_inner][\/vc_row_inner][vc_row_inner equal_height=&#8221;yes&#8221; content_placement=&#8221;top&#8221;][vc_column_inner width=&#8221;1\/3&#8243;][vc_video link=&#8221;https:\/\/youtu.be\/YHtAEWeVQ3s?si=XLBNjkmJqi4YN_bk&#8221; align=&#8221;center&#8221;][vc_column_text]\n<p style=\"text-align: center\"><strong>Paolo Girardello &#8211; Kerakoll<\/strong><\/p>\n[\/vc_column_text][\/vc_column_inner][vc_column_inner width=&#8221;1\/3&#8243;][vc_video link=&#8221;https:\/\/youtu.be\/vNb3jMAiGrE?si=8CEvC6PFQT80v9S2&#8243; align=&#8221;center&#8221;][vc_column_text]\n<p style=\"text-align: center\"><strong>Stefano Ranghieri &#8211; Mapei<\/strong><\/p>\n[\/vc_column_text][\/vc_column_inner][vc_column_inner width=&#8221;1\/3&#8243;][vc_video link=&#8221;https:\/\/youtu.be\/aMSlujERVv0?si=gvEJPRMDnLcIc3ek&#8221; align=&#8221;center&#8221;][vc_column_text]\n<p style=\"text-align: center\"><strong>Stefano Mignozzi &#8211; Isolresine<\/strong><\/p>\n[\/vc_column_text][\/vc_column_inner][\/vc_row_inner][vc_row_inner equal_height=&#8221;yes&#8221; content_placement=&#8221;top&#8221;][vc_column_inner width=&#8221;1\/3&#8243;][vc_video link=&#8221;https:\/\/youtu.be\/FdULMi0ZGRI?si=n6JajWoKN8_W-QkH&#8221; align=&#8221;center&#8221;][vc_column_text]\n<p style=\"text-align: center\"><strong>Federico Zanin &#8211; Mazzonetto<\/strong><\/p>\n[\/vc_column_text][\/vc_column_inner][vc_column_inner width=&#8221;1\/3&#8243;][vc_video link=&#8221;https:\/\/youtu.be\/0lJ6SITby0c?si=_fHYr7Wx5mwJZVpM&#8221; align=&#8221;center&#8221;][vc_column_text]\n<p style=\"text-align: center\"><strong>Antonio Radaelli &#8211; Saint Gobain Italia<\/strong><\/p>\n[\/vc_column_text][\/vc_column_inner][vc_column_inner width=&#8221;1\/3&#8243;][vc_video link=&#8221;https:\/\/youtu.be\/XJfKyYjjjVk?si=3NM6JSLXdJIVxmht&#8221; align=&#8221;center&#8221;][vc_column_text]\n<p style=\"text-align: center\"><strong>Giacomo Del Bianco &#8211; Xlam Dolomiti<\/strong><\/p>\n[\/vc_column_text][\/vc_column_inner][\/vc_row_inner][vc_empty_space height=&#8221;20px&#8221;][vc_empty_space height=&#8221;20px&#8221;][\/vc_column][\/vc_row][vc_row equal_height=&#8221;yes&#8221; content_placement=&#8221;middle&#8221;][vc_column css=&#8221;.vc_custom_1564664077693{padding-top: 0px !important;}&#8221;][vc_empty_space][vc_empty_space][vc_column_text]\n<h4 style=\"text-align: center\">Esperienze e testimonianze dagli espositori dell&#8217;ultima edizione di SAIE Edilizia<\/h4>\n[\/vc_column_text][vc_row_inner content_placement=&#8221;top&#8221;][vc_column_inner width=&#8221;1\/3&#8243;][vc_column_text]\n<p style=\"text-align: center;font-size: 14px\"><em>SAIE rappresenta per noi un appuntamento fondamentale per il mondo dell\u2019edilizia, durante il quale vengono presentate le soluzioni in grado di rispondere alle sfide attuali e future del settore delle costruzioni, per realizzare edifici sostenibili, efficienti sul piano energetico e meno inquinanti&#8230;.<\/em><\/p>\n<p style=\"text-align: center\"><span style=\"color: #f8b43f;font-size: 13px\"><a style=\"color: #f8b43f\" href=\"https:\/\/www.saiebologna.it\/it\/interviste-espositori\/bosch\/\"><strong>Leggi l&#8217;intervista \u2192<\/strong><\/a><\/span><\/p>\n<p style=\"text-align: center\"><span style=\"font-size: 12px\"><strong>Patrizia Mairano &#8211; <\/strong><\/span><span style=\"font-size: 10px\">Bosch<\/span><\/p>\n[\/vc_column_text][\/vc_column_inner][vc_column_inner width=&#8221;1\/3&#8243;][vc_column_text]\n<p style=\"text-align: center;font-size: 14px\"><em>Da sempre presenti al Saie, vogliamo continuare a presentare e condividere le nostre competenze nonch\u00e9 le nostre soluzioni innovative con professionisti e aziende che si occupano di ripristino, riqualifica e manutenzione sia nel campo dell\u2019edilizia residenziale che delle grandi opere&#8230;.<br \/>\n<\/em><\/p>\n<p style=\"text-align: center\"><span style=\"color: #f8b43f;font-size: 13px\"><a style=\"color: #f8b43f\" href=\"https:\/\/www.saiebologna.it\/it\/interviste-espositori\/fibre-net\/\"><strong>Leggi l&#8217;intervista \u2192<\/strong><\/a><\/span><\/p>\n<p style=\"text-align: center\"><span style=\"font-size: 12px\"><strong>Andrea Zampa &#8211; <\/strong><\/span><span style=\"font-size: 10px\">Fibre Net SpA<\/span><\/p>\n[\/vc_column_text][\/vc_column_inner][vc_column_inner width=&#8221;1\/3&#8243;][vc_column_text]\n<p style=\"text-align: center;font-size: 14px\"><em>Partecipare al SAIE significa aprirsi a continui confronti e proposte sull\u2019edilizia sostenibile e sull\u2019efficientamento energetico&#8230;<br \/>\n<\/em><\/p>\n<p style=\"text-align: center\"><span style=\"color: #f8b43f;font-size: 13px\"><a style=\"color: #f8b43f\" href=\"https:\/\/www.saiebologna.it\/it\/interviste-espositori\/isolkappa\/\"><strong>Leggi l&#8217;intervista \u2192<\/strong><\/a><\/span><\/p>\n<p style=\"text-align: center\"><span style=\"font-size: 12px\"><strong>Giuseppe Rinaldi &#8211; <\/strong><\/span><span style=\"font-size: 10px\">Isolkappa<\/span><\/p>\n[\/vc_column_text][\/vc_column_inner][\/vc_row_inner][vc_row_inner content_placement=&#8221;top&#8221;][vc_column_inner width=&#8221;1\/3&#8243;][vc_column_text]\n<p style=\"text-align: center;font-size: 14px\"><em>Poliespanso festeggia il prossimo anno il 40\u00b0 anniversario di fondazione dell\u2019azienda, che \u00e8 stata capace di anticipare di oltre vent\u2019anni le tendenze costruttive pi\u00f9 all\u2019avanguardia. La ricerca di tecnologie avanzate ha portato ad offrire soluzioni destinate a migliorare gli edifici contenendo i costi&#8230;<\/em><\/p>\n<p style=\"text-align: center\"><span style=\"color: #f8b43f;font-size: 13px\"><a style=\"color: #f8b43f\" href=\"https:\/\/www.saiebologna.it\/it\/interviste-espositori\/poliespanso\/\"><strong>Leggi l&#8217;intervista \u2192<\/strong><\/a><\/span><\/p>\n<p style=\"text-align: center\"><span style=\"font-size: 12px\"><strong>Alberto Zacch\u00e8 &#8211; <\/strong><\/span><span style=\"font-size: 10px\">Poliespanso<\/span><\/p>\n[\/vc_column_text][\/vc_column_inner][vc_column_inner width=&#8221;1\/3&#8243;][vc_column_text]\n<p style=\"text-align: center;font-size: 14px\"><em>Sistem Costruzioni partecipa con grande entusiasmo a SAIE Bologna. Abbiamo scelto di essere presenti perch\u00e9 riteniamo che questa fiera rappresenti un\u2019opportunit\u00e0 unica per connetterci con altri professionisti del settore, scoprire le ultime innovazioni e tendenze nel campo delle costruzioni e presentare le nostre soluzioni all\u2019avanguardia&#8230;<\/em><\/p>\n<p style=\"text-align: center\"><span style=\"color: #f8b43f;font-size: 13px\"><a style=\"color: #f8b43f\" href=\"https:\/\/www.saiebologna.it\/it\/interviste-espositori\/sistem-costruzioni\/\"><strong>Leggi l&#8217;intervista \u2192<\/strong><\/a><\/span><\/p>\n<p style=\"text-align: center\"><span style=\"font-size: 10px\">Sistem Costruzioni<\/span><\/p>\n[\/vc_column_text][\/vc_column_inner][vc_column_inner width=&#8221;1\/3&#8243;][vc_column_text]\n<p style=\"text-align: center;font-size: 14px\"><em>Dal 2023, Tecfi ha ripreso con entusiasmo la partecipazione agli eventi fieristici in Italia, e il SAIE \u00e8 diventato per noi un appuntamento irrinunciabile nel settore edile. Questo evento rappresenta molto di pi\u00f9 di una semplice fiera: \u00e8 il cuore pulsante del settore&#8230;<\/em><\/p>\n<p style=\"text-align: center\"><span style=\"color: #f8b43f;font-size: 13px\"><a style=\"color: #f8b43f\" href=\"https:\/\/www.saiebologna.it\/it\/interviste-espositori\/tecfi\/\"><strong>Leggi l&#8217;intervista \u2192<\/strong><\/a><\/span><\/p>\n<p style=\"text-align: center\"><span style=\"font-size: 10px\">Tecfi<\/span><\/p>\n[\/vc_column_text][\/vc_column_inner][\/vc_row_inner][\/vc_column][\/vc_row][vc_row][vc_column][vc_column_text][\/vc_column_text][vc_row_inner][vc_column_inner][vc_column_text]\n<p style=\"text-align: center\"><a class=\"btn btn-lg btn-primary\" href=\"#form\">Richiedi informazioni<\/a><\/p>\n[\/vc_column_text][\/vc_column_inner][\/vc_row_inner][\/vc_column][\/vc_row][vc_row][vc_column][vc_empty_space height=&#8221;60px&#8221;][\/vc_column][\/vc_row][vc_row][vc_column width=&#8221;1\/6&#8243;][\/vc_column][vc_column width=&#8221;2\/3&#8243;][vc_row_inner css=&#8221;.vc_custom_1762982339018{background-color: #fcf9f5 !important;}&#8221;][vc_column_inner css=&#8221;.vc_custom_1762982313381{background-color: #fcf9f5 !important;}&#8221;][vc_column_text el_id=&#8221;form&#8221;]\n<h3 style=\"text-align: center\">Partecipa a SAIE 2026 come espositore nel settore Edilizia!<\/h3>\n<p style=\"text-align: center\">Compila il form per ottenere tutte le informazioni necessarie per esporre in fiera.<\/p>\n<p style=\"text-align: center\"><form method=\"post\" enctype=\"multipart\/form-data\" id=\"vfbp-form-1\" onSubmit=\"dataLayer.push({'event':'form_submission','user_type':jQuery('[name=vfb-field-30]:checked').val()});\" class=\"vfbp-form\"><div style=\"display:none;\"><label for=\"vfbp-EMAIL-AN8fuQyoDLXem\">If you are human, leave this field blank.<\/label><input size=\"25\" autocomplete=\"off\" type=\"text\" name=\"vfbp-EMAIL-AN8fuQyoDLXem\" value=\"\" id=\"\"><\/div><input type=\"hidden\" name=\"_vfb-timestamp-1\" value=\"1777494729\" id=\"\"><input type=\"hidden\" name=\"_vfb-form-id\" value=\"1\" id=\"\"><div class=\"vfb-col-6 vfb-fieldType-text\" id=\"vfbField1\"><div class=\"vfb-form-group\"><label for=\"vfb-field-1\" class=\"vfb-control-label\">Ragione sociale <span class=\"vfb-required-asterisk\">*<\/span><\/label><div><input id=\"vfb-field-1\" class=\"vfb-form-control\" placeholder=\"\" required=\"required\" type=\"text\" name=\"vfb-field-1\" value=\"\"><\/div><\/div><\/div><div class=\"vfb-col-6 vfb-fieldType-text\" id=\"vfbField2\"><div class=\"vfb-form-group\"><label for=\"vfb-field-2\" class=\"vfb-control-label\">Nome <span class=\"vfb-required-asterisk\">*<\/span><\/label><div><input id=\"vfb-field-2\" class=\"vfb-form-control\" placeholder=\"\" required=\"required\" type=\"text\" name=\"vfb-field-2\" value=\"\"><\/div><\/div><\/div><div class=\"vfb-clearfix\"><\/div><div class=\"vfb-col-6 vfb-fieldType-text\" id=\"vfbField3\"><div class=\"vfb-form-group\"><label for=\"vfb-field-3\" class=\"vfb-control-label\">Cognome <span class=\"vfb-required-asterisk\">*<\/span><\/label><div><input id=\"vfb-field-3\" class=\"vfb-form-control\" placeholder=\"\" required=\"required\" type=\"text\" name=\"vfb-field-3\" value=\"\"><\/div><\/div><\/div><div class=\"vfb-col-6 vfb-fieldType-text\" id=\"vfbField4\"><div class=\"vfb-form-group\"><label for=\"vfb-field-4\" class=\"vfb-control-label\">Telefono <span class=\"vfb-required-asterisk\">*<\/span><\/label><div><input id=\"vfb-field-4\" class=\"vfb-form-control\" placeholder=\"\" required=\"required\" type=\"text\" name=\"vfb-field-4\" value=\"\"><\/div><\/div><\/div><div class=\"vfb-clearfix\"><\/div><div class=\"vfb-col-6 vfb-fieldType-email\" id=\"vfbField5\"><div class=\"vfb-form-group\"><label for=\"vfb-field-5\" class=\"vfb-control-label\">Email <span class=\"vfb-required-asterisk\">*<\/span><\/label><div><input id=\"vfb-field-5\" class=\"vfb-form-control\" placeholder=\"\" required=\"required\" type=\"email\" name=\"vfb-field-5\" value=\"\"><\/div><\/div><\/div><div class=\"vfb-col-6 vfb-fieldType-url\" id=\"vfbField6\"><div class=\"vfb-form-group\"><label for=\"vfb-field-6\" class=\"vfb-control-label\">Sito web<\/label><div><input id=\"vfb-field-6\" class=\"vfb-form-control\" placeholder=\"\" type=\"url\" name=\"vfb-field-6\" value=\"\"><\/div><\/div><\/div><div class=\"vfb-clearfix\"><\/div><div class=\"vfb-col-6 vfb-fieldType-select\" id=\"vfbField7\"><label for=\"vfb-field-7\" class=\"vfb-control-label\">Aree tematiche di interesse<\/label><div><div class=\"vfb-form-group\"><select id=\"vfb-field-7\" class=\"vfb-form-control\" placeholder=\"\" name=\"vfb-field-7\"><option value=\"\" selected=\"selected\"><\/option><option value=\"Progettazione e Digitalizzazione\">Progettazione e Digitalizzazione<\/option><option value=\"Edilizia\">Edilizia<\/option><option value=\"Impianti\">Impianti<\/option><option value=\"Servizi e media\">Servizi e media<\/option><\/select><\/div><\/div><\/div><div class=\"vfb-col-6 vfb-fieldType-radio\" id=\"vfbField30\"><label for=\"vfb-field-30\" class=\"vfb-control-label\">Interessato a: <span class=\"vfb-required-asterisk\">*<\/span><\/label><div><div class=\"vfb-inline-group\"><div class=\"vfb-radio\"><label><input id=\"vfb-field-30-0\" class=\"\" placeholder=\"\" required=\"required\" type=\"radio\" name=\"vfb-field-30\" value=\"ESPORRE\">ESPORRE<\/label><\/div><div class=\"vfb-radio\"><label><input id=\"vfb-field-30-1\" class=\"\" placeholder=\"\" required=\"required\" type=\"radio\" name=\"vfb-field-30\" value=\"VISITARE\">VISITARE<\/label><\/div><\/div><\/div><\/div><div class=\"vfb-clearfix\"><\/div><div class=\"vfb-col-12 vfb-fieldType-textarea\" id=\"vfbField9\"><div class=\"vfb-form-group\"><label for=\"vfb-field-9\" class=\"vfb-control-label\">Messaggio<\/label><div><textarea id=\"vfb-field-9\" class=\"vfb-form-control\" placeholder=\"\" rows=\"10\" name=\"vfb-field-9\" cols=\"50\"><\/textarea><\/div><\/div><\/div><div class=\"vfb-clearfix\"><\/div><div class=\"vfb-col-12 vfb-fieldType-checkbox\" id=\"vfbField10\"><label for=\"vfb-field-10\" class=\"vfb-control-label\">Informativa sulla privacy <span class=\"vfb-required-asterisk\">*<\/span><\/label><div><div class=\"vfb-checkbox\"><label><input id=\"vfb-field-10-0\" class=\"\" placeholder=\"\" data-vfb-multiple=\"vfb-field-10\" required=\"required\" type=\"checkbox\" name=\"vfb-field-10[0]\" value=\"1\">Dichiaro di aver letto l'<a href=\"https:\/\/www.saiebologna.it\/it\/privacy\/\" target=\"_blank\">informativa sulla privacy<\/a><\/label><\/div><span class=\"vfb-help-block\">Nota informativa art.13 del Regolamento Europeo sulla Protezione dei Dati n. 2016\/679 \u2013 GDPR. Il Vostro nominativo, indirizzo e-mail, indirizzo postale e Ragione Sociale sono utilizzati per l'invio dei messaggi di questo servizio. Il Titolare del trattamento dei dati \u00e8: SENAF srl via Eritrea n. 21\/A - 20157 Milano \u2013 Gruppo Tecniche Nuove. Siete stati contattati perch\u00e9 i Vostri dati sono presenti su banche dati pubbliche e del Gruppo Tecniche Nuove in cui vi \u00e8 anche SENAF srl. I vostri dati saranno trattati manualmente ed elettronicamente. I dati potranno essere comunicati a societ\u00e0 da noi incaricate e potranno essere utilizzati per fini statistici e azioni informative commerciali, mediante invio di mail, telefonate o contatti su canali social. La base giuridica del trattamento \u00e8 il consenso rilasciato in fase di registrazione al Gruppo Tecniche Nuove ed il periodo di conservazione \u00e8 definito sulla del criterio della richiesta di cancellazione. E' Vostro diritto richiedere la modifica o la cancellazione, secondo gli articoli da 15 a 22 del GDPR, dei Vostri dati in nostro possesso mediante una richiesta Senaf srl via Eritrea 21\/A \u2013 20157 Milano o e-mail: privacy@senaf.it. Per maggiori informazioni sull\u2019utilizzo dei dati visita la pagina: http:\/\/www.senaf.it\/it\/privacy\/.<\/span><\/div><\/div><div class=\"vfb-clearfix\"><\/div><div class=\"vfb-col-12 vfb-fieldType-captcha\" id=\"vfbField68\"><div class=\"vfb-form-group\"><label for=\"vfb-field-68\" class=\"vfb-control-label\">Captcha <span class=\"vfb-required-asterisk\">*<\/span><\/label><div><div class=\"g-recaptcha\" data-sitekey=\"6LdBghgpAAAAACE_aozVsRHi4beZukLEp3D3KaIQ\"><\/div><input type=\"hidden\" name=\"_vfb_recaptcha_enabled\" value=\"1\" id=\"\"><div class=\"vfb-has-error\" id=\"vfb-recaptcha-error\"><span class=\"vfb-help-block\">reCAPTCHA is required.<\/span><\/div><\/div><\/div><\/div><div class=\"vfb-clearfix\"><\/div><div class=\"vfb-col-12 vfb-fieldType-submit\" id=\"vfbField11\"><button id=\"vfb-field-11\" class=\" btn btn-primary\" placeholder=\"\" type=\"submit\" name=\"_vfb-submit\">Invia la richiesta<\/button><\/div><div class=\"vfb-clearfix\"><\/div><div class=\"vfb-col-12 vfb-fieldType-text\" id=\"vfbField37\"><div class=\"vfb-form-group\"><label for=\"vfb-field-37\" class=\"vfb-control-label\"><\/label><div><input id=\"vfb-field-37\" class=\"vfb-form-control utm_source hidden\" placeholder=\"\" type=\"text\" name=\"vfb-field-37\" value=\"\"><\/div><\/div><\/div><div class=\"vfb-clearfix\"><\/div><div class=\"vfb-col-12 vfb-fieldType-text\" id=\"vfbField38\"><div class=\"vfb-form-group\"><label for=\"vfb-field-38\" class=\"vfb-control-label\"><\/label><div><input id=\"vfb-field-38\" class=\"vfb-form-control utm_medium hidden\" placeholder=\"\" type=\"text\" name=\"vfb-field-38\" value=\"\"><\/div><\/div><\/div><div class=\"vfb-clearfix\"><\/div><div class=\"vfb-col-12 vfb-fieldType-text\" id=\"vfbField39\"><div class=\"vfb-form-group\"><label for=\"vfb-field-39\" class=\"vfb-control-label\"><\/label><div><input id=\"vfb-field-39\" class=\"vfb-form-control utm_campaign hidden\" placeholder=\"\" type=\"text\" name=\"vfb-field-39\" value=\"\"><\/div><\/div><\/div><div class=\"vfb-clearfix\"><\/div><div class=\"vfb-col-12 vfb-fieldType-text\" id=\"vfbField40\"><div class=\"vfb-form-group\"><label for=\"vfb-field-40\" class=\"vfb-control-label\"><\/label><div><input id=\"vfb-field-40\" class=\"vfb-form-control utm_term hidden\" placeholder=\"\" type=\"text\" name=\"vfb-field-40\" value=\"\"><\/div><\/div><\/div><div class=\"vfb-clearfix\"><\/div><\/form>\n[\/vc_column_text][\/vc_column_inner][\/vc_row_inner][\/vc_column][vc_column width=&#8221;1\/6&#8243;][\/vc_column][\/vc_row][vc_column_inner width=&#8221;1\/5&#8243;][vc_column_text][\/vc_column_text][\/vc_column_inner]\n","protected":false},"excerpt":{"rendered":"<p>[vc_row equal_height=&#8221;yes&#8221;][vc_column][vc_row_inner equal_height=&#8221;yes&#8221; content_placement=&#8221;middle&#8221;][vc_column_inner el_class=&#8221;py-lg-2 px-lg-5 text-left&#8221; width=&#8221;1\/2&#8243;][vc_column_text] SAIE EDILIZIA Il cantiere al centro di SAIE come elemento guida per valorizzare prodotti, soluzioni e competenze delle aziende che compongono l\u2019intera filiera delle costruzioni. [\/vc_column_text][vc_column_text]Dai materiali all\u2019impermeabilizzazione, dalla chimica per l\u2019edilizia agli isolanti, dalle tecniche costruttive pi\u00f9 avanzate alle pavimentazioni e ai rivestimenti: a SAIE, il [&hellip;]<\/p>\n","protected":false},"author":12,"featured_media":18766,"parent":0,"menu_order":0,"comment_status":"closed","ping_status":"closed","template":"","meta":[],"acf":[],"aioseo_notices":[],"_links":{"self":[{"href":"https:\/\/www.saiebologna.it\/it\/wp-json\/wp\/v2\/pages\/5863"}],"collection":[{"href":"https:\/\/www.saiebologna.it\/it\/wp-json\/wp\/v2\/pages"}],"about":[{"href":"https:\/\/www.saiebologna.it\/it\/wp-json\/wp\/v2\/types\/page"}],"author":[{"embeddable":true,"href":"https:\/\/www.saiebologna.it\/it\/wp-json\/wp\/v2\/users\/12"}],"replies":[{"embeddable":true,"href":"https:\/\/www.saiebologna.it\/it\/wp-json\/wp\/v2\/comments?post=5863"}],"version-history":[{"count":4,"href":"https:\/\/www.saiebologna.it\/it\/wp-json\/wp\/v2\/pages\/5863\/revisions"}],"predecessor-version":[{"id":28840,"href":"https:\/\/www.saiebologna.it\/it\/wp-json\/wp\/v2\/pages\/5863\/revisions\/28840"}],"wp:featuredmedia":[{"embeddable":true,"href":"https:\/\/www.saiebologna.it\/it\/wp-json\/wp\/v2\/media\/18766"}],"wp:attachment":[{"href":"https:\/\/www.saiebologna.it\/it\/wp-json\/wp\/v2\/media?parent=5863"}],"curies":[{"name":"wp","href":"https:\/\/api.w.org\/{rel}","templated":true}]}}